{"id":221,"date":"2024-01-28T19:50:09","date_gmt":"2024-01-28T18:50:09","guid":{"rendered":"https:\/\/szekacs.lutheran.hu\/ovoda\/?page_id=221"},"modified":"2024-03-05T23:25:32","modified_gmt":"2024-03-05T22:25:32","slug":"targyi-kornyezetunk","status":"publish","type":"page","link":"https:\/\/szekacs.lutheran.hu\/ovoda\/?page_id=221","title":{"rendered":"T\u00e1rgyi k\u00f6rnyezet\u00fcnk"},"content":{"rendered":"<p>[et_pb_section fb_built=&#8221;1&#8243; _builder_version=&#8221;4.24.0&#8243; _module_preset=&#8221;default&#8221; background_color=&#8221;#fffaad&#8221; background_image=&#8221;https:\/\/szekacs.lutheran.hu\/ovoda\/wp-content\/uploads\/2024\/02\/088-scaled.jpg&#8221; custom_padding=&#8221;100px|0px|100px|0px|true|true&#8221; top_divider_style=&#8221;wave2&#8243; top_divider_color=&#8221;#DF946A&#8221; top_divider_height=&#8221;140px&#8221; top_divider_repeat=&#8221;1x&#8221; bottom_divider_style=&#8221;wave2&#8243; bottom_divider_color=&#8221;#DF946A&#8221; bottom_divider_flip=&#8221;horizontal&#8221; hover_enabled=&#8221;0&#8243; global_colors_info=&#8221;{}&#8221; background_last_edited=&#8221;on|phone&#8221; sticky_enabled=&#8221;0&#8243; background_enable_image_phone=&#8221;off&#8221; use_background_color_gradient_phone=&#8221;off&#8221;][et_pb_row _builder_version=&#8221;4.24.0&#8243; _module_preset=&#8221;default&#8221; background_color=&#8221;rgba(255,255,255,0.88)&#8221; custom_margin=&#8221;0px||||false|false&#8221; hover_enabled=&#8221;0&#8243; border_radii=&#8221;on|10px|10px|10px|10px&#8221; global_colors_info=&#8221;{}&#8221; background_last_edited=&#8221;on|phone&#8221; sticky_enabled=&#8221;0&#8243; background_color_gradient_stops_phone=&#8221;#ffffff 0%|rgba(255,250,173,0.79) 99%&#8221; use_background_color_gradient_phone=&#8221;on&#8221;][et_pb_column type=&#8221;4_4&#8243; _builder_version=&#8221;4.24.0&#8243; _module_preset=&#8221;default&#8221; global_colors_info=&#8221;{}&#8221;][et_pb_text _builder_version=&#8221;4.24.0&#8243; _module_preset=&#8221;default&#8221; header_2_font=&#8221;Amatic SC|700|||||||&#8221; header_2_text_align=&#8221;center&#8221; header_2_text_color=&#8221;#7C1800&#8243; header_2_font_size=&#8221;28px&#8221; header_2_line_height_tablet=&#8221;&#8221; header_2_line_height_phone=&#8221;1.4em&#8221; header_2_line_height_last_edited=&#8221;on|phone&#8221; global_colors_info=&#8221;{}&#8221;]<\/p>\n<h2><img loading=\"lazy\" decoding=\"async\" src=\"https:\/\/szekacs.lutheran.hu\/ovoda\/wp-content\/uploads\/2024\/02\/Ovi-logo-2024-hatter-nelkul-45x40-1.png\" width=\"45\" height=\"40\" alt=\"\" class=\"wp-image-390 alignnone size-full\" \/>\u00a0 \u00d3VODA\u00c9P\u00dcLET\u00dcNK \u00c9S J\u00c1TSZ\u00d3UDVARUNK<\/h2>\n<p>[\/et_pb_text][et_pb_text _builder_version=&#8221;4.24.0&#8243; _module_preset=&#8221;default&#8221; text_font=&#8221;Mulish||||||||&#8221; text_text_color=&#8221;#7C1800&#8243; text_font_size=&#8221;17px&#8221; text_line_height=&#8221;1.8em&#8221; custom_padding=&#8221;7px|80px|40px|80px|false|true&#8221; custom_padding_tablet=&#8221;7px|80px|40px|80px|false|true&#8221; custom_padding_phone=&#8221;7px|20px|40px|20px|false|true&#8221; custom_padding_last_edited=&#8221;on|phone&#8221; border_radii=&#8221;on|10px|10px|10px|10px&#8221; global_colors_info=&#8221;{}&#8221;]<\/p>\n<p style=\"text-align: center;\"><strong><em>\u201eHa az \u00dar nem \u00e9p\u00edti a h\u00e1zat, hi\u00e1ba f\u00e1radoznak az \u00e9p\u00edt\u0151k.\u201d (Zsolt 127,1)<\/em><\/strong><\/p>\n<p><strong><\/strong><\/p>\n<p>Az 1978-ban \u00e1tadott \u00f3voda\u00e9p\u00fclet \u00e9s a hozz\u00e1 tartoz\u00f3 j\u00e1tsz\u00f3udvar folyamatos karbantart\u00e1s\u00e1ra, korszer\u0171s\u00edt\u00e9s\u00e9re mindig is nagy hangs\u00falyt fektett\u00fcnk. \u00d3vodai k\u00f6rnyezet\u00fcnk t\u00f6bbsz\u00f6r \u00e1talakult, meg\u00fajult az \u00e9vek sor\u00e1n. Az elm\u00falt \u00e9vtized legnagyobb fejleszt\u00e9sei:<\/p>\n<p>2013-ban ker\u00fclt sor <strong>k\u00fcls\u0151 ny\u00edl\u00e1sz\u00e1r\u00f3k cser\u00e9j\u00e9re<\/strong>.<\/p>\n<p>2019-ben<strong> k\u00fcls\u0151 szigetel\u00e9st \u00e9s nemesvakolatot<\/strong> kapott az \u00e9p\u00fclet.<\/p>\n<p>2020-ban <strong>27 \u00faj szabadt\u00e9ri j\u00e1t\u00e9kelem<\/strong> ker\u00fclt telep\u00edt\u00e9sre az \u00f3voda t\u00e1gas, f\u00fcves-f\u00e1s udvar\u00e1n. H\u00e1rom darab nagym\u00e9ret\u0171 k\u00e9ttorny\u00fa cs\u00faszd\u00e1s m\u00e1sz\u00f3v\u00e1r, t\u00f6bb m\u00e1sz\u00f3ka, leng\u0151hint\u00e1k, m\u00e9rleghint\u00e1k, rug\u00f3s billen\u0151j\u00e1t\u00e9kok, homokoz\u00f3k \u00e9s egy\u00e9b j\u00e1t\u00e9keszk\u00f6z\u00f6k var\u00e1zsolj\u00e1k a v\u00e1rosban egyed\u00fcl\u00e1ll\u00f3 j\u00e1tsz\u00f3t\u00e9rr\u00e9 a hatalmas z\u00f6ld kertet.<\/p>\n<p>A 2022-23-as \u00e9vben p\u00e1ly\u00e1zat \u00fatj\u00e1n nyert uni\u00f3s forr\u00e1sb\u00f3l sz\u00e1rmaz\u00f3 \u00e1llami t\u00e1mogat\u00e1snak, valamint a Magyarorsz\u00e1gi Evang\u00e9likus Egyh\u00e1z t\u00e1mogat\u00e1s\u00e1nak k\u00f6sz\u00f6nhet\u0151en<strong> jelent\u0151sen b\u0151v\u00fclt \u00e9s csod\u00e1latosan meg\u00fajult az \u00f3voda \u00e9p\u00fclete<\/strong>. A b\u0151v\u00edt\u00e9s sor\u00e1n tornaterem, t\u00f6bb k\u00fcl\u00f6nfoglalkoztat\u00f3 helyis\u00e9g, nevel\u0151i szoba ker\u00fclt kialak\u00edt\u00e1sra. A megl\u00e9v\u0151 \u00e9p\u00fcletr\u00e9szben a fontos energetikai fejleszt\u00e9sek mellett meg\u00fajult \u00e9s korszer\u0171s\u00f6d\u00f6tt az eg\u00e9sz \u00e9p\u00fcletbels\u0151. A gyermek\u00edzl\u00e9snek tetsz\u0151, vid\u00e1m, sz\u00ednes bels\u0151 terek, eszt\u00e9tikus \u00e9s csal\u00e1dias k\u00f6rnyezet szolg\u00e1lj\u00e1k a gyermekek komfort\u00e9rzet\u00e9t. A t\u00e9li id\u0151szakban modern s\u00f3szoba seg\u00edti \u00f3vod\u00e1saink eg\u00e9szs\u00e9g\u00e9nek meg\u0151rz\u00e9s\u00e9t.<\/p>\n<p>A minden ig\u00e9nyt kiel\u00e9g\u00edt\u0151 t\u00e1rgyi k\u00f6rnyezet a sz\u00ednvonalas nevel\u0151munka megval\u00f3s\u00edt\u00e1s\u00e1t t\u00e1mogatja.<\/p>\n<p>[\/et_pb_text][\/et_pb_column][\/et_pb_row][\/et_pb_section]<\/p>\n","protected":false},"excerpt":{"rendered":"<p>\u00a0 \u00d3VODA\u00c9P\u00dcLET\u00dcNK \u00c9S J\u00c1TSZ\u00d3UDVARUNK\u201eHa az \u00dar nem \u00e9p\u00edti a h\u00e1zat, hi\u00e1ba f\u00e1radoznak az \u00e9p\u00edt\u0151k.\u201d (Zsolt 127,1) Az 1978-ban \u00e1tadott \u00f3voda\u00e9p\u00fclet \u00e9s a hozz\u00e1 tartoz\u00f3 j\u00e1tsz\u00f3udvar folyamatos karbantart\u00e1s\u00e1ra, korszer\u0171s\u00edt\u00e9s\u00e9re mindig is nagy hangs\u00falyt fektett\u00fcnk. \u00d3vodai k\u00f6rnyezet\u00fcnk t\u00f6bbsz\u00f6r \u00e1talakult, meg\u00fajult az \u00e9vek sor\u00e1n. Az elm\u00falt \u00e9vtized legnagyobb fejleszt\u00e9sei: 2013-ban ker\u00fclt sor k\u00fcls\u0151 ny\u00edl\u00e1sz\u00e1r\u00f3k cser\u00e9j\u00e9re. 2019-ben k\u00fcls\u0151 szigetel\u00e9st [&hellip;]<\/p>\n","protected":false},"author":1,"featured_media":0,"parent":0,"menu_order":0,"comment_status":"closed","ping_status":"closed","template":"","meta":{"_et_pb_use_builder":"on","_et_pb_old_content":"","_et_gb_content_width":"","footnotes":""},"class_list":["post-221","page","type-page","status-publish","hentry"],"yoast_head":"<!-- This site is optimized with the Yoast SEO plugin v27.5 - https:\/\/yoast.com\/product\/yoast-seo-wordpress\/ -->\n<title>T\u00e1rgyi k\u00f6rnyezet\u00fcnk - Hajnal \u00d3voda - Sz\u00e9k\u00e1cs J\u00f3zsef Evang\u00e9likus \u00d3voda, \u00c1ltal\u00e1nos Iskola \u00e9s Gimn\u00e1zium<\/title>\n<meta name=\"robots\" content=\"index, follow, max-snippet:-1, max-image-preview:large, max-video-preview:-1\" \/>\n<link rel=\"canonical\" href=\"https:\/\/szekacs.lutheran.hu\/ovoda\/?page_id=221\" \/>\n<meta property=\"og:locale\" content=\"hu_HU\" \/>\n<meta property=\"og:type\" content=\"article\" \/>\n<meta property=\"og:title\" content=\"T\u00e1rgyi k\u00f6rnyezet\u00fcnk - Hajnal \u00d3voda - Sz\u00e9k\u00e1cs J\u00f3zsef Evang\u00e9likus \u00d3voda, \u00c1ltal\u00e1nos Iskola \u00e9s Gimn\u00e1zium\" \/>\n<meta property=\"og:description\" content=\"\u00a0 \u00d3VODA\u00c9P\u00dcLET\u00dcNK \u00c9S J\u00c1TSZ\u00d3UDVARUNK\u201eHa az \u00dar nem \u00e9p\u00edti a h\u00e1zat, hi\u00e1ba f\u00e1radoznak az \u00e9p\u00edt\u0151k.\u201d (Zsolt 127,1) Az 1978-ban \u00e1tadott \u00f3voda\u00e9p\u00fclet \u00e9s a hozz\u00e1 tartoz\u00f3 j\u00e1tsz\u00f3udvar folyamatos karbantart\u00e1s\u00e1ra, korszer\u0171s\u00edt\u00e9s\u00e9re mindig is nagy hangs\u00falyt fektett\u00fcnk. \u00d3vodai k\u00f6rnyezet\u00fcnk t\u00f6bbsz\u00f6r \u00e1talakult, meg\u00fajult az \u00e9vek sor\u00e1n. Az elm\u00falt \u00e9vtized legnagyobb fejleszt\u00e9sei: 2013-ban ker\u00fclt sor k\u00fcls\u0151 ny\u00edl\u00e1sz\u00e1r\u00f3k cser\u00e9j\u00e9re. 2019-ben k\u00fcls\u0151 szigetel\u00e9st [&hellip;]\" \/>\n<meta property=\"og:url\" content=\"https:\/\/szekacs.lutheran.hu\/ovoda\/?page_id=221\" \/>\n<meta property=\"og:site_name\" content=\"Hajnal \u00d3voda - Sz\u00e9k\u00e1cs J\u00f3zsef Evang\u00e9likus \u00d3voda, \u00c1ltal\u00e1nos Iskola \u00e9s Gimn\u00e1zium\" \/>\n<meta property=\"article:publisher\" content=\"https:\/\/www.facebook.com\/hajnal.ovoda.oroshaza\" \/>\n<meta property=\"article:modified_time\" content=\"2024-03-05T22:25:32+00:00\" \/>\n<meta property=\"og:image\" content=\"https:\/\/szekacs.lutheran.hu\/ovoda\/wp-content\/uploads\/2024\/02\/Ovi-logo-2024-hatter-nelkul-45x40-1.png\" \/>\n<meta name=\"twitter:card\" content=\"summary_large_image\" \/>\n<meta name=\"twitter:label1\" content=\"Becs\u00fclt olvas\u00e1si id\u0151\" \/>\n\t<meta name=\"twitter:data1\" content=\"2 perc\" \/>\n<script type=\"application\/ld+json\" class=\"yoast-schema-graph\">{\"@context\":\"https:\\\/\\\/schema.org\",\"@graph\":[{\"@type\":\"WebPage\",\"@id\":\"https:\\\/\\\/szekacs.lutheran.hu\\\/ovoda\\\/?page_id=221\",\"url\":\"https:\\\/\\\/szekacs.lutheran.hu\\\/ovoda\\\/?page_id=221\",\"name\":\"T\u00e1rgyi k\u00f6rnyezet\u00fcnk - Hajnal \u00d3voda - Sz\u00e9k\u00e1cs J\u00f3zsef Evang\u00e9likus \u00d3voda, \u00c1ltal\u00e1nos Iskola \u00e9s Gimn\u00e1zium\",\"isPartOf\":{\"@id\":\"https:\\\/\\\/szekacs.lutheran.hu\\\/ovoda\\\/#website\"},\"primaryImageOfPage\":{\"@id\":\"https:\\\/\\\/szekacs.lutheran.hu\\\/ovoda\\\/?page_id=221#primaryimage\"},\"image\":{\"@id\":\"https:\\\/\\\/szekacs.lutheran.hu\\\/ovoda\\\/?page_id=221#primaryimage\"},\"thumbnailUrl\":\"https:\\\/\\\/szekacs.lutheran.hu\\\/ovoda\\\/wp-content\\\/uploads\\\/2024\\\/02\\\/Ovi-logo-2024-hatter-nelkul-45x40-1.png\",\"datePublished\":\"2024-01-28T18:50:09+00:00\",\"dateModified\":\"2024-03-05T22:25:32+00:00\",\"breadcrumb\":{\"@id\":\"https:\\\/\\\/szekacs.lutheran.hu\\\/ovoda\\\/?page_id=221#breadcrumb\"},\"inLanguage\":\"hu\",\"potentialAction\":[{\"@type\":\"ReadAction\",\"target\":[\"https:\\\/\\\/szekacs.lutheran.hu\\\/ovoda\\\/?page_id=221\"]}]},{\"@type\":\"ImageObject\",\"inLanguage\":\"hu\",\"@id\":\"https:\\\/\\\/szekacs.lutheran.hu\\\/ovoda\\\/?page_id=221#primaryimage\",\"url\":\"https:\\\/\\\/szekacs.lutheran.hu\\\/ovoda\\\/wp-content\\\/uploads\\\/2024\\\/02\\\/Ovi-logo-2024-hatter-nelkul-45x40-1.png\",\"contentUrl\":\"https:\\\/\\\/szekacs.lutheran.hu\\\/ovoda\\\/wp-content\\\/uploads\\\/2024\\\/02\\\/Ovi-logo-2024-hatter-nelkul-45x40-1.png\",\"width\":45,\"height\":40},{\"@type\":\"BreadcrumbList\",\"@id\":\"https:\\\/\\\/szekacs.lutheran.hu\\\/ovoda\\\/?page_id=221#breadcrumb\",\"itemListElement\":[{\"@type\":\"ListItem\",\"position\":1,\"name\":\"Kezd\u0151lap\",\"item\":\"https:\\\/\\\/szekacs.lutheran.hu\\\/ovoda\\\/\"},{\"@type\":\"ListItem\",\"position\":2,\"name\":\"T\u00e1rgyi k\u00f6rnyezet\u00fcnk\"}]},{\"@type\":\"WebSite\",\"@id\":\"https:\\\/\\\/szekacs.lutheran.hu\\\/ovoda\\\/#website\",\"url\":\"https:\\\/\\\/szekacs.lutheran.hu\\\/ovoda\\\/\",\"name\":\"Hajnal \u00d3voda - Sz\u00e9k\u00e1cs J\u00f3zsef Evang\u00e9likus \u00d3voda, \u00c1ltal\u00e1nos Iskola \u00e9s Gimn\u00e1zium\",\"description\":\"\",\"publisher\":{\"@id\":\"https:\\\/\\\/szekacs.lutheran.hu\\\/ovoda\\\/#organization\"},\"potentialAction\":[{\"@type\":\"SearchAction\",\"target\":{\"@type\":\"EntryPoint\",\"urlTemplate\":\"https:\\\/\\\/szekacs.lutheran.hu\\\/ovoda\\\/?s={search_term_string}\"},\"query-input\":{\"@type\":\"PropertyValueSpecification\",\"valueRequired\":true,\"valueName\":\"search_term_string\"}}],\"inLanguage\":\"hu\"},{\"@type\":\"Organization\",\"@id\":\"https:\\\/\\\/szekacs.lutheran.hu\\\/ovoda\\\/#organization\",\"name\":\"Hajnal \u00d3voda - Sz\u00e9k\u00e1cs J\u00f3zsef Evang\u00e9likus \u00d3voda, \u00c1ltal\u00e1nos Iskola \u00e9s Gimn\u00e1zium\",\"url\":\"https:\\\/\\\/szekacs.lutheran.hu\\\/ovoda\\\/\",\"logo\":{\"@type\":\"ImageObject\",\"inLanguage\":\"hu\",\"@id\":\"https:\\\/\\\/szekacs.lutheran.hu\\\/ovoda\\\/#\\\/schema\\\/logo\\\/image\\\/\",\"url\":\"https:\\\/\\\/szekacs.lutheran.hu\\\/ovoda\\\/wp-content\\\/uploads\\\/2024\\\/01\\\/Emblema.jpg\",\"contentUrl\":\"https:\\\/\\\/szekacs.lutheran.hu\\\/ovoda\\\/wp-content\\\/uploads\\\/2024\\\/01\\\/Emblema.jpg\",\"width\":2366,\"height\":2084,\"caption\":\"Hajnal \u00d3voda - Sz\u00e9k\u00e1cs J\u00f3zsef Evang\u00e9likus \u00d3voda, \u00c1ltal\u00e1nos Iskola \u00e9s Gimn\u00e1zium\"},\"image\":{\"@id\":\"https:\\\/\\\/szekacs.lutheran.hu\\\/ovoda\\\/#\\\/schema\\\/logo\\\/image\\\/\"},\"sameAs\":[\"https:\\\/\\\/www.facebook.com\\\/hajnal.ovoda.oroshaza\"]}]}<\/script>\n<!-- \/ Yoast SEO plugin. -->","yoast_head_json":{"title":"T\u00e1rgyi k\u00f6rnyezet\u00fcnk - Hajnal \u00d3voda - Sz\u00e9k\u00e1cs J\u00f3zsef Evang\u00e9likus \u00d3voda, \u00c1ltal\u00e1nos Iskola \u00e9s Gimn\u00e1zium","robots":{"index":"index","follow":"follow","max-snippet":"max-snippet:-1","max-image-preview":"max-image-preview:large","max-video-preview":"max-video-preview:-1"},"canonical":"https:\/\/szekacs.lutheran.hu\/ovoda\/?page_id=221","og_locale":"hu_HU","og_type":"article","og_title":"T\u00e1rgyi k\u00f6rnyezet\u00fcnk - Hajnal \u00d3voda - Sz\u00e9k\u00e1cs J\u00f3zsef Evang\u00e9likus \u00d3voda, \u00c1ltal\u00e1nos Iskola \u00e9s Gimn\u00e1zium","og_description":"\u00a0 \u00d3VODA\u00c9P\u00dcLET\u00dcNK \u00c9S J\u00c1TSZ\u00d3UDVARUNK\u201eHa az \u00dar nem \u00e9p\u00edti a h\u00e1zat, hi\u00e1ba f\u00e1radoznak az \u00e9p\u00edt\u0151k.\u201d (Zsolt 127,1) Az 1978-ban \u00e1tadott \u00f3voda\u00e9p\u00fclet \u00e9s a hozz\u00e1 tartoz\u00f3 j\u00e1tsz\u00f3udvar folyamatos karbantart\u00e1s\u00e1ra, korszer\u0171s\u00edt\u00e9s\u00e9re mindig is nagy hangs\u00falyt fektett\u00fcnk. \u00d3vodai k\u00f6rnyezet\u00fcnk t\u00f6bbsz\u00f6r \u00e1talakult, meg\u00fajult az \u00e9vek sor\u00e1n. Az elm\u00falt \u00e9vtized legnagyobb fejleszt\u00e9sei: 2013-ban ker\u00fclt sor k\u00fcls\u0151 ny\u00edl\u00e1sz\u00e1r\u00f3k cser\u00e9j\u00e9re. 2019-ben k\u00fcls\u0151 szigetel\u00e9st [&hellip;]","og_url":"https:\/\/szekacs.lutheran.hu\/ovoda\/?page_id=221","og_site_name":"Hajnal \u00d3voda - Sz\u00e9k\u00e1cs J\u00f3zsef Evang\u00e9likus \u00d3voda, \u00c1ltal\u00e1nos Iskola \u00e9s Gimn\u00e1zium","article_publisher":"https:\/\/www.facebook.com\/hajnal.ovoda.oroshaza","article_modified_time":"2024-03-05T22:25:32+00:00","og_image":[{"url":"https:\/\/szekacs.lutheran.hu\/ovoda\/wp-content\/uploads\/2024\/02\/Ovi-logo-2024-hatter-nelkul-45x40-1.png","type":"","width":"","height":""}],"twitter_card":"summary_large_image","twitter_misc":{"Becs\u00fclt olvas\u00e1si id\u0151":"2 perc"},"schema":{"@context":"https:\/\/schema.org","@graph":[{"@type":"WebPage","@id":"https:\/\/szekacs.lutheran.hu\/ovoda\/?page_id=221","url":"https:\/\/szekacs.lutheran.hu\/ovoda\/?page_id=221","name":"T\u00e1rgyi k\u00f6rnyezet\u00fcnk - Hajnal \u00d3voda - Sz\u00e9k\u00e1cs J\u00f3zsef Evang\u00e9likus \u00d3voda, \u00c1ltal\u00e1nos Iskola \u00e9s Gimn\u00e1zium","isPartOf":{"@id":"https:\/\/szekacs.lutheran.hu\/ovoda\/#website"},"primaryImageOfPage":{"@id":"https:\/\/szekacs.lutheran.hu\/ovoda\/?page_id=221#primaryimage"},"image":{"@id":"https:\/\/szekacs.lutheran.hu\/ovoda\/?page_id=221#primaryimage"},"thumbnailUrl":"https:\/\/szekacs.lutheran.hu\/ovoda\/wp-content\/uploads\/2024\/02\/Ovi-logo-2024-hatter-nelkul-45x40-1.png","datePublished":"2024-01-28T18:50:09+00:00","dateModified":"2024-03-05T22:25:32+00:00","breadcrumb":{"@id":"https:\/\/szekacs.lutheran.hu\/ovoda\/?page_id=221#breadcrumb"},"inLanguage":"hu","potentialAction":[{"@type":"ReadAction","target":["https:\/\/szekacs.lutheran.hu\/ovoda\/?page_id=221"]}]},{"@type":"ImageObject","inLanguage":"hu","@id":"https:\/\/szekacs.lutheran.hu\/ovoda\/?page_id=221#primaryimage","url":"https:\/\/szekacs.lutheran.hu\/ovoda\/wp-content\/uploads\/2024\/02\/Ovi-logo-2024-hatter-nelkul-45x40-1.png","contentUrl":"https:\/\/szekacs.lutheran.hu\/ovoda\/wp-content\/uploads\/2024\/02\/Ovi-logo-2024-hatter-nelkul-45x40-1.png","width":45,"height":40},{"@type":"BreadcrumbList","@id":"https:\/\/szekacs.lutheran.hu\/ovoda\/?page_id=221#breadcrumb","itemListElement":[{"@type":"ListItem","position":1,"name":"Kezd\u0151lap","item":"https:\/\/szekacs.lutheran.hu\/ovoda\/"},{"@type":"ListItem","position":2,"name":"T\u00e1rgyi k\u00f6rnyezet\u00fcnk"}]},{"@type":"WebSite","@id":"https:\/\/szekacs.lutheran.hu\/ovoda\/#website","url":"https:\/\/szekacs.lutheran.hu\/ovoda\/","name":"Hajnal \u00d3voda - Sz\u00e9k\u00e1cs J\u00f3zsef Evang\u00e9likus \u00d3voda, \u00c1ltal\u00e1nos Iskola \u00e9s Gimn\u00e1zium","description":"","publisher":{"@id":"https:\/\/szekacs.lutheran.hu\/ovoda\/#organization"},"potentialAction":[{"@type":"SearchAction","target":{"@type":"EntryPoint","urlTemplate":"https:\/\/szekacs.lutheran.hu\/ovoda\/?s={search_term_string}"},"query-input":{"@type":"PropertyValueSpecification","valueRequired":true,"valueName":"search_term_string"}}],"inLanguage":"hu"},{"@type":"Organization","@id":"https:\/\/szekacs.lutheran.hu\/ovoda\/#organization","name":"Hajnal \u00d3voda - Sz\u00e9k\u00e1cs J\u00f3zsef Evang\u00e9likus \u00d3voda, \u00c1ltal\u00e1nos Iskola \u00e9s Gimn\u00e1zium","url":"https:\/\/szekacs.lutheran.hu\/ovoda\/","logo":{"@type":"ImageObject","inLanguage":"hu","@id":"https:\/\/szekacs.lutheran.hu\/ovoda\/#\/schema\/logo\/image\/","url":"https:\/\/szekacs.lutheran.hu\/ovoda\/wp-content\/uploads\/2024\/01\/Emblema.jpg","contentUrl":"https:\/\/szekacs.lutheran.hu\/ovoda\/wp-content\/uploads\/2024\/01\/Emblema.jpg","width":2366,"height":2084,"caption":"Hajnal \u00d3voda - Sz\u00e9k\u00e1cs J\u00f3zsef Evang\u00e9likus \u00d3voda, \u00c1ltal\u00e1nos Iskola \u00e9s Gimn\u00e1zium"},"image":{"@id":"https:\/\/szekacs.lutheran.hu\/ovoda\/#\/schema\/logo\/image\/"},"sameAs":["https:\/\/www.facebook.com\/hajnal.ovoda.oroshaza"]}]}},"_links":{"self":[{"href":"https:\/\/szekacs.lutheran.hu\/ovoda\/index.php?rest_route=\/wp\/v2\/pages\/221","targetHints":{"allow":["GET"]}}],"collection":[{"href":"https:\/\/szekacs.lutheran.hu\/ovoda\/index.php?rest_route=\/wp\/v2\/pages"}],"about":[{"href":"https:\/\/szekacs.lutheran.hu\/ovoda\/index.php?rest_route=\/wp\/v2\/types\/page"}],"author":[{"embeddable":true,"href":"https:\/\/szekacs.lutheran.hu\/ovoda\/index.php?rest_route=\/wp\/v2\/users\/1"}],"replies":[{"embeddable":true,"href":"https:\/\/szekacs.lutheran.hu\/ovoda\/index.php?rest_route=%2Fwp%2Fv2%2Fcomments&post=221"}],"version-history":[{"count":10,"href":"https:\/\/szekacs.lutheran.hu\/ovoda\/index.php?rest_route=\/wp\/v2\/pages\/221\/revisions"}],"predecessor-version":[{"id":1401,"href":"https:\/\/szekacs.lutheran.hu\/ovoda\/index.php?rest_route=\/wp\/v2\/pages\/221\/revisions\/1401"}],"wp:attachment":[{"href":"https:\/\/szekacs.lutheran.hu\/ovoda\/index.php?rest_route=%2Fwp%2Fv2%2Fmedia&parent=221"}],"curies":[{"name":"wp","href":"https:\/\/api.w.org\/{rel}","templated":true}]}}