{"id":27968,"date":"2023-02-08T12:12:46","date_gmt":"2023-02-08T12:12:46","guid":{"rendered":"https:\/\/szekacs.lutheran.hu\/iskola\/?page_id=27968"},"modified":"2023-02-08T12:17:23","modified_gmt":"2023-02-08T12:17:23","slug":"leendo-diakjainknak-minden-ami-fontos-lehet-ha-gimnaziumba-hozzank-keszulsz","status":"publish","type":"page","link":"https:\/\/szekacs.lutheran.hu\/iskola\/leendo-diakjainknak-minden-ami-fontos-lehet-ha-gimnaziumba-hozzank-keszulsz\/","title":{"rendered":"Leend\u0151 di\u00e1kjainknak &#8211; Minden, ami fontos lehet, ha gimn\u00e1ziumba hozz\u00e1nk k\u00e9sz\u00fclsz"},"content":{"rendered":"<div id=\"cmsmasters_row_\" class=\"cmsmasters_row cmsmasters_color_scheme_default cmsmasters_row_top_default cmsmasters_row_bot_default cmsmasters_row_boxed\">\n<div class=\"cmsmasters_row_outer_parent\">\n<div class=\"cmsmasters_row_outer\">\n<div class=\"cmsmasters_row_inner\">\n<div class=\"cmsmasters_row_margin\">\n<div id=\"cmsmasters_column_\" class=\"cmsmasters_column one_first\">\n<div class=\"cmsmasters_column_inner\"><div class=\"cmsmasters_text\">\n<p>&nbsp;<\/p>\n<\/div>\n<\/div><\/div>\n<\/div>\n<\/div>\n<\/div>\n<\/div>\n<\/div>\n<div id=\"cmsmasters_row_o23efqcw1m\" class=\"cmsmasters_row cmsmasters_color_scheme_default cmsmasters_row_top_default cmsmasters_row_bot_default cmsmasters_row_boxed\">\n<div class=\"cmsmasters_row_outer_parent\">\n<div class=\"cmsmasters_row_outer\">\n<div class=\"cmsmasters_row_inner\">\n<div class=\"cmsmasters_row_margin\">\n<div id=\"cmsmasters_column_ypr5nr992\" class=\"cmsmasters_column one_first\">\n<div class=\"cmsmasters_column_inner\"><div id=\"cmsmasters_heading_qmdh3bean9\" class=\"cmsmasters_heading_wrap cmsmasters_heading_align_center\">\n\t<h2 class=\"cmsmasters_heading\">Leend\u0151 di\u00e1kjainknak &#8211; Minden, ami fontos lehet, ha gimn\u00e1ziumba hozz\u00e1nk k\u00e9sz\u00fclsz<\/h2>\n<\/div><div class=\"aligncenter\"><div class=\"cmsmasters_img  cmsmasters_image_c\"><img decoding=\"async\" src=\"https:\/\/szekacs.lutheran.hu\/iskola\/wp-content\/uploads\/2015\/04\/67F3F4728A7E1EE0D41B5F00BF650076E67E200CC98451EF9Epimgpsh_fullsize_distr.png\" alt=\"Picture\" \/><\/div><\/div>\n<\/div><\/div>\n<\/div>\n<\/div>\n<\/div>\n<\/div>\n<\/div>\n<div id=\"cmsmasters_row_\" class=\"cmsmasters_row cmsmasters_color_scheme_default cmsmasters_row_top_default cmsmasters_row_bot_default cmsmasters_row_boxed\">\n<div class=\"cmsmasters_row_outer_parent\">\n<div class=\"cmsmasters_row_outer\">\n<div class=\"cmsmasters_row_inner\">\n<div class=\"cmsmasters_row_margin\">\n<div id=\"cmsmasters_column_\" class=\"cmsmasters_column one_first\">\n<div class=\"cmsmasters_column_inner\"><div class=\"cmsmasters_text\">\n<p>&nbsp;<\/p>\n<\/div>\n<\/div><\/div>\n<\/div>\n<\/div>\n<\/div>\n<\/div>\n<\/div>\n<div id=\"cmsmasters_row_np40fn1svq\" class=\"cmsmasters_row cmsmasters_color_scheme_default cmsmasters_row_top_default cmsmasters_row_bot_default cmsmasters_row_boxed\">\n<div class=\"cmsmasters_row_outer_parent\">\n<div class=\"cmsmasters_row_outer\">\n<div class=\"cmsmasters_row_inner\">\n<div class=\"cmsmasters_row_margin\">\n<div id=\"cmsmasters_column_es1jqfiwl6\" class=\"cmsmasters_column one_first\">\n<div class=\"cmsmasters_column_inner\"><div id=\"blog_9p9yuncw2n\" class=\"cmsmasters_wrap_blog entry-summary\" data-layout=\"columns\" data-layout-mode=\"masonry\" data-url=\"https:\/\/szekacs.lutheran.hu\/iskola\/wp-content\/plugins\/cmsmasters-content-composer\/\" data-orderby=\"date\" data-order=\"DESC\" data-count=\"3\" data-categories=\"leendo-gimnazistaknak\" data-metadata=\"date,categories\" data-pagination=\"pagination\"><div class=\"blog columns masonry cmsmasters_3\"><!-- Start Post Masonry Article -->\r\n<article id=\"post-33752\" class=\"cmsmasters_post_masonry post-33752 post type-post status-publish format-standard has-post-thumbnail hentry category-aktualis category-iskolai-elet category-leendo-diakjainknak category-leendo-gimnazistaknak\" data-category=\"aktualis iskolai-elet leendo-diakjainknak leendo-gimnazistaknak\">\r\n\t<div class=\"cmsmasters_post_cont\">\r\n\t\t<div class=\"cmsmasters_img_date\"><figure class=\"cmsmasters_img_wrap\"><a href=\"https:\/\/szekacs.lutheran.hu\/iskola\/ideiglenes-felveteli-jegyzek-2026\/\" title=\"Ideiglenes felv\u00e9teli jegyz\u00e9k 2026.\" class=\"cmsmasters_img_link preloader\"><img loading=\"lazy\" decoding=\"async\" width=\"580\" height=\"366\" src=\"https:\/\/szekacs.lutheran.hu\/iskola\/wp-content\/uploads\/2021\/03\/Ideiglenes-felv\u00e9teli-jegyz\u00e9k-1-580x366.png\" class=\"full-width wp-post-image\" alt=\"Ideiglenes felv\u00e9teli jegyz\u00e9k 2026.\" title=\"Ideiglenes felv\u00e9teli jegyz\u00e9k\" \/><\/a><\/figure><div class=\"cmsmasters_post_cont_info entry-meta\"><span class=\"cmsmasters_post_date\"><abbr class=\"published\" title=\"2026.03.10.\">2026.03.10.<\/abbr><abbr class=\"dn date updated\" title=\"2026.03.10.\">2026.03.10.<\/abbr><\/span><\/div><\/div><span class=\"cmsmasters_post_category\"><a href=\"https:\/\/szekacs.lutheran.hu\/iskola\/category\/aktualis\/\" class=\"cmsmasters_cat_color cmsmasters_cat_42\" rel=\"category tag\">Aktu\u00e1lis<\/a> \/ <a href=\"https:\/\/szekacs.lutheran.hu\/iskola\/category\/iskolai-elet\/\" class=\"cmsmasters_cat_color cmsmasters_cat_43\" rel=\"category tag\">Iskolai \u00e9let<\/a> \/ <a href=\"https:\/\/szekacs.lutheran.hu\/iskola\/category\/leendo-diakjainknak\/\" class=\"cmsmasters_cat_color cmsmasters_cat_44\" rel=\"category tag\">Leend\u0151 di\u00e1kjainknak<\/a> \/ <a href=\"https:\/\/szekacs.lutheran.hu\/iskola\/category\/leendo-gimnazistaknak\/\" class=\"cmsmasters_cat_color cmsmasters_cat_57\" rel=\"category tag\">Leend\u0151 gimnazist\u00e1knak<\/a><\/span><header class=\"cmsmasters_post_header entry-header\"><h2 class=\"cmsmasters_post_title entry-title\"><a href=\"https:\/\/szekacs.lutheran.hu\/iskola\/ideiglenes-felveteli-jegyzek-2026\/\">Ideiglenes felv\u00e9teli jegyz\u00e9k 2026.<\/a><\/h2><\/header><div class=\"cmsmasters_post_content entry-content\">\n<p>A Sz\u00e9k\u00e1cs J\u00f3zsef Evang\u00e9likus \u00d3voda, \u00c1ltal\u00e1nos Iskola \u00e9s Gimn\u00e1zium ez\u00faton nyilv\u00e1noss\u00e1gra hozza ideiglenes felv\u00e9teli jegyz\u00e9k\u00e9t. A jegyz\u00e9kben a hozz\u00e1nk jelentkezett...<\/p>\n<\/div>\n\t<\/div>\r\n<\/article>\r\n<!-- Finish Post Masonry Article -->\r\n\r\n<!-- Start Post Masonry Article -->\r\n<article id=\"post-33087\" class=\"cmsmasters_post_masonry post-33087 post type-post status-publish format-standard has-post-thumbnail hentry category-aktualis category-iskolai-elet category-leendo-diakjainknak category-leendo-gimnazistaknak\" data-category=\"aktualis iskolai-elet leendo-diakjainknak leendo-gimnazistaknak\">\r\n\t<div class=\"cmsmasters_post_cont\">\r\n\t\t<div class=\"cmsmasters_img_date\"><figure class=\"cmsmasters_img_wrap\"><a href=\"https:\/\/szekacs.lutheran.hu\/iskola\/nyilt-nap-2025\/\" title=\"Ny\u00edlt nap a Sz\u00e9k\u00e1cs gimn\u00e1ziumban\" class=\"cmsmasters_img_link preloader\"><img loading=\"lazy\" decoding=\"async\" width=\"580\" height=\"366\" src=\"https:\/\/szekacs.lutheran.hu\/iskola\/wp-content\/uploads\/2025\/10\/nyilt-nap-2025-580x366.jpg\" class=\"full-width wp-post-image\" alt=\"Sz\u00e9k\u00e1cs ny\u00edlt nap 2025-11-21\" title=\"ny\u00edlt nap 2025\" \/><\/a><\/figure><div class=\"cmsmasters_post_cont_info entry-meta\"><span class=\"cmsmasters_post_date\"><abbr class=\"published\" title=\"2025.10.21.\">2025.10.21.<\/abbr><abbr class=\"dn date updated\" title=\"2025.10.21.\">2025.10.21.<\/abbr><\/span><\/div><\/div><span class=\"cmsmasters_post_category\"><a href=\"https:\/\/szekacs.lutheran.hu\/iskola\/category\/aktualis\/\" class=\"cmsmasters_cat_color cmsmasters_cat_42\" rel=\"category tag\">Aktu\u00e1lis<\/a> \/ <a href=\"https:\/\/szekacs.lutheran.hu\/iskola\/category\/iskolai-elet\/\" class=\"cmsmasters_cat_color cmsmasters_cat_43\" rel=\"category tag\">Iskolai \u00e9let<\/a> \/ <a href=\"https:\/\/szekacs.lutheran.hu\/iskola\/category\/leendo-diakjainknak\/\" class=\"cmsmasters_cat_color cmsmasters_cat_44\" rel=\"category tag\">Leend\u0151 di\u00e1kjainknak<\/a> \/ <a href=\"https:\/\/szekacs.lutheran.hu\/iskola\/category\/leendo-gimnazistaknak\/\" class=\"cmsmasters_cat_color cmsmasters_cat_57\" rel=\"category tag\">Leend\u0151 gimnazist\u00e1knak<\/a><\/span><header class=\"cmsmasters_post_header entry-header\"><h2 class=\"cmsmasters_post_title entry-title\"><a href=\"https:\/\/szekacs.lutheran.hu\/iskola\/nyilt-nap-2025\/\">Ny\u00edlt nap a Sz\u00e9k\u00e1cs gimn\u00e1ziumban<\/a><\/h2><\/header><div class=\"cmsmasters_post_content entry-content\">\n<p>Ebben a tan\u00e9vben is szeretettel v\u00e1rjuk azokat a 7.-8. oszt\u00e1lyosokat \u00e9s sz\u00fcleiket iskol\u00e1nkba, akik k\u00edv\u00e1ncsiak arra, hogy milyen lehet\u0151s\u00e9gekkel v\u00e1rja...<\/p>\n<\/div>\n\t<\/div>\r\n<\/article>\r\n<!-- Finish Post Masonry Article -->\r\n\r\n<!-- Start Post Masonry Article -->\r\n<article id=\"post-32229\" class=\"cmsmasters_post_masonry post-32229 post type-post status-publish format-standard has-post-thumbnail hentry category-aktualis category-iskolai-elet category-leendo-diakjainknak category-leendo-gimnazistaknak\" data-category=\"aktualis iskolai-elet leendo-diakjainknak leendo-gimnazistaknak\">\r\n\t<div class=\"cmsmasters_post_cont\">\r\n\t\t<div class=\"cmsmasters_img_date\"><figure class=\"cmsmasters_img_wrap\"><a href=\"https:\/\/szekacs.lutheran.hu\/iskola\/potfelveteli-2025\/\" title=\"Rendk\u00edv\u00fcli felv\u00e9teli elj\u00e1r\u00e1s meghirdet\u00e9se\" class=\"cmsmasters_img_link preloader\"><img loading=\"lazy\" decoding=\"async\" width=\"580\" height=\"366\" src=\"https:\/\/szekacs.lutheran.hu\/iskola\/wp-content\/uploads\/2025\/04\/p\u00f3tfelv\u00e9teli-580x366.jpg\" class=\"full-width wp-post-image\" alt=\"Rendk\u00edv\u00fcli felv\u00e9teli elj\u00e1r\u00e1s meghirdet\u00e9se\" title=\"p\u00f3tfelv\u00e9teli\" \/><\/a><\/figure><div class=\"cmsmasters_post_cont_info entry-meta\"><span class=\"cmsmasters_post_date\"><abbr class=\"published\" title=\"2025.04.30.\">2025.04.30.<\/abbr><abbr class=\"dn date updated\" title=\"2025.05.29.\">2025.05.29.<\/abbr><\/span><\/div><\/div><span class=\"cmsmasters_post_category\"><a href=\"https:\/\/szekacs.lutheran.hu\/iskola\/category\/aktualis\/\" class=\"cmsmasters_cat_color cmsmasters_cat_42\" rel=\"category tag\">Aktu\u00e1lis<\/a> \/ <a href=\"https:\/\/szekacs.lutheran.hu\/iskola\/category\/iskolai-elet\/\" class=\"cmsmasters_cat_color cmsmasters_cat_43\" rel=\"category tag\">Iskolai \u00e9let<\/a> \/ <a href=\"https:\/\/szekacs.lutheran.hu\/iskola\/category\/leendo-diakjainknak\/\" class=\"cmsmasters_cat_color cmsmasters_cat_44\" rel=\"category tag\">Leend\u0151 di\u00e1kjainknak<\/a> \/ <a href=\"https:\/\/szekacs.lutheran.hu\/iskola\/category\/leendo-gimnazistaknak\/\" class=\"cmsmasters_cat_color cmsmasters_cat_57\" rel=\"category tag\">Leend\u0151 gimnazist\u00e1knak<\/a><\/span><header class=\"cmsmasters_post_header entry-header\"><h2 class=\"cmsmasters_post_title entry-title\"><a href=\"https:\/\/szekacs.lutheran.hu\/iskola\/potfelveteli-2025\/\">Rendk\u00edv\u00fcli felv\u00e9teli elj\u00e1r\u00e1s meghirdet\u00e9se<\/a><\/h2><\/header><div class=\"cmsmasters_post_content entry-content\">\n<p>A rendk\u00edv\u00fcli felv\u00e9teli elj\u00e1r\u00e1s els\u0151 szakasza lez\u00e1rult. K\u00e9rj\u00fck, hogy tov\u00e1bbi \u00e9rdekl\u0151d\u00e9s eset\u00e9n telefonon h\u00edvjanak benn\u00fcnket munkaid\u0151ben a 68-411-771 telefonsz\u00e1mon! A...<\/p>\n<\/div>\n\t<\/div>\r\n<\/article>\r\n<!-- Finish Post Masonry Article -->\r\n\r\n<\/div><div class=\"cmsmasters_wrap_more_posts cmsmasters_wrap_more_items\"><div class=\"cmsmasters_wrap_pagination\"><ul class='page-numbers'>\n\t<li><span aria-current=\"page\" class=\"page-numbers current\">1<\/span><\/li>\n\t<li><a class=\"page-numbers\" href=\"\/iskola\/wp-json\/wp\/v2\/pages\/27968?cmsmasters-9p9yuncw2n-page=2\">2<\/a><\/li>\n\t<li><span class=\"page-numbers dots\">&hellip;<\/span><\/li>\n\t<li><a class=\"page-numbers\" href=\"\/iskola\/wp-json\/wp\/v2\/pages\/27968?cmsmasters-9p9yuncw2n-page=6\">6<\/a><\/li>\n\t<li><a class=\"next page-numbers\" href=\"\/iskola\/wp-json\/wp\/v2\/pages\/27968?cmsmasters-9p9yuncw2n-page=2\"><span class=\"cmsmasters_theme_icon_pagination_next\"><span>Next<\/span><\/span><\/a><\/li>\n<\/ul>\n<\/div><\/div><\/div>\n<\/div><\/div>\n<\/div>\n<\/div>\n<\/div>\n<\/div>\n<\/div>\n<div id=\"cmsmasters_row_\" class=\"cmsmasters_row cmsmasters_color_scheme_default cmsmasters_row_top_default cmsmasters_row_bot_default cmsmasters_row_boxed\">\n<div class=\"cmsmasters_row_outer_parent\">\n<div class=\"cmsmasters_row_outer\">\n<div class=\"cmsmasters_row_inner\">\n<div class=\"cmsmasters_row_margin\">\n<div id=\"cmsmasters_column_\" class=\"cmsmasters_column one_first\">\n<div class=\"cmsmasters_column_inner\"><div class=\"cmsmasters_text\">\n<p>&nbsp;<\/p>\n<\/div>\n<\/div><\/div>\n<\/div>\n<\/div>\n<\/div>\n<\/div>\n<\/div>\n<div id=\"cmsmasters_row_flx6q8urdg\" class=\"cmsmasters_row cmsmasters_color_scheme_default cmsmasters_row_top_default cmsmasters_row_bot_default cmsmasters_row_boxed\">\n<div class=\"cmsmasters_row_outer_parent\">\n<div class=\"cmsmasters_row_outer\">\n<div class=\"cmsmasters_row_inner\">\n<div class=\"cmsmasters_row_margin\">\n<div id=\"cmsmasters_column_ouneg8u8i\" class=\"cmsmasters_column one_half\">\n<div class=\"cmsmasters_column_inner\"><div id=\"cmsmasters_heading_zjxzu9dej9\" class=\"cmsmasters_heading_wrap cmsmasters_heading_align_center\">\n\t<h3 class=\"cmsmasters_heading\">Tekintse meg iskol\u00e1nk mindennapjait<\/h3>\n<\/div>\n<\/div><\/div>\n<div id=\"cmsmasters_column_octsko7pq\" class=\"cmsmasters_column one_half cmsmasters_btn_call\">\n<div class=\"cmsmasters_column_inner\"><div id=\"cmsmasters_button_pxg004ld1\" class=\"button_wrap\"><a href=\"https:\/\/szekacs.lutheran.hu\/iskola\/galeria\" class=\"cmsmasters_button\" target=\"_blank\"><span>Megn\u00e9zem<\/span><\/a><\/div>\n<\/div><\/div>\n<\/div>\n<\/div>\n<\/div>\n<\/div>\n<\/div>\n\n","protected":false},"excerpt":{"rendered":"","protected":false},"author":3,"featured_media":0,"parent":0,"menu_order":0,"comment_status":"closed","ping_status":"closed","template":"","meta":{"footnotes":""},"class_list":["post-27968","page","type-page","status-publish","hentry"],"yoast_head":"<!-- This site is optimized with the Yoast SEO plugin v26.2 - https:\/\/yoast.com\/wordpress\/plugins\/seo\/ -->\n<title>Leend\u0151 di\u00e1kjainknak - Minden, ami fontos lehet, ha gimn\u00e1ziumba hozz\u00e1nk k\u00e9sz\u00fclsz - Sz\u00e9k\u00e1cs J\u00f3zsef Evang\u00e9likus \u00d3voda, \u00c1ltal\u00e1nos Iskola \u00e9s Gimn\u00e1zium<\/title>\n<meta name=\"robots\" content=\"index, follow, max-snippet:-1, max-image-preview:large, max-video-preview:-1\" \/>\n<link rel=\"canonical\" href=\"https:\/\/szekacs.lutheran.hu\/iskola\/leendo-diakjainknak-minden-ami-fontos-lehet-ha-gimnaziumba-hozzank-keszulsz\/\" \/>\n<meta property=\"og:locale\" content=\"hu_HU\" \/>\n<meta property=\"og:type\" content=\"article\" \/>\n<meta property=\"og:title\" content=\"Leend\u0151 di\u00e1kjainknak - Minden, ami fontos lehet, ha gimn\u00e1ziumba hozz\u00e1nk k\u00e9sz\u00fclsz - Sz\u00e9k\u00e1cs J\u00f3zsef Evang\u00e9likus \u00d3voda, \u00c1ltal\u00e1nos Iskola \u00e9s Gimn\u00e1zium\" \/>\n<meta property=\"og:url\" content=\"https:\/\/szekacs.lutheran.hu\/iskola\/leendo-diakjainknak-minden-ami-fontos-lehet-ha-gimnaziumba-hozzank-keszulsz\/\" \/>\n<meta property=\"og:site_name\" content=\"Sz\u00e9k\u00e1cs J\u00f3zsef Evang\u00e9likus \u00d3voda, \u00c1ltal\u00e1nos Iskola \u00e9s Gimn\u00e1zium\" \/>\n<meta property=\"article:modified_time\" content=\"2023-02-08T12:17:23+00:00\" \/>\n<meta name=\"twitter:card\" content=\"summary_large_image\" \/>\n<meta name=\"twitter:label1\" content=\"Becs\u00fclt olvas\u00e1si id\u0151\" \/>\n\t<meta name=\"twitter:data1\" content=\"3 perc\" \/>\n<script type=\"application\/ld+json\" class=\"yoast-schema-graph\">{\"@context\":\"https:\/\/schema.org\",\"@graph\":[{\"@type\":\"WebPage\",\"@id\":\"https:\/\/szekacs.lutheran.hu\/iskola\/leendo-diakjainknak-minden-ami-fontos-lehet-ha-gimnaziumba-hozzank-keszulsz\/\",\"url\":\"https:\/\/szekacs.lutheran.hu\/iskola\/leendo-diakjainknak-minden-ami-fontos-lehet-ha-gimnaziumba-hozzank-keszulsz\/\",\"name\":\"Leend\u0151 di\u00e1kjainknak - Minden, ami fontos lehet, ha gimn\u00e1ziumba hozz\u00e1nk k\u00e9sz\u00fclsz - Sz\u00e9k\u00e1cs J\u00f3zsef Evang\u00e9likus \u00d3voda, \u00c1ltal\u00e1nos Iskola \u00e9s Gimn\u00e1zium\",\"isPartOf\":{\"@id\":\"https:\/\/szekacs.lutheran.hu\/iskola\/#website\"},\"datePublished\":\"2023-02-08T12:12:46+00:00\",\"dateModified\":\"2023-02-08T12:17:23+00:00\",\"breadcrumb\":{\"@id\":\"https:\/\/szekacs.lutheran.hu\/iskola\/leendo-diakjainknak-minden-ami-fontos-lehet-ha-gimnaziumba-hozzank-keszulsz\/#breadcrumb\"},\"inLanguage\":\"hu\",\"potentialAction\":[{\"@type\":\"ReadAction\",\"target\":[\"https:\/\/szekacs.lutheran.hu\/iskola\/leendo-diakjainknak-minden-ami-fontos-lehet-ha-gimnaziumba-hozzank-keszulsz\/\"]}]},{\"@type\":\"BreadcrumbList\",\"@id\":\"https:\/\/szekacs.lutheran.hu\/iskola\/leendo-diakjainknak-minden-ami-fontos-lehet-ha-gimnaziumba-hozzank-keszulsz\/#breadcrumb\",\"itemListElement\":[{\"@type\":\"ListItem\",\"position\":1,\"name\":\"Home\",\"item\":\"https:\/\/szekacs.lutheran.hu\/iskola\/\"},{\"@type\":\"ListItem\",\"position\":2,\"name\":\"Leend\u0151 di\u00e1kjainknak &#8211; Minden, ami fontos lehet, ha gimn\u00e1ziumba hozz\u00e1nk k\u00e9sz\u00fclsz\"}]},{\"@type\":\"WebSite\",\"@id\":\"https:\/\/szekacs.lutheran.hu\/iskola\/#website\",\"url\":\"https:\/\/szekacs.lutheran.hu\/iskola\/\",\"name\":\"Sz\u00e9k\u00e1cs J\u00f3zsef Evang\u00e9likus \u00d3voda, \u00c1ltal\u00e1nos Iskola \u00e9s Gimn\u00e1zium\",\"description\":\"\",\"potentialAction\":[{\"@type\":\"SearchAction\",\"target\":{\"@type\":\"EntryPoint\",\"urlTemplate\":\"https:\/\/szekacs.lutheran.hu\/iskola\/?s={search_term_string}\"},\"query-input\":{\"@type\":\"PropertyValueSpecification\",\"valueRequired\":true,\"valueName\":\"search_term_string\"}}],\"inLanguage\":\"hu\"}]}<\/script>\n<!-- \/ Yoast SEO plugin. -->","yoast_head_json":{"title":"Leend\u0151 di\u00e1kjainknak - Minden, ami fontos lehet, ha gimn\u00e1ziumba hozz\u00e1nk k\u00e9sz\u00fclsz - Sz\u00e9k\u00e1cs J\u00f3zsef Evang\u00e9likus \u00d3voda, \u00c1ltal\u00e1nos Iskola \u00e9s Gimn\u00e1zium","robots":{"index":"index","follow":"follow","max-snippet":"max-snippet:-1","max-image-preview":"max-image-preview:large","max-video-preview":"max-video-preview:-1"},"canonical":"https:\/\/szekacs.lutheran.hu\/iskola\/leendo-diakjainknak-minden-ami-fontos-lehet-ha-gimnaziumba-hozzank-keszulsz\/","og_locale":"hu_HU","og_type":"article","og_title":"Leend\u0151 di\u00e1kjainknak - Minden, ami fontos lehet, ha gimn\u00e1ziumba hozz\u00e1nk k\u00e9sz\u00fclsz - Sz\u00e9k\u00e1cs J\u00f3zsef Evang\u00e9likus \u00d3voda, \u00c1ltal\u00e1nos Iskola \u00e9s Gimn\u00e1zium","og_url":"https:\/\/szekacs.lutheran.hu\/iskola\/leendo-diakjainknak-minden-ami-fontos-lehet-ha-gimnaziumba-hozzank-keszulsz\/","og_site_name":"Sz\u00e9k\u00e1cs J\u00f3zsef Evang\u00e9likus \u00d3voda, \u00c1ltal\u00e1nos Iskola \u00e9s Gimn\u00e1zium","article_modified_time":"2023-02-08T12:17:23+00:00","twitter_card":"summary_large_image","twitter_misc":{"Becs\u00fclt olvas\u00e1si id\u0151":"3 perc"},"schema":{"@context":"https:\/\/schema.org","@graph":[{"@type":"WebPage","@id":"https:\/\/szekacs.lutheran.hu\/iskola\/leendo-diakjainknak-minden-ami-fontos-lehet-ha-gimnaziumba-hozzank-keszulsz\/","url":"https:\/\/szekacs.lutheran.hu\/iskola\/leendo-diakjainknak-minden-ami-fontos-lehet-ha-gimnaziumba-hozzank-keszulsz\/","name":"Leend\u0151 di\u00e1kjainknak - Minden, ami fontos lehet, ha gimn\u00e1ziumba hozz\u00e1nk k\u00e9sz\u00fclsz - Sz\u00e9k\u00e1cs J\u00f3zsef Evang\u00e9likus \u00d3voda, \u00c1ltal\u00e1nos Iskola \u00e9s Gimn\u00e1zium","isPartOf":{"@id":"https:\/\/szekacs.lutheran.hu\/iskola\/#website"},"datePublished":"2023-02-08T12:12:46+00:00","dateModified":"2023-02-08T12:17:23+00:00","breadcrumb":{"@id":"https:\/\/szekacs.lutheran.hu\/iskola\/leendo-diakjainknak-minden-ami-fontos-lehet-ha-gimnaziumba-hozzank-keszulsz\/#breadcrumb"},"inLanguage":"hu","potentialAction":[{"@type":"ReadAction","target":["https:\/\/szekacs.lutheran.hu\/iskola\/leendo-diakjainknak-minden-ami-fontos-lehet-ha-gimnaziumba-hozzank-keszulsz\/"]}]},{"@type":"BreadcrumbList","@id":"https:\/\/szekacs.lutheran.hu\/iskola\/leendo-diakjainknak-minden-ami-fontos-lehet-ha-gimnaziumba-hozzank-keszulsz\/#breadcrumb","itemListElement":[{"@type":"ListItem","position":1,"name":"Home","item":"https:\/\/szekacs.lutheran.hu\/iskola\/"},{"@type":"ListItem","position":2,"name":"Leend\u0151 di\u00e1kjainknak &#8211; Minden, ami fontos lehet, ha gimn\u00e1ziumba hozz\u00e1nk k\u00e9sz\u00fclsz"}]},{"@type":"WebSite","@id":"https:\/\/szekacs.lutheran.hu\/iskola\/#website","url":"https:\/\/szekacs.lutheran.hu\/iskola\/","name":"Sz\u00e9k\u00e1cs J\u00f3zsef Evang\u00e9likus \u00d3voda, \u00c1ltal\u00e1nos Iskola \u00e9s Gimn\u00e1zium","description":"","potentialAction":[{"@type":"SearchAction","target":{"@type":"EntryPoint","urlTemplate":"https:\/\/szekacs.lutheran.hu\/iskola\/?s={search_term_string}"},"query-input":{"@type":"PropertyValueSpecification","valueRequired":true,"valueName":"search_term_string"}}],"inLanguage":"hu"}]}},"_links":{"self":[{"href":"https:\/\/szekacs.lutheran.hu\/iskola\/wp-json\/wp\/v2\/pages\/27968","targetHints":{"allow":["GET"]}}],"collection":[{"href":"https:\/\/szekacs.lutheran.hu\/iskola\/wp-json\/wp\/v2\/pages"}],"about":[{"href":"https:\/\/szekacs.lutheran.hu\/iskola\/wp-json\/wp\/v2\/types\/page"}],"author":[{"embeddable":true,"href":"https:\/\/szekacs.lutheran.hu\/iskola\/wp-json\/wp\/v2\/users\/3"}],"replies":[{"embeddable":true,"href":"https:\/\/szekacs.lutheran.hu\/iskola\/wp-json\/wp\/v2\/comments?post=27968"}],"version-history":[{"count":3,"href":"https:\/\/szekacs.lutheran.hu\/iskola\/wp-json\/wp\/v2\/pages\/27968\/revisions"}],"predecessor-version":[{"id":27971,"href":"https:\/\/szekacs.lutheran.hu\/iskola\/wp-json\/wp\/v2\/pages\/27968\/revisions\/27971"}],"wp:attachment":[{"href":"https:\/\/szekacs.lutheran.hu\/iskola\/wp-json\/wp\/v2\/media?parent=27968"}],"curies":[{"name":"wp","href":"https:\/\/api.w.org\/{rel}","templated":true}]}}