{"id":20078,"date":"2019-12-17T16:34:11","date_gmt":"2019-12-17T16:34:11","guid":{"rendered":"https:\/\/szekacs.lutheran.hu\/iskola\/?page_id=20078"},"modified":"2019-12-17T16:34:11","modified_gmt":"2019-12-17T16:34:11","slug":"igazgatoi-koszonto","status":"publish","type":"page","link":"https:\/\/szekacs.lutheran.hu\/iskola\/igazgatoi-koszonto\/","title":{"rendered":"Igazgat\u00f3i k\u00f6sz\u00f6nt\u0151"},"content":{"rendered":"<div id=\"cmsmasters_row_9f4qscaft\" class=\"cmsmasters_row cmsmasters_color_scheme_default cmsmasters_row_top_default cmsmasters_row_bot_default cmsmasters_row_boxed\">\n<div class=\"cmsmasters_row_outer_parent\">\n<div class=\"cmsmasters_row_outer\">\n<div class=\"cmsmasters_row_inner\">\n<div class=\"cmsmasters_row_margin\">\n<div id=\"cmsmasters_column_9d3n648rho\" class=\"cmsmasters_column one_first\">\n<div class=\"cmsmasters_column_inner\"><div id=\"cmsmasters_heading_w0vv1l24x\" class=\"cmsmasters_heading_wrap cmsmasters_heading_align_left\">\n\t<h1 class=\"cmsmasters_heading\">Igazgat\u00f3i k\u00f6sz\u00f6nt\u0151<\/h1>\n<\/div><div class=\"cmsmasters_img  cmsmasters_image_l\"><img decoding=\"async\" src=\"https:\/\/szekacs.lutheran.hu\/iskola\/wp-content\/uploads\/2015\/04\/67F3F4728A7E1EE0D41B5F00BF650076E67E200CC98451EF9Epimgpsh_fullsize_distr.png\" alt=\"Picture\" \/><\/div><div class=\"cmsmasters_text\">\n<p>&nbsp;<\/p>\n<p>&nbsp;<\/p>\n<p><a href=\"https:\/\/szekacs.lutheran.hu\/iskola\/wp-content\/uploads\/2019\/12\/181004_nagy_robert_kk_002.jpg\"><img loading=\"lazy\" decoding=\"async\" class=\"alignleft size-medium wp-image-16634\" src=\"https:\/\/szekacs.lutheran.hu\/iskola\/wp-content\/uploads\/2019\/12\/181004_nagy_robert_kk_002-300x200.jpg\" alt=\"\" width=\"300\" height=\"200\" srcset=\"https:\/\/szekacs.lutheran.hu\/iskola\/wp-content\/uploads\/2019\/12\/181004_nagy_robert_kk_002-300x200.jpg 300w, https:\/\/szekacs.lutheran.hu\/iskola\/wp-content\/uploads\/2019\/12\/181004_nagy_robert_kk_002-768x512.jpg 768w, https:\/\/szekacs.lutheran.hu\/iskola\/wp-content\/uploads\/2019\/12\/181004_nagy_robert_kk_002-1024x682.jpg 1024w, https:\/\/szekacs.lutheran.hu\/iskola\/wp-content\/uploads\/2019\/12\/181004_nagy_robert_kk_002-860x573.jpg 860w, https:\/\/szekacs.lutheran.hu\/iskola\/wp-content\/uploads\/2019\/12\/181004_nagy_robert_kk_002-580x387.jpg 580w, https:\/\/szekacs.lutheran.hu\/iskola\/wp-content\/uploads\/2019\/12\/181004_nagy_robert_kk_002-1160x773.jpg 1160w, https:\/\/szekacs.lutheran.hu\/iskola\/wp-content\/uploads\/2019\/12\/181004_nagy_robert_kk_002-1320x880.jpg 1320w, https:\/\/szekacs.lutheran.hu\/iskola\/wp-content\/uploads\/2019\/12\/181004_nagy_robert_kk_002.jpg 2000w\" sizes=\"auto, (max-width: 300px) 100vw, 300px\" \/><\/a>Nagy szeretettel \u00fcdv\u00f6zl\u00f6m a\u00a0<strong>Sz\u00e9k\u00e1cs J\u00f3zsef Evang\u00e9likus \u00d3voda, \u00c1ltal\u00e1nos Iskola \u00e9s Gimn\u00e1zium<\/strong>\u00a0ir\u00e1nt \u00e9rdekl\u0151d\u0151ket. Int\u00e9zm\u00e9ny\u00fcnk j\u00f3 hangulat\u00fa di\u00e1k-k\u00f6z\u00f6ss\u00e9ggel, felk\u00e9sz\u00fclt, figyelmes \u00f3v\u00f3n\u0151kkel, tan\u00edt\u00f3kkal \u00e9s tan\u00e1rokkal, tartalmas \u00fcnnepi \u00e9s di\u00e1k-programokkal, bens\u0151s\u00e9ges hangulattal v\u00e1rja mindazokat, akik minket v\u00e1lasztanak. Az ide j\u00e1r\u00f3 kisgyermekek \u00e9s nagyobb di\u00e1kok minden nap megtapasztalhatj\u00e1k az evang\u00e9likus kereszt\u00e9ny nevel\u00e9s-oktat\u00e1s emberk\u00f6zels\u00e9g\u00e9t, a tud\u00e1s \u00e9rt\u00e9k\u00e9t, a szem\u00e9lyes odafigyel\u00e9st \u00e9s a szeretet erej\u00e9t.<\/p>\n<p>B\u00f6ng\u00e9ssz\u00e9k honlapunkat, nyerjenek betekint\u00e9st int\u00e9zm\u00e9ny\u00fcnk m\u00faltj\u00e1ba, jelen\u00e9be, t\u00e1j\u00e9koz\u00f3djanak j\u00f6v\u0151beli elk\u00e9pzel\u00e9seinkr\u0151l. Ha tov\u00e1bbi t\u00e1j\u00e9koztat\u00e1st szeretn\u00e9nek, keressenek benn\u00fcnket a honlapon tal\u00e1lhat\u00f3 el\u00e9rhet\u0151s\u00e9geinken.<\/p>\n<p>&nbsp;<\/p>\n<p style=\"text-align: center;\">\u00a0 Er\u0151s v\u00e1r a mi Isten\u00fcnk!<\/p>\n<p>&nbsp;<\/p>\n<p>&nbsp;<\/p>\n<p style=\"text-align: right;\">Nagy R\u00f3bert<br \/>\n<em>int\u00e9zm\u00e9nyvezet\u0151<\/em><\/p>\n<\/div>\n<\/div><\/div>\n<\/div>\n<\/div>\n<\/div>\n<\/div>\n<\/div>\n<div id=\"cmsmasters_row_7bm53vt4ns\" class=\"cmsmasters_row cmsmasters_color_scheme_default cmsmasters_row_top_default cmsmasters_row_bot_default cmsmasters_row_boxed\">\n<div class=\"cmsmasters_row_outer_parent\">\n<div class=\"cmsmasters_row_outer\">\n<div class=\"cmsmasters_row_inner\">\n<div class=\"cmsmasters_row_margin\">\n<div id=\"cmsmasters_column_y6zdr26hiy\" class=\"cmsmasters_column one_first\">\n<div class=\"cmsmasters_column_inner\"><\/div><\/div>\n<\/div>\n<\/div>\n<\/div>\n<\/div>\n<\/div>\n\n","protected":false},"excerpt":{"rendered":"","protected":false},"author":1,"featured_media":0,"parent":0,"menu_order":0,"comment_status":"closed","ping_status":"closed","template":"","meta":{"footnotes":""},"class_list":["post-20078","page","type-page","status-publish","hentry"],"yoast_head":"<!-- This site is optimized with the Yoast SEO plugin v26.2 - https:\/\/yoast.com\/wordpress\/plugins\/seo\/ -->\n<title>Igazgat\u00f3i k\u00f6sz\u00f6nt\u0151 - Sz\u00e9k\u00e1cs J\u00f3zsef Evang\u00e9likus \u00d3voda, \u00c1ltal\u00e1nos Iskola \u00e9s Gimn\u00e1zium<\/title>\n<meta name=\"robots\" content=\"index, follow, max-snippet:-1, max-image-preview:large, max-video-preview:-1\" \/>\n<link rel=\"canonical\" href=\"https:\/\/szekacs.lutheran.hu\/iskola\/igazgatoi-koszonto\/\" \/>\n<meta property=\"og:locale\" content=\"hu_HU\" \/>\n<meta property=\"og:type\" content=\"article\" \/>\n<meta property=\"og:title\" content=\"Igazgat\u00f3i k\u00f6sz\u00f6nt\u0151 - Sz\u00e9k\u00e1cs J\u00f3zsef Evang\u00e9likus \u00d3voda, \u00c1ltal\u00e1nos Iskola \u00e9s Gimn\u00e1zium\" \/>\n<meta property=\"og:url\" content=\"https:\/\/szekacs.lutheran.hu\/iskola\/igazgatoi-koszonto\/\" \/>\n<meta property=\"og:site_name\" content=\"Sz\u00e9k\u00e1cs J\u00f3zsef Evang\u00e9likus \u00d3voda, \u00c1ltal\u00e1nos Iskola \u00e9s Gimn\u00e1zium\" \/>\n<meta property=\"og:image\" content=\"https:\/\/szekacs.lutheran.hu\/iskola\/wp-content\/uploads\/2019\/12\/181004_nagy_robert_kk_002-300x200.jpg\" \/>\n<meta name=\"twitter:card\" content=\"summary_large_image\" \/>\n<meta name=\"twitter:label1\" content=\"Becs\u00fclt olvas\u00e1si id\u0151\" \/>\n\t<meta name=\"twitter:data1\" content=\"3 perc\" \/>\n<script type=\"application\/ld+json\" class=\"yoast-schema-graph\">{\"@context\":\"https:\/\/schema.org\",\"@graph\":[{\"@type\":\"WebPage\",\"@id\":\"https:\/\/szekacs.lutheran.hu\/iskola\/igazgatoi-koszonto\/\",\"url\":\"https:\/\/szekacs.lutheran.hu\/iskola\/igazgatoi-koszonto\/\",\"name\":\"Igazgat\u00f3i k\u00f6sz\u00f6nt\u0151 - Sz\u00e9k\u00e1cs J\u00f3zsef Evang\u00e9likus \u00d3voda, \u00c1ltal\u00e1nos Iskola \u00e9s Gimn\u00e1zium\",\"isPartOf\":{\"@id\":\"https:\/\/szekacs.lutheran.hu\/iskola\/#website\"},\"primaryImageOfPage\":{\"@id\":\"https:\/\/szekacs.lutheran.hu\/iskola\/igazgatoi-koszonto\/#primaryimage\"},\"image\":{\"@id\":\"https:\/\/szekacs.lutheran.hu\/iskola\/igazgatoi-koszonto\/#primaryimage\"},\"thumbnailUrl\":\"https:\/\/szekacs.lutheran.hu\/iskola\/wp-content\/uploads\/2019\/12\/181004_nagy_robert_kk_002-300x200.jpg\",\"datePublished\":\"2019-12-17T16:34:11+00:00\",\"breadcrumb\":{\"@id\":\"https:\/\/szekacs.lutheran.hu\/iskola\/igazgatoi-koszonto\/#breadcrumb\"},\"inLanguage\":\"hu\",\"potentialAction\":[{\"@type\":\"ReadAction\",\"target\":[\"https:\/\/szekacs.lutheran.hu\/iskola\/igazgatoi-koszonto\/\"]}]},{\"@type\":\"ImageObject\",\"inLanguage\":\"hu\",\"@id\":\"https:\/\/szekacs.lutheran.hu\/iskola\/igazgatoi-koszonto\/#primaryimage\",\"url\":\"https:\/\/szekacs.lutheran.hu\/iskola\/wp-content\/uploads\/2019\/12\/181004_nagy_robert_kk_002.jpg\",\"contentUrl\":\"https:\/\/szekacs.lutheran.hu\/iskola\/wp-content\/uploads\/2019\/12\/181004_nagy_robert_kk_002.jpg\",\"width\":2000,\"height\":1333},{\"@type\":\"BreadcrumbList\",\"@id\":\"https:\/\/szekacs.lutheran.hu\/iskola\/igazgatoi-koszonto\/#breadcrumb\",\"itemListElement\":[{\"@type\":\"ListItem\",\"position\":1,\"name\":\"Home\",\"item\":\"https:\/\/szekacs.lutheran.hu\/iskola\/\"},{\"@type\":\"ListItem\",\"position\":2,\"name\":\"Igazgat\u00f3i k\u00f6sz\u00f6nt\u0151\"}]},{\"@type\":\"WebSite\",\"@id\":\"https:\/\/szekacs.lutheran.hu\/iskola\/#website\",\"url\":\"https:\/\/szekacs.lutheran.hu\/iskola\/\",\"name\":\"Sz\u00e9k\u00e1cs J\u00f3zsef Evang\u00e9likus \u00d3voda, \u00c1ltal\u00e1nos Iskola \u00e9s Gimn\u00e1zium\",\"description\":\"\",\"potentialAction\":[{\"@type\":\"SearchAction\",\"target\":{\"@type\":\"EntryPoint\",\"urlTemplate\":\"https:\/\/szekacs.lutheran.hu\/iskola\/?s={search_term_string}\"},\"query-input\":{\"@type\":\"PropertyValueSpecification\",\"valueRequired\":true,\"valueName\":\"search_term_string\"}}],\"inLanguage\":\"hu\"}]}<\/script>\n<!-- \/ Yoast SEO plugin. -->","yoast_head_json":{"title":"Igazgat\u00f3i k\u00f6sz\u00f6nt\u0151 - Sz\u00e9k\u00e1cs J\u00f3zsef Evang\u00e9likus \u00d3voda, \u00c1ltal\u00e1nos Iskola \u00e9s Gimn\u00e1zium","robots":{"index":"index","follow":"follow","max-snippet":"max-snippet:-1","max-image-preview":"max-image-preview:large","max-video-preview":"max-video-preview:-1"},"canonical":"https:\/\/szekacs.lutheran.hu\/iskola\/igazgatoi-koszonto\/","og_locale":"hu_HU","og_type":"article","og_title":"Igazgat\u00f3i k\u00f6sz\u00f6nt\u0151 - Sz\u00e9k\u00e1cs J\u00f3zsef Evang\u00e9likus \u00d3voda, \u00c1ltal\u00e1nos Iskola \u00e9s Gimn\u00e1zium","og_url":"https:\/\/szekacs.lutheran.hu\/iskola\/igazgatoi-koszonto\/","og_site_name":"Sz\u00e9k\u00e1cs J\u00f3zsef Evang\u00e9likus \u00d3voda, \u00c1ltal\u00e1nos Iskola \u00e9s Gimn\u00e1zium","og_image":[{"url":"https:\/\/szekacs.lutheran.hu\/iskola\/wp-content\/uploads\/2019\/12\/181004_nagy_robert_kk_002-300x200.jpg","type":"","width":"","height":""}],"twitter_card":"summary_large_image","twitter_misc":{"Becs\u00fclt olvas\u00e1si id\u0151":"3 perc"},"schema":{"@context":"https:\/\/schema.org","@graph":[{"@type":"WebPage","@id":"https:\/\/szekacs.lutheran.hu\/iskola\/igazgatoi-koszonto\/","url":"https:\/\/szekacs.lutheran.hu\/iskola\/igazgatoi-koszonto\/","name":"Igazgat\u00f3i k\u00f6sz\u00f6nt\u0151 - Sz\u00e9k\u00e1cs J\u00f3zsef Evang\u00e9likus \u00d3voda, \u00c1ltal\u00e1nos Iskola \u00e9s Gimn\u00e1zium","isPartOf":{"@id":"https:\/\/szekacs.lutheran.hu\/iskola\/#website"},"primaryImageOfPage":{"@id":"https:\/\/szekacs.lutheran.hu\/iskola\/igazgatoi-koszonto\/#primaryimage"},"image":{"@id":"https:\/\/szekacs.lutheran.hu\/iskola\/igazgatoi-koszonto\/#primaryimage"},"thumbnailUrl":"https:\/\/szekacs.lutheran.hu\/iskola\/wp-content\/uploads\/2019\/12\/181004_nagy_robert_kk_002-300x200.jpg","datePublished":"2019-12-17T16:34:11+00:00","breadcrumb":{"@id":"https:\/\/szekacs.lutheran.hu\/iskola\/igazgatoi-koszonto\/#breadcrumb"},"inLanguage":"hu","potentialAction":[{"@type":"ReadAction","target":["https:\/\/szekacs.lutheran.hu\/iskola\/igazgatoi-koszonto\/"]}]},{"@type":"ImageObject","inLanguage":"hu","@id":"https:\/\/szekacs.lutheran.hu\/iskola\/igazgatoi-koszonto\/#primaryimage","url":"https:\/\/szekacs.lutheran.hu\/iskola\/wp-content\/uploads\/2019\/12\/181004_nagy_robert_kk_002.jpg","contentUrl":"https:\/\/szekacs.lutheran.hu\/iskola\/wp-content\/uploads\/2019\/12\/181004_nagy_robert_kk_002.jpg","width":2000,"height":1333},{"@type":"BreadcrumbList","@id":"https:\/\/szekacs.lutheran.hu\/iskola\/igazgatoi-koszonto\/#breadcrumb","itemListElement":[{"@type":"ListItem","position":1,"name":"Home","item":"https:\/\/szekacs.lutheran.hu\/iskola\/"},{"@type":"ListItem","position":2,"name":"Igazgat\u00f3i k\u00f6sz\u00f6nt\u0151"}]},{"@type":"WebSite","@id":"https:\/\/szekacs.lutheran.hu\/iskola\/#website","url":"https:\/\/szekacs.lutheran.hu\/iskola\/","name":"Sz\u00e9k\u00e1cs J\u00f3zsef Evang\u00e9likus \u00d3voda, \u00c1ltal\u00e1nos Iskola \u00e9s Gimn\u00e1zium","description":"","potentialAction":[{"@type":"SearchAction","target":{"@type":"EntryPoint","urlTemplate":"https:\/\/szekacs.lutheran.hu\/iskola\/?s={search_term_string}"},"query-input":{"@type":"PropertyValueSpecification","valueRequired":true,"valueName":"search_term_string"}}],"inLanguage":"hu"}]}},"_links":{"self":[{"href":"https:\/\/szekacs.lutheran.hu\/iskola\/wp-json\/wp\/v2\/pages\/20078","targetHints":{"allow":["GET"]}}],"collection":[{"href":"https:\/\/szekacs.lutheran.hu\/iskola\/wp-json\/wp\/v2\/pages"}],"about":[{"href":"https:\/\/szekacs.lutheran.hu\/iskola\/wp-json\/wp\/v2\/types\/page"}],"author":[{"embeddable":true,"href":"https:\/\/szekacs.lutheran.hu\/iskola\/wp-json\/wp\/v2\/users\/1"}],"replies":[{"embeddable":true,"href":"https:\/\/szekacs.lutheran.hu\/iskola\/wp-json\/wp\/v2\/comments?post=20078"}],"version-history":[{"count":1,"href":"https:\/\/szekacs.lutheran.hu\/iskola\/wp-json\/wp\/v2\/pages\/20078\/revisions"}],"predecessor-version":[{"id":20079,"href":"https:\/\/szekacs.lutheran.hu\/iskola\/wp-json\/wp\/v2\/pages\/20078\/revisions\/20079"}],"wp:attachment":[{"href":"https:\/\/szekacs.lutheran.hu\/iskola\/wp-json\/wp\/v2\/media?parent=20078"}],"curies":[{"name":"wp","href":"https:\/\/api.w.org\/{rel}","templated":true}]}}