{"id":19718,"date":"2019-12-09T07:55:32","date_gmt":"2019-12-09T07:55:32","guid":{"rendered":"https:\/\/szekacs.lutheran.hu\/iskola\/?page_id=19718"},"modified":"2021-11-10T13:09:57","modified_gmt":"2021-11-10T13:09:57","slug":"iskolank_tortenete","status":"publish","type":"page","link":"https:\/\/szekacs.lutheran.hu\/iskola\/iskolank_tortenete\/","title":{"rendered":"Iskol\u00e1nk t\u00f6rt\u00e9nete"},"content":{"rendered":"<div id=\"cmsmasters_row_9f4qscaft\" class=\"cmsmasters_row cmsmasters_color_scheme_default cmsmasters_row_top_default cmsmasters_row_bot_default cmsmasters_row_boxed\">\n<div class=\"cmsmasters_row_outer_parent\">\n<div class=\"cmsmasters_row_outer\">\n<div class=\"cmsmasters_row_inner\">\n<div class=\"cmsmasters_row_margin\">\n<div id=\"cmsmasters_column_9d3n648rho\" class=\"cmsmasters_column one_first\">\n<div class=\"cmsmasters_column_inner\"><div id=\"cmsmasters_heading_w0vv1l24x\" class=\"cmsmasters_heading_wrap cmsmasters_heading_align_left\">\n\t<h1 class=\"cmsmasters_heading\">Iskol\u00e1nk t\u00f6rt\u00e9nete<\/h1>\n<\/div><div class=\"cmsmasters_img  cmsmasters_image_l\"><img decoding=\"async\" src=\"https:\/\/szekacs.lutheran.hu\/iskola\/wp-content\/uploads\/2015\/04\/67F3F4728A7E1EE0D41B5F00BF650076E67E200CC98451EF9Epimgpsh_fullsize_distr.png\" alt=\"Picture\" \/><\/div><div class=\"cmsmasters_text\">\n<h3><img loading=\"lazy\" decoding=\"async\" class=\"alignright size-full wp-image-19719\" src=\"https:\/\/szekacs.lutheran.hu\/iskola\/wp-content\/uploads\/2019\/12\/panorama.jpg\" alt=\"\" width=\"100\" height=\"450\" \/>A kezdetekt\u0151l napjainkig&#8230;<\/h3>\n<p>&nbsp;<\/p>\n<ul>\n<li>1744. \u00e1prilis 24: A Zomb\u00e1r\u00f3l el\u00fcld\u00f6z\u00f6tt evang\u00e9likus csal\u00e1dok megalap\u00edtott\u00e1k Orosh\u00e1z\u00e1t. Az evang\u00e9likus iskol\u00e1z\u00e1s a leteleped\u00e9s \u00e9v\u00e9ben elkezd\u0151d\u00f6tt D\u00e9nes S\u00e1ndor &#8222;tud\u00f3s \u00e9s j\u00e1mbor iskolamester&#8221; vezet\u00e9s\u00e9vel.<\/li>\n<li>1933 tavasz\u00e1n a telep\u00fcl\u00e9s enged\u00e9lyt kapott gimn\u00e1ziumi el\u0151k\u00e9sz\u00edt\u0151 tanfolyam ind\u00edt\u00e1s\u00e1ra.<\/li>\n<li>1937. \u0151sz: az Orosh\u00e1zi Evang\u00e9likus Gimn\u00e1zium megnyit\u00e1sa<\/li>\n<li>1948. j\u00fanius 18: Az egyh\u00e1zi iskol\u00e1k \u00e1llamos\u00edt\u00e1sa<\/li>\n<li>Az iskola \u00fajj\u00e1szervez\u00e9s\u00e9re 1992-ben ker\u00fclhetett sor a csereingatlank\u00e9nt visszakapott 2. Sz. \u00c1ltal\u00e1nos Iskol\u00e1ban, mely az egykori evang\u00e9likus gimn\u00e1zium ter\u00fclet\u00e9n m\u0171k\u00f6d\u00f6tt. K\u00e9t egyh\u00e1zi tagozatos els\u0151 oszt\u00e1lyt indult.<\/li>\n<li>1996-ban az int\u00e9zm\u00e9ny fenntart\u00f3ja az Orosh\u00e1zi Evang\u00e9likus Egyh\u00e1zk\u00f6zs\u00e9g lett.<\/li>\n<li>1998. szeptember 1-j\u00e9n megindult a hat \u00e9vfolyamos gimn\u00e1ziumi k\u00e9pz\u00e9s. Az int\u00e9zm\u00e9ny \u00faj neve: Orosh\u00e1zi Evang\u00e9likus \u00c1ltal\u00e1nos Iskola \u00e9s Gimn\u00e1zium.<\/li>\n<li>2000. szeptember 1-j\u00e9n n\u00e9gy \u00e9vfolyamos, \u00e1ltal\u00e1nos tanterv\u0171 gimn\u00e1ziumi k\u00e9pz\u00e9s kezd\u0151d\u00f6tt.<\/li>\n<li>2004-ben ker\u00fclt sor az els\u0151 \u00e9retts\u00e9gi vizsg\u00e1ra.<\/li>\n<li>2006-ban \u00fcnnepelt\u00fck az iskola 10 \u00e9ves jubileum\u00e1t.<\/li>\n<li>2008-ban megeml\u00e9kezt\u00fcnk arr\u00f3l, hogy 75 \u00e9ves Orosh\u00e1z\u00e1n a gimn\u00e1ziumi oktat\u00e1s.<\/li>\n<li>2009. szeptember 1-j\u00e9t\u0151l iskol\u00e1nk \u00faj neve: Sz\u00e9k\u00e1cs J\u00f3zsef Evang\u00e9likus \u00d3voda, \u00c1ltal\u00e1nos Iskola \u00e9s Gimn\u00e1zium<\/li>\n<li>2010 nyar\u00e1n \u00faj \u00e9p\u00fcletr\u00e9sszel b\u0151v\u00fclt az iskola, mely helyet ad 2 nyelvi labornak, 2 informatika tanteremnek, egy katolikus hittanteremnek, az iskolalelk\u00e9sz fogad\u00f3term\u00e9nek, az iskolapszichol\u00f3gus szob\u00e1j\u00e1nak \u00e9s 4 irod\u00e1nak.<\/li>\n<\/ul>\n<p>&nbsp;<\/p>\n<p>&nbsp;<\/p>\n<\/div>\n<\/div><\/div>\n<\/div>\n<\/div>\n<\/div>\n<\/div>\n<\/div>\n<div id=\"cmsmasters_row_7bm53vt4ns\" class=\"cmsmasters_row cmsmasters_color_scheme_default cmsmasters_row_top_default cmsmasters_row_bot_default cmsmasters_row_boxed\">\n<div class=\"cmsmasters_row_outer_parent\">\n<div class=\"cmsmasters_row_outer\">\n<div class=\"cmsmasters_row_inner\">\n<div class=\"cmsmasters_row_margin\">\n<div id=\"cmsmasters_column_y6zdr26hiy\" class=\"cmsmasters_column one_first\">\n<div class=\"cmsmasters_column_inner\"><\/div><\/div>\n<\/div>\n<\/div>\n<\/div>\n<\/div>\n<\/div>\n\n","protected":false},"excerpt":{"rendered":"","protected":false},"author":1,"featured_media":0,"parent":0,"menu_order":0,"comment_status":"closed","ping_status":"closed","template":"","meta":{"footnotes":""},"class_list":["post-19718","page","type-page","status-publish","hentry"],"yoast_head":"<!-- This site is optimized with the Yoast SEO plugin v26.2 - https:\/\/yoast.com\/wordpress\/plugins\/seo\/ -->\n<title>Iskol\u00e1nk t\u00f6rt\u00e9nete - Sz\u00e9k\u00e1cs J\u00f3zsef Evang\u00e9likus \u00d3voda, \u00c1ltal\u00e1nos Iskola \u00e9s Gimn\u00e1zium<\/title>\n<meta name=\"robots\" content=\"index, follow, max-snippet:-1, max-image-preview:large, max-video-preview:-1\" \/>\n<link rel=\"canonical\" href=\"https:\/\/szekacs.lutheran.hu\/iskola\/iskolank_tortenete\/\" \/>\n<meta property=\"og:locale\" content=\"hu_HU\" \/>\n<meta property=\"og:type\" content=\"article\" \/>\n<meta property=\"og:title\" content=\"Iskol\u00e1nk t\u00f6rt\u00e9nete - Sz\u00e9k\u00e1cs J\u00f3zsef Evang\u00e9likus \u00d3voda, \u00c1ltal\u00e1nos Iskola \u00e9s Gimn\u00e1zium\" \/>\n<meta property=\"og:url\" content=\"https:\/\/szekacs.lutheran.hu\/iskola\/iskolank_tortenete\/\" \/>\n<meta property=\"og:site_name\" content=\"Sz\u00e9k\u00e1cs J\u00f3zsef Evang\u00e9likus \u00d3voda, \u00c1ltal\u00e1nos Iskola \u00e9s Gimn\u00e1zium\" \/>\n<meta property=\"article:modified_time\" content=\"2021-11-10T13:09:57+00:00\" \/>\n<meta property=\"og:image\" content=\"https:\/\/szekacs.lutheran.hu\/iskola\/wp-content\/uploads\/2019\/12\/panorama.jpg\" \/>\n<meta name=\"twitter:card\" content=\"summary_large_image\" \/>\n<meta name=\"twitter:label1\" content=\"Becs\u00fclt olvas\u00e1si id\u0151\" \/>\n\t<meta name=\"twitter:data1\" content=\"3 perc\" \/>\n<script type=\"application\/ld+json\" class=\"yoast-schema-graph\">{\"@context\":\"https:\/\/schema.org\",\"@graph\":[{\"@type\":\"WebPage\",\"@id\":\"https:\/\/szekacs.lutheran.hu\/iskola\/iskolank_tortenete\/\",\"url\":\"https:\/\/szekacs.lutheran.hu\/iskola\/iskolank_tortenete\/\",\"name\":\"Iskol\u00e1nk t\u00f6rt\u00e9nete - Sz\u00e9k\u00e1cs J\u00f3zsef Evang\u00e9likus \u00d3voda, \u00c1ltal\u00e1nos Iskola \u00e9s Gimn\u00e1zium\",\"isPartOf\":{\"@id\":\"https:\/\/szekacs.lutheran.hu\/iskola\/#website\"},\"primaryImageOfPage\":{\"@id\":\"https:\/\/szekacs.lutheran.hu\/iskola\/iskolank_tortenete\/#primaryimage\"},\"image\":{\"@id\":\"https:\/\/szekacs.lutheran.hu\/iskola\/iskolank_tortenete\/#primaryimage\"},\"thumbnailUrl\":\"https:\/\/szekacs.lutheran.hu\/iskola\/wp-content\/uploads\/2019\/12\/panorama.jpg\",\"datePublished\":\"2019-12-09T07:55:32+00:00\",\"dateModified\":\"2021-11-10T13:09:57+00:00\",\"breadcrumb\":{\"@id\":\"https:\/\/szekacs.lutheran.hu\/iskola\/iskolank_tortenete\/#breadcrumb\"},\"inLanguage\":\"hu\",\"potentialAction\":[{\"@type\":\"ReadAction\",\"target\":[\"https:\/\/szekacs.lutheran.hu\/iskola\/iskolank_tortenete\/\"]}]},{\"@type\":\"ImageObject\",\"inLanguage\":\"hu\",\"@id\":\"https:\/\/szekacs.lutheran.hu\/iskola\/iskolank_tortenete\/#primaryimage\",\"url\":\"https:\/\/szekacs.lutheran.hu\/iskola\/wp-content\/uploads\/2019\/12\/panorama.jpg\",\"contentUrl\":\"https:\/\/szekacs.lutheran.hu\/iskola\/wp-content\/uploads\/2019\/12\/panorama.jpg\",\"width\":100,\"height\":450},{\"@type\":\"BreadcrumbList\",\"@id\":\"https:\/\/szekacs.lutheran.hu\/iskola\/iskolank_tortenete\/#breadcrumb\",\"itemListElement\":[{\"@type\":\"ListItem\",\"position\":1,\"name\":\"Home\",\"item\":\"https:\/\/szekacs.lutheran.hu\/iskola\/\"},{\"@type\":\"ListItem\",\"position\":2,\"name\":\"Iskol\u00e1nk t\u00f6rt\u00e9nete\"}]},{\"@type\":\"WebSite\",\"@id\":\"https:\/\/szekacs.lutheran.hu\/iskola\/#website\",\"url\":\"https:\/\/szekacs.lutheran.hu\/iskola\/\",\"name\":\"Sz\u00e9k\u00e1cs J\u00f3zsef Evang\u00e9likus \u00d3voda, \u00c1ltal\u00e1nos Iskola \u00e9s Gimn\u00e1zium\",\"description\":\"\",\"potentialAction\":[{\"@type\":\"SearchAction\",\"target\":{\"@type\":\"EntryPoint\",\"urlTemplate\":\"https:\/\/szekacs.lutheran.hu\/iskola\/?s={search_term_string}\"},\"query-input\":{\"@type\":\"PropertyValueSpecification\",\"valueRequired\":true,\"valueName\":\"search_term_string\"}}],\"inLanguage\":\"hu\"}]}<\/script>\n<!-- \/ Yoast SEO plugin. -->","yoast_head_json":{"title":"Iskol\u00e1nk t\u00f6rt\u00e9nete - Sz\u00e9k\u00e1cs J\u00f3zsef Evang\u00e9likus \u00d3voda, \u00c1ltal\u00e1nos Iskola \u00e9s Gimn\u00e1zium","robots":{"index":"index","follow":"follow","max-snippet":"max-snippet:-1","max-image-preview":"max-image-preview:large","max-video-preview":"max-video-preview:-1"},"canonical":"https:\/\/szekacs.lutheran.hu\/iskola\/iskolank_tortenete\/","og_locale":"hu_HU","og_type":"article","og_title":"Iskol\u00e1nk t\u00f6rt\u00e9nete - Sz\u00e9k\u00e1cs J\u00f3zsef Evang\u00e9likus \u00d3voda, \u00c1ltal\u00e1nos Iskola \u00e9s Gimn\u00e1zium","og_url":"https:\/\/szekacs.lutheran.hu\/iskola\/iskolank_tortenete\/","og_site_name":"Sz\u00e9k\u00e1cs J\u00f3zsef Evang\u00e9likus \u00d3voda, \u00c1ltal\u00e1nos Iskola \u00e9s Gimn\u00e1zium","article_modified_time":"2021-11-10T13:09:57+00:00","og_image":[{"url":"https:\/\/szekacs.lutheran.hu\/iskola\/wp-content\/uploads\/2019\/12\/panorama.jpg","type":"","width":"","height":""}],"twitter_card":"summary_large_image","twitter_misc":{"Becs\u00fclt olvas\u00e1si id\u0151":"3 perc"},"schema":{"@context":"https:\/\/schema.org","@graph":[{"@type":"WebPage","@id":"https:\/\/szekacs.lutheran.hu\/iskola\/iskolank_tortenete\/","url":"https:\/\/szekacs.lutheran.hu\/iskola\/iskolank_tortenete\/","name":"Iskol\u00e1nk t\u00f6rt\u00e9nete - Sz\u00e9k\u00e1cs J\u00f3zsef Evang\u00e9likus \u00d3voda, \u00c1ltal\u00e1nos Iskola \u00e9s Gimn\u00e1zium","isPartOf":{"@id":"https:\/\/szekacs.lutheran.hu\/iskola\/#website"},"primaryImageOfPage":{"@id":"https:\/\/szekacs.lutheran.hu\/iskola\/iskolank_tortenete\/#primaryimage"},"image":{"@id":"https:\/\/szekacs.lutheran.hu\/iskola\/iskolank_tortenete\/#primaryimage"},"thumbnailUrl":"https:\/\/szekacs.lutheran.hu\/iskola\/wp-content\/uploads\/2019\/12\/panorama.jpg","datePublished":"2019-12-09T07:55:32+00:00","dateModified":"2021-11-10T13:09:57+00:00","breadcrumb":{"@id":"https:\/\/szekacs.lutheran.hu\/iskola\/iskolank_tortenete\/#breadcrumb"},"inLanguage":"hu","potentialAction":[{"@type":"ReadAction","target":["https:\/\/szekacs.lutheran.hu\/iskola\/iskolank_tortenete\/"]}]},{"@type":"ImageObject","inLanguage":"hu","@id":"https:\/\/szekacs.lutheran.hu\/iskola\/iskolank_tortenete\/#primaryimage","url":"https:\/\/szekacs.lutheran.hu\/iskola\/wp-content\/uploads\/2019\/12\/panorama.jpg","contentUrl":"https:\/\/szekacs.lutheran.hu\/iskola\/wp-content\/uploads\/2019\/12\/panorama.jpg","width":100,"height":450},{"@type":"BreadcrumbList","@id":"https:\/\/szekacs.lutheran.hu\/iskola\/iskolank_tortenete\/#breadcrumb","itemListElement":[{"@type":"ListItem","position":1,"name":"Home","item":"https:\/\/szekacs.lutheran.hu\/iskola\/"},{"@type":"ListItem","position":2,"name":"Iskol\u00e1nk t\u00f6rt\u00e9nete"}]},{"@type":"WebSite","@id":"https:\/\/szekacs.lutheran.hu\/iskola\/#website","url":"https:\/\/szekacs.lutheran.hu\/iskola\/","name":"Sz\u00e9k\u00e1cs J\u00f3zsef Evang\u00e9likus \u00d3voda, \u00c1ltal\u00e1nos Iskola \u00e9s Gimn\u00e1zium","description":"","potentialAction":[{"@type":"SearchAction","target":{"@type":"EntryPoint","urlTemplate":"https:\/\/szekacs.lutheran.hu\/iskola\/?s={search_term_string}"},"query-input":{"@type":"PropertyValueSpecification","valueRequired":true,"valueName":"search_term_string"}}],"inLanguage":"hu"}]}},"_links":{"self":[{"href":"https:\/\/szekacs.lutheran.hu\/iskola\/wp-json\/wp\/v2\/pages\/19718","targetHints":{"allow":["GET"]}}],"collection":[{"href":"https:\/\/szekacs.lutheran.hu\/iskola\/wp-json\/wp\/v2\/pages"}],"about":[{"href":"https:\/\/szekacs.lutheran.hu\/iskola\/wp-json\/wp\/v2\/types\/page"}],"author":[{"embeddable":true,"href":"https:\/\/szekacs.lutheran.hu\/iskola\/wp-json\/wp\/v2\/users\/1"}],"replies":[{"embeddable":true,"href":"https:\/\/szekacs.lutheran.hu\/iskola\/wp-json\/wp\/v2\/comments?post=19718"}],"version-history":[{"count":3,"href":"https:\/\/szekacs.lutheran.hu\/iskola\/wp-json\/wp\/v2\/pages\/19718\/revisions"}],"predecessor-version":[{"id":24937,"href":"https:\/\/szekacs.lutheran.hu\/iskola\/wp-json\/wp\/v2\/pages\/19718\/revisions\/24937"}],"wp:attachment":[{"href":"https:\/\/szekacs.lutheran.hu\/iskola\/wp-json\/wp\/v2\/media?parent=19718"}],"curies":[{"name":"wp","href":"https:\/\/api.w.org\/{rel}","templated":true}]}}