{"id":16630,"date":"2019-12-01T20:44:54","date_gmt":"2019-12-01T20:44:54","guid":{"rendered":"https:\/\/szekacs.lutheran.hu\/iskola\/?page_id=16630"},"modified":"2024-05-09T11:30:23","modified_gmt":"2024-05-09T11:30:23","slug":"kapcsolat","status":"publish","type":"page","link":"https:\/\/szekacs.lutheran.hu\/iskola\/kapcsolat\/","title":{"rendered":"Kapcsolat"},"content":{"rendered":"<div id=\"cmsmasters_row_utfgds4smj\" class=\"cmsmasters_row cmsmasters_color_scheme_default cmsmasters_row_top_default cmsmasters_row_bot_default cmsmasters_row_boxed\">\n<div class=\"cmsmasters_row_outer_parent\">\n<div class=\"cmsmasters_row_outer\">\n<div class=\"cmsmasters_row_inner\">\n<div class=\"cmsmasters_row_margin\">\n<div id=\"cmsmasters_column_27h5zgc8l\" class=\"cmsmasters_column one_first\">\n<div class=\"cmsmasters_column_inner\"><div id=\"cmsmasters_heading_mbdct2ju6e\" class=\"cmsmasters_heading_wrap cmsmasters_heading_align_left\">\n\t<h2 class=\"cmsmasters_heading\">El\u00e9rhet\u0151s\u00e9geink<\/h2>\n<\/div>\n<\/div><\/div>\n<\/div>\n<\/div>\n<\/div>\n<\/div>\n<\/div>\n<div id=\"cmsmasters_row_khtof8a9yg\" class=\"cmsmasters_row cmsmasters_color_scheme_second cmsmasters_row_top_default cmsmasters_row_bot_default cmsmasters_row_boxed\">\n<div class=\"cmsmasters_row_outer_parent\">\n<div class=\"cmsmasters_row_outer\">\n<div class=\"cmsmasters_row_inner\">\n<div class=\"cmsmasters_row_margin\">\n<div id=\"cmsmasters_column_lro4pvvfwa\" class=\"cmsmasters_column one_third\">\n<div class=\"cmsmasters_column_inner\"><div class=\"cmsmasters_text\">\n<p>Sz\u00e9k\u00e1cs J\u00f3zsef Evang\u00e9likus \u00d3voda, \u00c1ltal\u00e1nos Iskola \u00e9s Gimn\u00e1zium<\/p>\n<p><strong>C\u00edm:\u00a0<\/strong>5900 Orosh\u00e1za, Bajcsy-Zs. u. 1.<br \/>\n<strong>Telefon:\u00a0<\/strong>(68) 411-771<br \/>\n<strong>Fax:\u00a0<\/strong>(68) 419-269<br \/>\n<strong>Email:\u00a0<\/strong><a href=\"mailto:iskola@szekacs.lutheran.hu\">iskola@szekacs.lutheran.hu<\/a><br \/>\n<strong>Web:\u00a0<\/strong><a href=\"http:\/\/szekacs.lutheran.hu\/\" target=\"_blank\" rel=\"noopener noreferrer\">http:\/\/szekacs.lutheran.hu<\/a><\/p>\n<\/div>\n<\/div><\/div>\n<div id=\"cmsmasters_column_s5alx10hyu\" class=\"cmsmasters_column one_third\">\n<div class=\"cmsmasters_column_inner\"><div class=\"cmsmasters_text\">\n<p><strong>Igazgat\u00f3:<\/strong>\u00a0Nagy R\u00f3bert<br \/>\n<strong>Telefon:\u00a0<\/strong>68\/411-771 (14-es mell\u00e9k)<br \/>\n<strong>Mobil:\u00a0<\/strong>20\/824-4831<br \/>\n<strong>Email:\u00a0<\/strong><a href=\"mailto:nagyrobby@gmail.com\">nagyrobby@gmail.com<\/a><br \/>\n<strong>Fogad\u00f3\u00f3ra: <\/strong>el\u0151zetesen egyeztetett id\u0151pontban<\/p>\n<\/div>\n<div id=\"cmsmasters_divider_u3osxgbvfp\" class=\"cmsmasters_divider cmsmasters_divider_width_long cmsmasters_divider_pos_center\"><\/div>\n<div class=\"cmsmasters_text\">\n<p><strong>Igazgat\u00f3helyettes:<\/strong>\u00a0De\u00e1k P\u00e9ter<br \/>\n<strong>Telefon:\u00a0<\/strong>68\/411-771 (15-\u00f6s mell\u00e9k)<br \/>\n<strong>Mobil:\u00a0<\/strong>20\/332-1322<br \/>\n<strong>Email:\u00a0<\/strong><a href=\"mailto:deakp80@gmail.com\">deakp80@gmail.com<\/a><br \/>\n<strong>Fogad\u00f3\u00f3ra:\u00a0<\/strong>el\u0151zetesen egyeztetett id\u0151pontban<\/p>\n<\/div>\n\n<div id=\"cmsmasters_divider_rgy322xa7p\" class=\"cmsmasters_divider cmsmasters_divider_width_long cmsmasters_divider_pos_center\"><\/div>\n<div class=\"cmsmasters_text\">\n<p><strong>Igazgat\u00f3helyettes:<\/strong>\u00a0Sz\u0151ke-Kili\u00e1n Szilvia<br \/>\n<strong>Telefon:\u00a0<\/strong>68\/411-771 (15-\u00f6s mell\u00e9k)<br \/>\n<strong>Mobil:\u00a0<\/strong>20\/824-7295<br \/>\n<strong>Email: <\/strong><a href=\"mailto:szoke.kilian.szilvia@szekacs.lutheran.hu\">szoke.kilian.szilvia@szekacs.lutheran.hu<\/a><br \/>\n<strong>Fogad\u00f3\u00f3ra:\u00a0<\/strong>el\u0151zetesen egyeztetett id\u0151pontban<\/p>\n<\/div>\n\n<div id=\"cmsmasters_divider_ilo5mw4wd\" class=\"cmsmasters_divider cmsmasters_divider_width_long cmsmasters_divider_pos_center\"><\/div>\n<div class=\"cmsmasters_text\">\n<p><strong>Gazdas\u00e1gi vezet\u0151:<\/strong>\u00a0Turuczkai Lydia<br \/>\n<strong>Telefon:\u00a0<\/strong>68\/411-771 (16-os mell\u00e9k)<br \/>\n<strong>Email:\u00a0<\/strong><a href=\"mailto:turuczkai.lydia@gmail.com\">turuczkai.lydia@gmail.com<\/a><\/p>\n<\/div>\n\n<div id=\"cmsmasters_divider_bzh4pezm3\" class=\"cmsmasters_divider cmsmasters_divider_width_long cmsmasters_divider_pos_center\"><\/div>\n<div class=\"cmsmasters_text\">\n<p><strong>\u00dcgyviteli iroda:<\/strong>\u00a0Machan Szilvia<br \/>\n<strong>Telefon:\u00a0<\/strong>68\/411-771<br \/>\n<strong>Email:\u00a0<\/strong><a href=\"mailto:iskola@szekacs.lutheran.hu\">iskola@szekacs.lutheran.hu<\/a><\/p>\n<\/div>\n\n<div id=\"cmsmasters_divider_bln649u207\" class=\"cmsmasters_divider cmsmasters_divider_width_long cmsmasters_divider_pos_center\"><\/div>\n<div class=\"cmsmasters_text\">\n<p><strong>\u00dcgyviteli iroda:<\/strong>\u00a0Jeszenszky-Paulovicsn\u00e9 Kurunczi Olga<br \/>\n<strong>Telefon:\u00a0<\/strong>68\/411-771<br \/>\n<strong>Email:\u00a0<\/strong><a href=\"mailto:iskola@szekacs.lutheran.hu\">iskola@szekacs.lutheran.hu<\/a><\/p>\n<\/div>\n\n<div id=\"cmsmasters_divider_x084puj5b\" class=\"cmsmasters_divider cmsmasters_divider_width_long cmsmasters_divider_pos_center\"><\/div>\n<div class=\"cmsmasters_text\">\n<p><strong>\u00dcgyviteli iroda:<\/strong> Hal\u00e1szn\u00e9 L\u00e1z\u00e1r Kitti<br \/>\n<strong>Telefon:\u00a0<\/strong>68\/411-771<br \/>\n<strong>Email:\u00a0<\/strong><a href=\"mailto:iskola@szekacs.lutheran.hu\">iskola@szekacs.lutheran.hu<\/a><\/p>\n<\/div>\n<\/div><\/div>\n<div id=\"cmsmasters_column_c7cl1qsxc\" class=\"cmsmasters_column one_third\">\n<div class=\"cmsmasters_column_inner\"><div id=\"cmsmasters_heading_3bh4x1yh48\" class=\"cmsmasters_heading_wrap cmsmasters_heading_align_center\">\n\t<h3 class=\"cmsmasters_heading\">K\u00fcldj\u00f6n \u00fczenetet<\/h3>\n<\/div>\n<div class=\"cmsmasters_contact_form\">\n<div class=\"wpcf7 no-js\" id=\"wpcf7-f6-o1\" lang=\"hu-HU\" dir=\"ltr\" data-wpcf7-id=\"6\">\n<div class=\"screen-reader-response\"><p role=\"status\" aria-live=\"polite\" aria-atomic=\"true\"><\/p> <ul><\/ul><\/div>\n<form action=\"\/iskola\/wp-json\/wp\/v2\/pages\/16630#wpcf7-f6-o1\" method=\"post\" class=\"wpcf7-form init\" aria-label=\"Kapcsolatfelv\u00e9teli \u0171rlap\" novalidate=\"novalidate\" data-status=\"init\">\n<fieldset class=\"hidden-fields-container\"><input type=\"hidden\" name=\"_wpcf7\" value=\"6\" \/><input type=\"hidden\" name=\"_wpcf7_version\" value=\"6.1.5\" \/><input type=\"hidden\" name=\"_wpcf7_locale\" value=\"hu_HU\" \/><input type=\"hidden\" name=\"_wpcf7_unit_tag\" value=\"wpcf7-f6-o1\" \/><input type=\"hidden\" name=\"_wpcf7_container_post\" value=\"0\" \/><input type=\"hidden\" name=\"_wpcf7_posted_data_hash\" value=\"\" \/>\n<\/fieldset>\n<p><label> N\u00e9v (k\u00f6telez\u0151)<br \/>\n<span class=\"wpcf7-form-control-wrap\" data-name=\"your-name\"><input size=\"40\" maxlength=\"400\" class=\"wpcf7-form-control wpcf7-text wpcf7-validates-as-required\" aria-required=\"true\" aria-invalid=\"false\" value=\"\" type=\"text\" name=\"your-name\" \/><\/span> <\/label>\n<\/p>\n<p><label> Email c\u00edm (k\u00f6telez\u0151)<br \/>\n<span class=\"wpcf7-form-control-wrap\" data-name=\"your-email\"><input size=\"40\" maxlength=\"400\" class=\"wpcf7-form-control wpcf7-email wpcf7-validates-as-required wpcf7-text wpcf7-validates-as-email\" aria-required=\"true\" aria-invalid=\"false\" value=\"\" type=\"email\" name=\"your-email\" \/><\/span> <\/label>\n<\/p>\n<p><label> \u00dczenet<br \/>\n<span class=\"wpcf7-form-control-wrap\" data-name=\"your-message\"><textarea cols=\"40\" rows=\"10\" maxlength=\"2000\" class=\"wpcf7-form-control wpcf7-textarea\" aria-invalid=\"false\" name=\"your-message\"><\/textarea><\/span> <\/label>\n<\/p>\n<p><input class=\"wpcf7-form-control wpcf7-submit has-spinner\" type=\"submit\" value=\"K\u00fcld\u00e9s\" \/>\n<\/p><div class=\"wpcf7-response-output\" aria-hidden=\"true\"><\/div>\n<\/form>\n<\/div>\n<\/div>\n<\/div><\/div>\n<\/div>\n<\/div>\n<\/div>\n<\/div>\n<\/div>\n<div id=\"cmsmasters_row_t9h8gk37po\" class=\"cmsmasters_row cmsmasters_color_scheme_default cmsmasters_row_top_default cmsmasters_row_bot_default cmsmasters_row_fullwidth\">\n<div class=\"cmsmasters_row_outer_parent\">\n<div class=\"cmsmasters_row_outer\">\n<div class=\"cmsmasters_row_inner cmsmasters_row_fullwidth\">\n<div class=\"cmsmasters_row_margin\">\n<div id=\"cmsmasters_column_yhw5rq2u72\" class=\"cmsmasters_column one_first\">\n<div class=\"cmsmasters_column_inner\"><div id=\"google_map_y6jslr6a6k\" class=\"cmsmasters_google_map google_map\" data-address=\"Orosh\u00e1za, Sz\u00e9k\u00e1cs J\u00f3zsef Evang\u00e9likus \u00d3voda, \u00c1ltal\u00e1nos Iskola \u00e9s Gimn\u00e1zium, Bajcsy-Zsilinszky utca 1\" data-maptype=\"ROADMAP\" data-zoom=\"17\" data-scrollwheel=\"true\" data-doubleclickzoom=\"true\" data-pan-control=\"true\" data-zoom-control=\"true\" data-map-type-control=\"true\" data-scale-control=\"true\" data-street-view-control=\"true\" data-overview-map-control=\"true\" data-markers=\"latitude: 46.556646382930154\/\/\/longitude: 20.672412894532417\/\/\/|||\"><\/div>\n<\/div><\/div>\n<\/div>\n<\/div>\n<\/div>\n<\/div>\n<\/div>\n\n","protected":false},"excerpt":{"rendered":"","protected":false},"author":1,"featured_media":0,"parent":0,"menu_order":0,"comment_status":"closed","ping_status":"closed","template":"","meta":{"footnotes":""},"class_list":["post-16630","page","type-page","status-publish","hentry"],"yoast_head":"<!-- This site is optimized with the Yoast SEO plugin v26.2 - https:\/\/yoast.com\/wordpress\/plugins\/seo\/ -->\n<title>Kapcsolat - Sz\u00e9k\u00e1cs J\u00f3zsef Evang\u00e9likus \u00d3voda, \u00c1ltal\u00e1nos Iskola \u00e9s Gimn\u00e1zium<\/title>\n<meta name=\"robots\" content=\"index, follow, max-snippet:-1, max-image-preview:large, max-video-preview:-1\" \/>\n<link rel=\"canonical\" href=\"https:\/\/szekacs.lutheran.hu\/iskola\/kapcsolat\/\" \/>\n<meta property=\"og:locale\" content=\"hu_HU\" \/>\n<meta property=\"og:type\" content=\"article\" \/>\n<meta property=\"og:title\" content=\"Kapcsolat - Sz\u00e9k\u00e1cs J\u00f3zsef Evang\u00e9likus \u00d3voda, \u00c1ltal\u00e1nos Iskola \u00e9s Gimn\u00e1zium\" \/>\n<meta property=\"og:url\" content=\"https:\/\/szekacs.lutheran.hu\/iskola\/kapcsolat\/\" \/>\n<meta property=\"og:site_name\" content=\"Sz\u00e9k\u00e1cs J\u00f3zsef Evang\u00e9likus \u00d3voda, \u00c1ltal\u00e1nos Iskola \u00e9s Gimn\u00e1zium\" \/>\n<meta property=\"article:modified_time\" content=\"2024-05-09T11:30:23+00:00\" \/>\n<meta name=\"twitter:card\" content=\"summary_large_image\" \/>\n<meta name=\"twitter:label1\" content=\"Becs\u00fclt olvas\u00e1si id\u0151\" \/>\n\t<meta name=\"twitter:data1\" content=\"4 perc\" \/>\n<script type=\"application\/ld+json\" class=\"yoast-schema-graph\">{\"@context\":\"https:\/\/schema.org\",\"@graph\":[{\"@type\":\"WebPage\",\"@id\":\"https:\/\/szekacs.lutheran.hu\/iskola\/kapcsolat\/\",\"url\":\"https:\/\/szekacs.lutheran.hu\/iskola\/kapcsolat\/\",\"name\":\"Kapcsolat - Sz\u00e9k\u00e1cs J\u00f3zsef Evang\u00e9likus \u00d3voda, \u00c1ltal\u00e1nos Iskola \u00e9s Gimn\u00e1zium\",\"isPartOf\":{\"@id\":\"https:\/\/szekacs.lutheran.hu\/iskola\/#website\"},\"datePublished\":\"2019-12-01T20:44:54+00:00\",\"dateModified\":\"2024-05-09T11:30:23+00:00\",\"breadcrumb\":{\"@id\":\"https:\/\/szekacs.lutheran.hu\/iskola\/kapcsolat\/#breadcrumb\"},\"inLanguage\":\"hu\",\"potentialAction\":[{\"@type\":\"ReadAction\",\"target\":[\"https:\/\/szekacs.lutheran.hu\/iskola\/kapcsolat\/\"]}]},{\"@type\":\"BreadcrumbList\",\"@id\":\"https:\/\/szekacs.lutheran.hu\/iskola\/kapcsolat\/#breadcrumb\",\"itemListElement\":[{\"@type\":\"ListItem\",\"position\":1,\"name\":\"Home\",\"item\":\"https:\/\/szekacs.lutheran.hu\/iskola\/\"},{\"@type\":\"ListItem\",\"position\":2,\"name\":\"Kapcsolat\"}]},{\"@type\":\"WebSite\",\"@id\":\"https:\/\/szekacs.lutheran.hu\/iskola\/#website\",\"url\":\"https:\/\/szekacs.lutheran.hu\/iskola\/\",\"name\":\"Sz\u00e9k\u00e1cs J\u00f3zsef Evang\u00e9likus \u00d3voda, \u00c1ltal\u00e1nos Iskola \u00e9s Gimn\u00e1zium\",\"description\":\"\",\"potentialAction\":[{\"@type\":\"SearchAction\",\"target\":{\"@type\":\"EntryPoint\",\"urlTemplate\":\"https:\/\/szekacs.lutheran.hu\/iskola\/?s={search_term_string}\"},\"query-input\":{\"@type\":\"PropertyValueSpecification\",\"valueRequired\":true,\"valueName\":\"search_term_string\"}}],\"inLanguage\":\"hu\"}]}<\/script>\n<!-- \/ Yoast SEO plugin. -->","yoast_head_json":{"title":"Kapcsolat - Sz\u00e9k\u00e1cs J\u00f3zsef Evang\u00e9likus \u00d3voda, \u00c1ltal\u00e1nos Iskola \u00e9s Gimn\u00e1zium","robots":{"index":"index","follow":"follow","max-snippet":"max-snippet:-1","max-image-preview":"max-image-preview:large","max-video-preview":"max-video-preview:-1"},"canonical":"https:\/\/szekacs.lutheran.hu\/iskola\/kapcsolat\/","og_locale":"hu_HU","og_type":"article","og_title":"Kapcsolat - Sz\u00e9k\u00e1cs J\u00f3zsef Evang\u00e9likus \u00d3voda, \u00c1ltal\u00e1nos Iskola \u00e9s Gimn\u00e1zium","og_url":"https:\/\/szekacs.lutheran.hu\/iskola\/kapcsolat\/","og_site_name":"Sz\u00e9k\u00e1cs J\u00f3zsef Evang\u00e9likus \u00d3voda, \u00c1ltal\u00e1nos Iskola \u00e9s Gimn\u00e1zium","article_modified_time":"2024-05-09T11:30:23+00:00","twitter_card":"summary_large_image","twitter_misc":{"Becs\u00fclt olvas\u00e1si id\u0151":"4 perc"},"schema":{"@context":"https:\/\/schema.org","@graph":[{"@type":"WebPage","@id":"https:\/\/szekacs.lutheran.hu\/iskola\/kapcsolat\/","url":"https:\/\/szekacs.lutheran.hu\/iskola\/kapcsolat\/","name":"Kapcsolat - Sz\u00e9k\u00e1cs J\u00f3zsef Evang\u00e9likus \u00d3voda, \u00c1ltal\u00e1nos Iskola \u00e9s Gimn\u00e1zium","isPartOf":{"@id":"https:\/\/szekacs.lutheran.hu\/iskola\/#website"},"datePublished":"2019-12-01T20:44:54+00:00","dateModified":"2024-05-09T11:30:23+00:00","breadcrumb":{"@id":"https:\/\/szekacs.lutheran.hu\/iskola\/kapcsolat\/#breadcrumb"},"inLanguage":"hu","potentialAction":[{"@type":"ReadAction","target":["https:\/\/szekacs.lutheran.hu\/iskola\/kapcsolat\/"]}]},{"@type":"BreadcrumbList","@id":"https:\/\/szekacs.lutheran.hu\/iskola\/kapcsolat\/#breadcrumb","itemListElement":[{"@type":"ListItem","position":1,"name":"Home","item":"https:\/\/szekacs.lutheran.hu\/iskola\/"},{"@type":"ListItem","position":2,"name":"Kapcsolat"}]},{"@type":"WebSite","@id":"https:\/\/szekacs.lutheran.hu\/iskola\/#website","url":"https:\/\/szekacs.lutheran.hu\/iskola\/","name":"Sz\u00e9k\u00e1cs J\u00f3zsef Evang\u00e9likus \u00d3voda, \u00c1ltal\u00e1nos Iskola \u00e9s Gimn\u00e1zium","description":"","potentialAction":[{"@type":"SearchAction","target":{"@type":"EntryPoint","urlTemplate":"https:\/\/szekacs.lutheran.hu\/iskola\/?s={search_term_string}"},"query-input":{"@type":"PropertyValueSpecification","valueRequired":true,"valueName":"search_term_string"}}],"inLanguage":"hu"}]}},"_links":{"self":[{"href":"https:\/\/szekacs.lutheran.hu\/iskola\/wp-json\/wp\/v2\/pages\/16630","targetHints":{"allow":["GET"]}}],"collection":[{"href":"https:\/\/szekacs.lutheran.hu\/iskola\/wp-json\/wp\/v2\/pages"}],"about":[{"href":"https:\/\/szekacs.lutheran.hu\/iskola\/wp-json\/wp\/v2\/types\/page"}],"author":[{"embeddable":true,"href":"https:\/\/szekacs.lutheran.hu\/iskola\/wp-json\/wp\/v2\/users\/1"}],"replies":[{"embeddable":true,"href":"https:\/\/szekacs.lutheran.hu\/iskola\/wp-json\/wp\/v2\/comments?post=16630"}],"version-history":[{"count":9,"href":"https:\/\/szekacs.lutheran.hu\/iskola\/wp-json\/wp\/v2\/pages\/16630\/revisions"}],"predecessor-version":[{"id":30466,"href":"https:\/\/szekacs.lutheran.hu\/iskola\/wp-json\/wp\/v2\/pages\/16630\/revisions\/30466"}],"wp:attachment":[{"href":"https:\/\/szekacs.lutheran.hu\/iskola\/wp-json\/wp\/v2\/media?parent=16630"}],"curies":[{"name":"wp","href":"https:\/\/api.w.org\/{rel}","templated":true}]}}