{"id":33810,"date":"2026-03-27T10:15:15","date_gmt":"2026-03-27T10:15:15","guid":{"rendered":"https:\/\/szekacs.lutheran.hu\/iskola\/?post_type=envira&#038;p=33810"},"modified":"2026-03-27T10:15:15","modified_gmt":"2026-03-27T10:15:15","slug":"szekacs-30-istentisztelet","status":"publish","type":"envira","link":"https:\/\/szekacs.lutheran.hu\/iskola\/galeriak\/szekacs-30-istentisztelet\/","title":{"rendered":"Sz\u00e9k\u00e1cs 30 istentisztelet"},"author":1,"featured_media":0,"template":"","class_list":["post-33810","envira","type-envira","status-publish","hentry"],"yoast_head":"<!-- This site is optimized with the Yoast SEO plugin v26.2 - https:\/\/yoast.com\/wordpress\/plugins\/seo\/ -->\n<title>Sz\u00e9k\u00e1cs 30 istentisztelet - Sz\u00e9k\u00e1cs J\u00f3zsef Evang\u00e9likus \u00d3voda, \u00c1ltal\u00e1nos Iskola \u00e9s Gimn\u00e1zium<\/title>\n<meta name=\"robots\" content=\"index, follow, max-snippet:-1, max-image-preview:large, max-video-preview:-1\" \/>\n<link rel=\"canonical\" href=\"https:\/\/szekacs.lutheran.hu\/iskola\/galeriak\/szekacs-30-istentisztelet\/\" \/>\n<meta property=\"og:locale\" content=\"hu_HU\" \/>\n<meta property=\"og:type\" content=\"article\" \/>\n<meta property=\"og:title\" content=\"Sz\u00e9k\u00e1cs 30 istentisztelet - Sz\u00e9k\u00e1cs J\u00f3zsef Evang\u00e9likus \u00d3voda, \u00c1ltal\u00e1nos Iskola \u00e9s Gimn\u00e1zium\" \/>\n<meta property=\"og:url\" content=\"https:\/\/szekacs.lutheran.hu\/iskola\/galeriak\/szekacs-30-istentisztelet\/\" \/>\n<meta property=\"og:site_name\" content=\"Sz\u00e9k\u00e1cs J\u00f3zsef Evang\u00e9likus \u00d3voda, \u00c1ltal\u00e1nos Iskola \u00e9s Gimn\u00e1zium\" \/>\n<meta name=\"twitter:card\" content=\"summary_large_image\" \/>\n<script type=\"application\/ld+json\" class=\"yoast-schema-graph\">{\"@context\":\"https:\/\/schema.org\",\"@graph\":[{\"@type\":\"WebPage\",\"@id\":\"https:\/\/szekacs.lutheran.hu\/iskola\/galeriak\/szekacs-30-istentisztelet\/\",\"url\":\"https:\/\/szekacs.lutheran.hu\/iskola\/galeriak\/szekacs-30-istentisztelet\/\",\"name\":\"Sz\u00e9k\u00e1cs 30 istentisztelet - Sz\u00e9k\u00e1cs J\u00f3zsef Evang\u00e9likus \u00d3voda, \u00c1ltal\u00e1nos Iskola \u00e9s Gimn\u00e1zium\",\"isPartOf\":{\"@id\":\"https:\/\/szekacs.lutheran.hu\/iskola\/#website\"},\"datePublished\":\"2026-03-27T10:15:15+00:00\",\"breadcrumb\":{\"@id\":\"https:\/\/szekacs.lutheran.hu\/iskola\/galeriak\/szekacs-30-istentisztelet\/#breadcrumb\"},\"inLanguage\":\"hu\",\"potentialAction\":[{\"@type\":\"ReadAction\",\"target\":[\"https:\/\/szekacs.lutheran.hu\/iskola\/galeriak\/szekacs-30-istentisztelet\/\"]}]},{\"@type\":\"BreadcrumbList\",\"@id\":\"https:\/\/szekacs.lutheran.hu\/iskola\/galeriak\/szekacs-30-istentisztelet\/#breadcrumb\",\"itemListElement\":[{\"@type\":\"ListItem\",\"position\":1,\"name\":\"Home\",\"item\":\"https:\/\/szekacs.lutheran.hu\/iskola\/\"},{\"@type\":\"ListItem\",\"position\":2,\"name\":\"Sz\u00e9k\u00e1cs 30 istentisztelet\"}]},{\"@type\":\"WebSite\",\"@id\":\"https:\/\/szekacs.lutheran.hu\/iskola\/#website\",\"url\":\"https:\/\/szekacs.lutheran.hu\/iskola\/\",\"name\":\"Sz\u00e9k\u00e1cs J\u00f3zsef Evang\u00e9likus \u00d3voda, \u00c1ltal\u00e1nos Iskola \u00e9s Gimn\u00e1zium\",\"description\":\"\",\"potentialAction\":[{\"@type\":\"SearchAction\",\"target\":{\"@type\":\"EntryPoint\",\"urlTemplate\":\"https:\/\/szekacs.lutheran.hu\/iskola\/?s={search_term_string}\"},\"query-input\":{\"@type\":\"PropertyValueSpecification\",\"valueRequired\":true,\"valueName\":\"search_term_string\"}}],\"inLanguage\":\"hu\"}]}<\/script>\n<!-- \/ Yoast SEO plugin. -->","yoast_head_json":{"title":"Sz\u00e9k\u00e1cs 30 istentisztelet - Sz\u00e9k\u00e1cs J\u00f3zsef Evang\u00e9likus \u00d3voda, \u00c1ltal\u00e1nos Iskola \u00e9s Gimn\u00e1zium","robots":{"index":"index","follow":"follow","max-snippet":"max-snippet:-1","max-image-preview":"max-image-preview:large","max-video-preview":"max-video-preview:-1"},"canonical":"https:\/\/szekacs.lutheran.hu\/iskola\/galeriak\/szekacs-30-istentisztelet\/","og_locale":"hu_HU","og_type":"article","og_title":"Sz\u00e9k\u00e1cs 30 istentisztelet - Sz\u00e9k\u00e1cs J\u00f3zsef Evang\u00e9likus \u00d3voda, \u00c1ltal\u00e1nos Iskola \u00e9s Gimn\u00e1zium","og_url":"https:\/\/szekacs.lutheran.hu\/iskola\/galeriak\/szekacs-30-istentisztelet\/","og_site_name":"Sz\u00e9k\u00e1cs J\u00f3zsef Evang\u00e9likus \u00d3voda, \u00c1ltal\u00e1nos Iskola \u00e9s Gimn\u00e1zium","twitter_card":"summary_large_image","schema":{"@context":"https:\/\/schema.org","@graph":[{"@type":"WebPage","@id":"https:\/\/szekacs.lutheran.hu\/iskola\/galeriak\/szekacs-30-istentisztelet\/","url":"https:\/\/szekacs.lutheran.hu\/iskola\/galeriak\/szekacs-30-istentisztelet\/","name":"Sz\u00e9k\u00e1cs 30 istentisztelet - Sz\u00e9k\u00e1cs J\u00f3zsef Evang\u00e9likus \u00d3voda, \u00c1ltal\u00e1nos Iskola \u00e9s Gimn\u00e1zium","isPartOf":{"@id":"https:\/\/szekacs.lutheran.hu\/iskola\/#website"},"datePublished":"2026-03-27T10:15:15+00:00","breadcrumb":{"@id":"https:\/\/szekacs.lutheran.hu\/iskola\/galeriak\/szekacs-30-istentisztelet\/#breadcrumb"},"inLanguage":"hu","potentialAction":[{"@type":"ReadAction","target":["https:\/\/szekacs.lutheran.hu\/iskola\/galeriak\/szekacs-30-istentisztelet\/"]}]},{"@type":"BreadcrumbList","@id":"https:\/\/szekacs.lutheran.hu\/iskola\/galeriak\/szekacs-30-istentisztelet\/#breadcrumb","itemListElement":[{"@type":"ListItem","position":1,"name":"Home","item":"https:\/\/szekacs.lutheran.hu\/iskola\/"},{"@type":"ListItem","position":2,"name":"Sz\u00e9k\u00e1cs 30 istentisztelet"}]},{"@type":"WebSite","@id":"https:\/\/szekacs.lutheran.hu\/iskola\/#website","url":"https:\/\/szekacs.lutheran.hu\/iskola\/","name":"Sz\u00e9k\u00e1cs J\u00f3zsef Evang\u00e9likus \u00d3voda, \u00c1ltal\u00e1nos Iskola \u00e9s Gimn\u00e1zium","description":"","potentialAction":[{"@type":"SearchAction","target":{"@type":"EntryPoint","urlTemplate":"https:\/\/szekacs.lutheran.hu\/iskola\/?s={search_term_string}"},"query-input":{"@type":"PropertyValueSpecification","valueRequired":true,"valueName":"search_term_string"}}],"inLanguage":"hu"}]}},"gallery_data":{"id":33810,"gallery":[{"status":"active","src":"https:\/\/szekacs.lutheran.hu\/iskola\/wp-content\/uploads\/2026\/03\/IMGP2422-1-860x572.jpg","title":"IMGP2422 (1)","link":"https:\/\/szekacs.lutheran.hu\/iskola\/wp-content\/uploads\/2026\/03\/IMGP2422-1-scaled.jpg","alt":"","caption":"","thumb":"","tags":[],"id":33840,"height":572,"width":860},{"status":"active","src":"https:\/\/szekacs.lutheran.hu\/iskola\/wp-content\/uploads\/2026\/03\/IMGP2416-1-860x572.jpg","title":"IMGP2416 (1)","link":"https:\/\/szekacs.lutheran.hu\/iskola\/wp-content\/uploads\/2026\/03\/IMGP2416-1-scaled.jpg","alt":"","caption":"","thumb":"","tags":[],"id":33839,"height":572,"width":860},{"status":"active","src":"https:\/\/szekacs.lutheran.hu\/iskola\/wp-content\/uploads\/2026\/03\/IMGP2415-1-860x572.jpg","title":"IMGP2415 (1)","link":"https:\/\/szekacs.lutheran.hu\/iskola\/wp-content\/uploads\/2026\/03\/IMGP2415-1-scaled.jpg","alt":"","caption":"","thumb":"","tags":[],"id":33838,"height":572,"width":860},{"status":"active","src":"https:\/\/szekacs.lutheran.hu\/iskola\/wp-content\/uploads\/2026\/03\/IMGP2405-860x1293.jpg","title":"IMGP2405","link":"https:\/\/szekacs.lutheran.hu\/iskola\/wp-content\/uploads\/2026\/03\/IMGP2405-scaled.jpg","alt":"","caption":"","thumb":"","tags":[],"id":33837,"height":1293,"width":860},{"status":"active","src":"https:\/\/szekacs.lutheran.hu\/iskola\/wp-content\/uploads\/2026\/03\/IMGP2401-1-860x572.jpg","title":"IMGP2401 (1)","link":"https:\/\/szekacs.lutheran.hu\/iskola\/wp-content\/uploads\/2026\/03\/IMGP2401-1-scaled.jpg","alt":"","caption":"","thumb":"","tags":[],"id":33836,"height":572,"width":860},{"status":"active","src":"https:\/\/szekacs.lutheran.hu\/iskola\/wp-content\/uploads\/2026\/03\/IMGP2400-1-860x572.jpg","title":"IMGP2400 (1)","link":"https:\/\/szekacs.lutheran.hu\/iskola\/wp-content\/uploads\/2026\/03\/IMGP2400-1-scaled.jpg","alt":"","caption":"","thumb":"","tags":[],"id":33835,"height":572,"width":860},{"status":"active","src":"https:\/\/szekacs.lutheran.hu\/iskola\/wp-content\/uploads\/2026\/03\/IMGP2394-860x572.jpg","title":"IMGP2394","link":"https:\/\/szekacs.lutheran.hu\/iskola\/wp-content\/uploads\/2026\/03\/IMGP2394-scaled.jpg","alt":"","caption":"","thumb":"","tags":[],"id":33834,"height":572,"width":860},{"status":"active","src":"https:\/\/szekacs.lutheran.hu\/iskola\/wp-content\/uploads\/2026\/03\/IMGP2393-1-860x1293.jpg","title":"IMGP2393 (1)","link":"https:\/\/szekacs.lutheran.hu\/iskola\/wp-content\/uploads\/2026\/03\/IMGP2393-1-scaled.jpg","alt":"","caption":"","thumb":"","tags":[],"id":33833,"height":1293,"width":860},{"status":"active","src":"https:\/\/szekacs.lutheran.hu\/iskola\/wp-content\/uploads\/2026\/03\/IMGP2385-1-860x572.jpg","title":"IMGP2385 (1)","link":"https:\/\/szekacs.lutheran.hu\/iskola\/wp-content\/uploads\/2026\/03\/IMGP2385-1-scaled.jpg","alt":"","caption":"","thumb":"","tags":[],"id":33832,"height":572,"width":860},{"status":"active","src":"https:\/\/szekacs.lutheran.hu\/iskola\/wp-content\/uploads\/2026\/03\/IMGP2384-860x572.jpg","title":"IMGP2384","link":"https:\/\/szekacs.lutheran.hu\/iskola\/wp-content\/uploads\/2026\/03\/IMGP2384-scaled.jpg","alt":"","caption":"","thumb":"","tags":[],"id":33831,"height":572,"width":860},{"status":"active","src":"https:\/\/szekacs.lutheran.hu\/iskola\/wp-content\/uploads\/2026\/03\/IMGP2379-1-860x572.jpg","title":"IMGP2379 (1)","link":"https:\/\/szekacs.lutheran.hu\/iskola\/wp-content\/uploads\/2026\/03\/IMGP2379-1-scaled.jpg","alt":"","caption":"","thumb":"","tags":[],"id":33830,"height":572,"width":860},{"status":"active","src":"https:\/\/szekacs.lutheran.hu\/iskola\/wp-content\/uploads\/2026\/03\/IMGP2377-1-860x572.jpg","title":"IMGP2377 (1)","link":"https:\/\/szekacs.lutheran.hu\/iskola\/wp-content\/uploads\/2026\/03\/IMGP2377-1-scaled.jpg","alt":"","caption":"","thumb":"","tags":[],"id":33829,"height":572,"width":860},{"status":"active","src":"https:\/\/szekacs.lutheran.hu\/iskola\/wp-content\/uploads\/2026\/03\/IMGP2373-860x572.jpg","title":"IMGP2373","link":"https:\/\/szekacs.lutheran.hu\/iskola\/wp-content\/uploads\/2026\/03\/IMGP2373-scaled.jpg","alt":"","caption":"","thumb":"","tags":[],"id":33828,"height":572,"width":860},{"status":"active","src":"https:\/\/szekacs.lutheran.hu\/iskola\/wp-content\/uploads\/2026\/03\/IMGP2368-1-860x572.jpg","title":"IMGP2368 (1)","link":"https:\/\/szekacs.lutheran.hu\/iskola\/wp-content\/uploads\/2026\/03\/IMGP2368-1-scaled.jpg","alt":"","caption":"","thumb":"","tags":[],"id":33827,"height":572,"width":860},{"status":"active","src":"https:\/\/szekacs.lutheran.hu\/iskola\/wp-content\/uploads\/2026\/03\/IMGP2361-1-860x572.jpg","title":"IMGP2361 (1)","link":"https:\/\/szekacs.lutheran.hu\/iskola\/wp-content\/uploads\/2026\/03\/IMGP2361-1-scaled.jpg","alt":"","caption":"","thumb":"","tags":[],"id":33826,"height":572,"width":860},{"status":"active","src":"https:\/\/szekacs.lutheran.hu\/iskola\/wp-content\/uploads\/2026\/03\/IMGP2359-860x1293.jpg","title":"IMGP2359","link":"https:\/\/szekacs.lutheran.hu\/iskola\/wp-content\/uploads\/2026\/03\/IMGP2359-scaled.jpg","alt":"","caption":"","thumb":"","tags":[],"id":33824,"height":1293,"width":860},{"status":"active","src":"https:\/\/szekacs.lutheran.hu\/iskola\/wp-content\/uploads\/2026\/03\/IMGP2359-1-860x1293.jpg","title":"IMGP2359 (1)","link":"https:\/\/szekacs.lutheran.hu\/iskola\/wp-content\/uploads\/2026\/03\/IMGP2359-1-scaled.jpg","alt":"","caption":"","thumb":"","tags":[],"id":33822,"height":1293,"width":860},{"status":"active","src":"https:\/\/szekacs.lutheran.hu\/iskola\/wp-content\/uploads\/2026\/03\/IMGP2353-1-860x572.jpg","title":"IMGP2353 (1)","link":"https:\/\/szekacs.lutheran.hu\/iskola\/wp-content\/uploads\/2026\/03\/IMGP2353-1-scaled.jpg","alt":"","caption":"","thumb":"","tags":[],"id":33821,"height":572,"width":860},{"status":"active","src":"https:\/\/szekacs.lutheran.hu\/iskola\/wp-content\/uploads\/2026\/03\/IMGP2352-1-860x572.jpg","title":"IMGP2352 (1)","link":"https:\/\/szekacs.lutheran.hu\/iskola\/wp-content\/uploads\/2026\/03\/IMGP2352-1-scaled.jpg","alt":"","caption":"","thumb":"","tags":[],"id":33820,"height":572,"width":860},{"status":"active","src":"https:\/\/szekacs.lutheran.hu\/iskola\/wp-content\/uploads\/2026\/03\/IMGP2348-1-860x572.jpg","title":"IMGP2348 (1)","link":"https:\/\/szekacs.lutheran.hu\/iskola\/wp-content\/uploads\/2026\/03\/IMGP2348-1-scaled.jpg","alt":"","caption":"","thumb":"","tags":[],"id":33818,"height":572,"width":860},{"status":"active","src":"https:\/\/szekacs.lutheran.hu\/iskola\/wp-content\/uploads\/2026\/03\/IMGP2347-1-860x572.jpg","title":"IMGP2347 (1)","link":"https:\/\/szekacs.lutheran.hu\/iskola\/wp-content\/uploads\/2026\/03\/IMGP2347-1-scaled.jpg","alt":"","caption":"","thumb":"","tags":[],"id":33817,"height":572,"width":860},{"status":"active","src":"https:\/\/szekacs.lutheran.hu\/iskola\/wp-content\/uploads\/2026\/03\/IMGP2346-1-860x572.jpg","title":"IMGP2346 (1)","link":"https:\/\/szekacs.lutheran.hu\/iskola\/wp-content\/uploads\/2026\/03\/IMGP2346-1-scaled.jpg","alt":"","caption":"","thumb":"","tags":[],"id":33816,"height":572,"width":860},{"status":"active","src":"https:\/\/szekacs.lutheran.hu\/iskola\/wp-content\/uploads\/2026\/03\/IMGP2345-1-860x572.jpg","title":"IMGP2345 (1)","link":"https:\/\/szekacs.lutheran.hu\/iskola\/wp-content\/uploads\/2026\/03\/IMGP2345-1-scaled.jpg","alt":"","caption":"","thumb":"","tags":[],"id":33815,"height":572,"width":860},{"status":"active","src":"https:\/\/szekacs.lutheran.hu\/iskola\/wp-content\/uploads\/2026\/03\/IMGP2344-860x572.jpg","title":"IMGP2344","link":"https:\/\/szekacs.lutheran.hu\/iskola\/wp-content\/uploads\/2026\/03\/IMGP2344-scaled.jpg","alt":"","caption":"","thumb":"","tags":[],"id":33814,"height":572,"width":860},{"status":"active","src":"https:\/\/szekacs.lutheran.hu\/iskola\/wp-content\/uploads\/2026\/03\/IMGP2343-1-860x572.jpg","title":"IMGP2343 (1)","link":"https:\/\/szekacs.lutheran.hu\/iskola\/wp-content\/uploads\/2026\/03\/IMGP2343-1-scaled.jpg","alt":"","caption":"","thumb":"","tags":[],"id":33813,"height":572,"width":860},{"status":"active","src":"https:\/\/szekacs.lutheran.hu\/iskola\/wp-content\/uploads\/2026\/03\/IMGP2340-860x572.jpg","title":"IMGP2340","link":"https:\/\/szekacs.lutheran.hu\/iskola\/wp-content\/uploads\/2026\/03\/IMGP2340-scaled.jpg","alt":"","caption":"","thumb":"","tags":[],"id":33812,"height":572,"width":860},{"status":"active","src":"https:\/\/szekacs.lutheran.hu\/iskola\/wp-content\/uploads\/2026\/03\/IMGP2334-860x572.jpg","title":"IMGP2334","link":"https:\/\/szekacs.lutheran.hu\/iskola\/wp-content\/uploads\/2026\/03\/IMGP2334-scaled.jpg","alt":"","caption":"","thumb":"","tags":[],"id":33811,"height":572,"width":860}],"config":{"type":"default","layout":"automatic","columns":"0","gallery_theme":"base","justified_margins":1,"justified_last_row":"nojustify","lazy_loading":1,"lazy_loading_delay":500,"gutter":10,"gutter_mobile":0,"margin":10,"image_size":"default","square_size":false,"crop_width":640,"crop_height":480,"crop":0,"crop_position":"c","show_more_text":"","additional_copy_0":0,"additional_copy_title":0,"additional_copy_caption":0,"additional_copy_title_caption":0,"additional_copy_0_mobile":0,"additional_copy_title_mobile":0,"additional_copy_caption_mobile":0,"additional_copy_title_caption_mobile":0,"gallery_column_title_caption":"0","gallery_column_title_caption_mobile":"0","additional_copy_automatic_0":0,"additional_copy_automatic_title":0,"additional_copy_automatic_caption":0,"additional_copy_automatic_title_caption":0,"additional_copy_automatic_0_mobile":0,"additional_copy_automatic_title_mobile":0,"additional_copy_automatic_caption_mobile":0,"additional_copy_automatic_title_caption_mobile":0,"gallery_automatic_title_caption":"0","gallery_automatic_title_caption_mobile":"0","justified_row_height":150,"description_position":"above","description":"<p>2026-03-20 Sz\u00e9k\u00e1cs Evang\u00e9likus Iskola \u00fcnnepi istentisztelete \u00e9s k\u00f6zgy\u0171l\u00e9s<\/p>\n<p>Ig\u00e9t hirdet Kondor P\u00e9ter p\u00fcsp\u00f6k<\/p>\n","random":"0","sort_order":"0","sorting_direction":"ASC","image_sizes_random":[],"isotope":0,"lightbox_enabled":1,"gallery_link_enabled":1,"lightbox_theme":"base_dark","lightbox_image_size":"default","title_display":"float","lightbox_title_caption":"title","arrows":1,"arrows_position":"inside","toolbar":1,"toolbar_title":0,"toolbar_position":"top","loop":1,"lightbox_open_close_effect":"fade","effect":"fade","supersize":0,"thumbnails_toggle":0,"thumbnails_hide":0,"image_counter":0,"lightbox_html_caption":0,"thumbnails":1,"thumbnails_width":75,"thumbnails_height":50,"thumbnails_position":"bottom","thumbnails_custom_size":0,"mobile":1,"mobile_width":320,"mobile_height":240,"mobile_lightbox":1,"mobile_gallery_link_enabled":0,"mobile_arrows":1,"mobile_toolbar":1,"mobile_thumbnails":1,"mobile_touchwipe_close":0,"mobile_thumbnails_width":75,"mobile_thumbnails_height":50,"mobile_justified_row_height":80,"keyboard":true,"standalone_template":"","classes":["envira-default-gallery"],"rtl":0,"slug":"szekacs-30-istentisztelet","native_gallery_override":0,"pagination":0,"pagination_position":"above","pagination_images_per_page":0,"pagination_prev_next":"numbered_previous_next","pagination_prev_text":"","pagination_next_text":"","pagination_scroll":0,"pagination_ajax_load":0,"pagination_button_text":"","pagination_lightbox_display_all_images":0,"mobile_pagination_images_per_page":0,"mobile_pagination_prev_next":"numbered_previous_next","slideshow":0,"autoplay":0,"slideshow_hover":0,"ss_speed":0,"tags":0,"tags_filter":false,"tags_position":"above","tags_all_enabled":0,"tags_all":"","tags_sorting":"","tags_manual_sorting":[""],"tags_display":"","tags_scroll":0,"tags_mobile":0,"tags_count":0,"watermarking":false,"watermarking_image_id":0,"watermarking_position":"top-left","watermarking_margin":0,"watermarking_text":"","watermarking_font":"Arial","watermarking_font_size":0,"watermarking_color":"","watermarking_rotation":0,"watermarking_repeat":false,"watermarking_image_scale":0,"watermarking_type":"text","watermarking_keep_original":false,"watermarking_existing_images":false,"title":"Sz\u00e9k\u00e1cs 30 istentisztelet"}},"_links":{"self":[{"href":"https:\/\/szekacs.lutheran.hu\/iskola\/wp-json\/wp\/v2\/envira-gallery\/33810","targetHints":{"allow":["GET"]}}],"collection":[{"href":"https:\/\/szekacs.lutheran.hu\/iskola\/wp-json\/wp\/v2\/envira-gallery"}],"about":[{"href":"https:\/\/szekacs.lutheran.hu\/iskola\/wp-json\/wp\/v2\/types\/envira"}],"author":[{"embeddable":true,"href":"https:\/\/szekacs.lutheran.hu\/iskola\/wp-json\/wp\/v2\/users\/1"}],"wp:attachment":[{"href":"https:\/\/szekacs.lutheran.hu\/iskola\/wp-json\/wp\/v2\/media?parent=33810"}],"curies":[{"name":"wp","href":"https:\/\/api.w.org\/{rel}","templated":true}]}}