{"id":29257,"date":"2023-09-28T10:35:47","date_gmt":"2023-09-28T10:35:47","guid":{"rendered":"https:\/\/szekacs.lutheran.hu\/iskola\/?post_type=envira&#038;p=29257"},"modified":"2023-09-28T10:35:47","modified_gmt":"2023-09-28T10:35:47","slug":"partium-2023","status":"publish","type":"envira","link":"https:\/\/szekacs.lutheran.hu\/iskola\/galeriak\/partium-2023\/","title":{"rendered":"Partium 2023"},"author":1,"featured_media":0,"template":"","class_list":["post-29257","envira","type-envira","status-publish","hentry"],"yoast_head":"<!-- This site is optimized with the Yoast SEO plugin v26.2 - https:\/\/yoast.com\/wordpress\/plugins\/seo\/ -->\n<title>Partium 2023 - Sz\u00e9k\u00e1cs J\u00f3zsef Evang\u00e9likus \u00d3voda, \u00c1ltal\u00e1nos Iskola \u00e9s Gimn\u00e1zium<\/title>\n<meta name=\"robots\" content=\"index, follow, max-snippet:-1, max-image-preview:large, max-video-preview:-1\" \/>\n<link rel=\"canonical\" href=\"https:\/\/szekacs.lutheran.hu\/iskola\/galeriak\/partium-2023\/\" \/>\n<meta property=\"og:locale\" content=\"hu_HU\" \/>\n<meta property=\"og:type\" content=\"article\" \/>\n<meta property=\"og:title\" content=\"Partium 2023 - Sz\u00e9k\u00e1cs J\u00f3zsef Evang\u00e9likus \u00d3voda, \u00c1ltal\u00e1nos Iskola \u00e9s Gimn\u00e1zium\" \/>\n<meta property=\"og:url\" content=\"https:\/\/szekacs.lutheran.hu\/iskola\/galeriak\/partium-2023\/\" \/>\n<meta property=\"og:site_name\" content=\"Sz\u00e9k\u00e1cs J\u00f3zsef Evang\u00e9likus \u00d3voda, \u00c1ltal\u00e1nos Iskola \u00e9s Gimn\u00e1zium\" \/>\n<meta name=\"twitter:card\" content=\"summary_large_image\" \/>\n<script type=\"application\/ld+json\" class=\"yoast-schema-graph\">{\"@context\":\"https:\/\/schema.org\",\"@graph\":[{\"@type\":\"WebPage\",\"@id\":\"https:\/\/szekacs.lutheran.hu\/iskola\/galeriak\/partium-2023\/\",\"url\":\"https:\/\/szekacs.lutheran.hu\/iskola\/galeriak\/partium-2023\/\",\"name\":\"Partium 2023 - Sz\u00e9k\u00e1cs J\u00f3zsef Evang\u00e9likus \u00d3voda, \u00c1ltal\u00e1nos Iskola \u00e9s Gimn\u00e1zium\",\"isPartOf\":{\"@id\":\"https:\/\/szekacs.lutheran.hu\/iskola\/#website\"},\"datePublished\":\"2023-09-28T10:35:47+00:00\",\"breadcrumb\":{\"@id\":\"https:\/\/szekacs.lutheran.hu\/iskola\/galeriak\/partium-2023\/#breadcrumb\"},\"inLanguage\":\"hu\",\"potentialAction\":[{\"@type\":\"ReadAction\",\"target\":[\"https:\/\/szekacs.lutheran.hu\/iskola\/galeriak\/partium-2023\/\"]}]},{\"@type\":\"BreadcrumbList\",\"@id\":\"https:\/\/szekacs.lutheran.hu\/iskola\/galeriak\/partium-2023\/#breadcrumb\",\"itemListElement\":[{\"@type\":\"ListItem\",\"position\":1,\"name\":\"Home\",\"item\":\"https:\/\/szekacs.lutheran.hu\/iskola\/\"},{\"@type\":\"ListItem\",\"position\":2,\"name\":\"Partium 2023\"}]},{\"@type\":\"WebSite\",\"@id\":\"https:\/\/szekacs.lutheran.hu\/iskola\/#website\",\"url\":\"https:\/\/szekacs.lutheran.hu\/iskola\/\",\"name\":\"Sz\u00e9k\u00e1cs J\u00f3zsef Evang\u00e9likus \u00d3voda, \u00c1ltal\u00e1nos Iskola \u00e9s Gimn\u00e1zium\",\"description\":\"\",\"potentialAction\":[{\"@type\":\"SearchAction\",\"target\":{\"@type\":\"EntryPoint\",\"urlTemplate\":\"https:\/\/szekacs.lutheran.hu\/iskola\/?s={search_term_string}\"},\"query-input\":{\"@type\":\"PropertyValueSpecification\",\"valueRequired\":true,\"valueName\":\"search_term_string\"}}],\"inLanguage\":\"hu\"}]}<\/script>\n<!-- \/ Yoast SEO plugin. -->","yoast_head_json":{"title":"Partium 2023 - Sz\u00e9k\u00e1cs J\u00f3zsef Evang\u00e9likus \u00d3voda, \u00c1ltal\u00e1nos Iskola \u00e9s Gimn\u00e1zium","robots":{"index":"index","follow":"follow","max-snippet":"max-snippet:-1","max-image-preview":"max-image-preview:large","max-video-preview":"max-video-preview:-1"},"canonical":"https:\/\/szekacs.lutheran.hu\/iskola\/galeriak\/partium-2023\/","og_locale":"hu_HU","og_type":"article","og_title":"Partium 2023 - Sz\u00e9k\u00e1cs J\u00f3zsef Evang\u00e9likus \u00d3voda, \u00c1ltal\u00e1nos Iskola \u00e9s Gimn\u00e1zium","og_url":"https:\/\/szekacs.lutheran.hu\/iskola\/galeriak\/partium-2023\/","og_site_name":"Sz\u00e9k\u00e1cs J\u00f3zsef Evang\u00e9likus \u00d3voda, \u00c1ltal\u00e1nos Iskola \u00e9s Gimn\u00e1zium","twitter_card":"summary_large_image","schema":{"@context":"https:\/\/schema.org","@graph":[{"@type":"WebPage","@id":"https:\/\/szekacs.lutheran.hu\/iskola\/galeriak\/partium-2023\/","url":"https:\/\/szekacs.lutheran.hu\/iskola\/galeriak\/partium-2023\/","name":"Partium 2023 - Sz\u00e9k\u00e1cs J\u00f3zsef Evang\u00e9likus \u00d3voda, \u00c1ltal\u00e1nos Iskola \u00e9s Gimn\u00e1zium","isPartOf":{"@id":"https:\/\/szekacs.lutheran.hu\/iskola\/#website"},"datePublished":"2023-09-28T10:35:47+00:00","breadcrumb":{"@id":"https:\/\/szekacs.lutheran.hu\/iskola\/galeriak\/partium-2023\/#breadcrumb"},"inLanguage":"hu","potentialAction":[{"@type":"ReadAction","target":["https:\/\/szekacs.lutheran.hu\/iskola\/galeriak\/partium-2023\/"]}]},{"@type":"BreadcrumbList","@id":"https:\/\/szekacs.lutheran.hu\/iskola\/galeriak\/partium-2023\/#breadcrumb","itemListElement":[{"@type":"ListItem","position":1,"name":"Home","item":"https:\/\/szekacs.lutheran.hu\/iskola\/"},{"@type":"ListItem","position":2,"name":"Partium 2023"}]},{"@type":"WebSite","@id":"https:\/\/szekacs.lutheran.hu\/iskola\/#website","url":"https:\/\/szekacs.lutheran.hu\/iskola\/","name":"Sz\u00e9k\u00e1cs J\u00f3zsef Evang\u00e9likus \u00d3voda, \u00c1ltal\u00e1nos Iskola \u00e9s Gimn\u00e1zium","description":"","potentialAction":[{"@type":"SearchAction","target":{"@type":"EntryPoint","urlTemplate":"https:\/\/szekacs.lutheran.hu\/iskola\/?s={search_term_string}"},"query-input":{"@type":"PropertyValueSpecification","valueRequired":true,"valueName":"search_term_string"}}],"inLanguage":"hu"}]}},"gallery_data":{"id":29257,"gallery":[{"status":"active","src":"https:\/\/szekacs.lutheran.hu\/iskola\/wp-content\/uploads\/2023\/09\/20230914_094513-860x387.jpg","title":"20230914_094513","link":"https:\/\/szekacs.lutheran.hu\/iskola\/wp-content\/uploads\/2023\/09\/20230914_094513.jpg","alt":"","caption":"","thumb":"","tags":[],"id":29258,"height":387,"width":860},{"status":"active","src":"https:\/\/szekacs.lutheran.hu\/iskola\/wp-content\/uploads\/2023\/09\/20230914_094514-860x387.jpg","title":"20230914_094514","link":"https:\/\/szekacs.lutheran.hu\/iskola\/wp-content\/uploads\/2023\/09\/20230914_094514.jpg","alt":"","caption":"","thumb":"","tags":[],"id":29259,"height":387,"width":860},{"status":"active","src":"https:\/\/szekacs.lutheran.hu\/iskola\/wp-content\/uploads\/2023\/09\/20230914_094524-860x387.jpg","title":"20230914_094524","link":"https:\/\/szekacs.lutheran.hu\/iskola\/wp-content\/uploads\/2023\/09\/20230914_094524.jpg","alt":"","caption":"","thumb":"","tags":[],"id":29260,"height":387,"width":860},{"status":"active","src":"https:\/\/szekacs.lutheran.hu\/iskola\/wp-content\/uploads\/2023\/09\/20230914_094747-860x387.jpg","title":"20230914_094747","link":"https:\/\/szekacs.lutheran.hu\/iskola\/wp-content\/uploads\/2023\/09\/20230914_094747.jpg","alt":"","caption":"","thumb":"","tags":[],"id":29261,"height":387,"width":860},{"status":"active","src":"https:\/\/szekacs.lutheran.hu\/iskola\/wp-content\/uploads\/2023\/09\/20230914_094844-860x387.jpg","title":"20230914_094844","link":"https:\/\/szekacs.lutheran.hu\/iskola\/wp-content\/uploads\/2023\/09\/20230914_094844.jpg","alt":"","caption":"","thumb":"","tags":[],"id":29262,"height":387,"width":860},{"status":"active","src":"https:\/\/szekacs.lutheran.hu\/iskola\/wp-content\/uploads\/2023\/09\/20230914_094846-860x387.jpg","title":"20230914_094846","link":"https:\/\/szekacs.lutheran.hu\/iskola\/wp-content\/uploads\/2023\/09\/20230914_094846.jpg","alt":"","caption":"","thumb":"","tags":[],"id":29263,"height":387,"width":860},{"status":"active","src":"https:\/\/szekacs.lutheran.hu\/iskola\/wp-content\/uploads\/2023\/09\/20230914_095125-860x645.jpg","title":"20230914_095125","link":"https:\/\/szekacs.lutheran.hu\/iskola\/wp-content\/uploads\/2023\/09\/20230914_095125.jpg","alt":"","caption":"","thumb":"","tags":[],"id":29264,"height":645,"width":860},{"status":"active","src":"https:\/\/szekacs.lutheran.hu\/iskola\/wp-content\/uploads\/2023\/09\/20230914_100234-860x387.jpg","title":"20230914_100234","link":"https:\/\/szekacs.lutheran.hu\/iskola\/wp-content\/uploads\/2023\/09\/20230914_100234.jpg","alt":"","caption":"","thumb":"","tags":[],"id":29265,"height":387,"width":860},{"status":"active","src":"https:\/\/szekacs.lutheran.hu\/iskola\/wp-content\/uploads\/2023\/09\/20230914_105455-860x387.jpg","title":"20230914_105455","link":"https:\/\/szekacs.lutheran.hu\/iskola\/wp-content\/uploads\/2023\/09\/20230914_105455.jpg","alt":"","caption":"","thumb":"","tags":[],"id":29266,"height":387,"width":860},{"status":"active","src":"https:\/\/szekacs.lutheran.hu\/iskola\/wp-content\/uploads\/2023\/09\/20230914_105503-860x387.jpg","title":"20230914_105503","link":"https:\/\/szekacs.lutheran.hu\/iskola\/wp-content\/uploads\/2023\/09\/20230914_105503.jpg","alt":"","caption":"","thumb":"","tags":[],"id":29267,"height":387,"width":860},{"status":"active","src":"https:\/\/szekacs.lutheran.hu\/iskola\/wp-content\/uploads\/2023\/09\/20230915_101218-860x387.jpg","title":"20230915_101218","link":"https:\/\/szekacs.lutheran.hu\/iskola\/wp-content\/uploads\/2023\/09\/20230915_101218.jpg","alt":"","caption":"","thumb":"","tags":[],"id":29268,"height":387,"width":860},{"status":"active","src":"https:\/\/szekacs.lutheran.hu\/iskola\/wp-content\/uploads\/2023\/09\/20230915_122811-860x387.jpg","title":"20230915_122811","link":"https:\/\/szekacs.lutheran.hu\/iskola\/wp-content\/uploads\/2023\/09\/20230915_122811.jpg","alt":"","caption":"","thumb":"","tags":[],"id":29269,"height":387,"width":860},{"status":"active","src":"https:\/\/szekacs.lutheran.hu\/iskola\/wp-content\/uploads\/2023\/09\/20230915_122820-860x387.jpg","title":"20230915_122820","link":"https:\/\/szekacs.lutheran.hu\/iskola\/wp-content\/uploads\/2023\/09\/20230915_122820.jpg","alt":"","caption":"","thumb":"","tags":[],"id":29270,"height":387,"width":860},{"status":"active","src":"https:\/\/szekacs.lutheran.hu\/iskola\/wp-content\/uploads\/2023\/09\/20230915_132147-860x387.jpg","title":"20230915_132147","link":"https:\/\/szekacs.lutheran.hu\/iskola\/wp-content\/uploads\/2023\/09\/20230915_132147.jpg","alt":"","caption":"","thumb":"","tags":[],"id":29271,"height":387,"width":860},{"status":"active","src":"https:\/\/szekacs.lutheran.hu\/iskola\/wp-content\/uploads\/2023\/09\/20230915_155553-860x387.jpg","title":"20230915_155553","link":"https:\/\/szekacs.lutheran.hu\/iskola\/wp-content\/uploads\/2023\/09\/20230915_155553.jpg","alt":"","caption":"","thumb":"","tags":[],"id":29272,"height":387,"width":860},{"status":"active","src":"https:\/\/szekacs.lutheran.hu\/iskola\/wp-content\/uploads\/2023\/09\/20230915_155618-860x387.jpg","title":"20230915_155618","link":"https:\/\/szekacs.lutheran.hu\/iskola\/wp-content\/uploads\/2023\/09\/20230915_155618.jpg","alt":"","caption":"","thumb":"","tags":[],"id":29273,"height":387,"width":860},{"status":"active","src":"https:\/\/szekacs.lutheran.hu\/iskola\/wp-content\/uploads\/2023\/09\/20230916_110749-860x387.jpg","title":"20230916_110749","link":"https:\/\/szekacs.lutheran.hu\/iskola\/wp-content\/uploads\/2023\/09\/20230916_110749.jpg","alt":"","caption":"","thumb":"","tags":[],"id":29274,"height":387,"width":860},{"status":"active","src":"https:\/\/szekacs.lutheran.hu\/iskola\/wp-content\/uploads\/2023\/09\/20230916_150359-860x387.jpg","title":"20230916_150359","link":"https:\/\/szekacs.lutheran.hu\/iskola\/wp-content\/uploads\/2023\/09\/20230916_150359.jpg","alt":"","caption":"","thumb":"","tags":[],"id":29275,"height":387,"width":860},{"status":"active","src":"https:\/\/szekacs.lutheran.hu\/iskola\/wp-content\/uploads\/2023\/09\/20230917_124631-860x387.jpg","title":"20230917_124631","link":"https:\/\/szekacs.lutheran.hu\/iskola\/wp-content\/uploads\/2023\/09\/20230917_124631.jpg","alt":"","caption":"","thumb":"","tags":[],"id":29276,"height":387,"width":860}],"config":{"type":"default","columns":"0","gallery_theme":"base","justified_margins":1,"justified_last_row":"nojustify","lazy_loading":1,"lazy_loading_delay":500,"gutter":10,"margin":10,"image_size":"default","crop_width":640,"crop_height":480,"crop":0,"crop_position":"c","additional_copy_0":0,"additional_copy_title":0,"additional_copy_caption":0,"additional_copy_0_mobile":0,"additional_copy_title_mobile":0,"additional_copy_caption_mobile":0,"additional_copy_automatic_0":0,"additional_copy_automatic_title":1,"additional_copy_automatic_caption":1,"additional_copy_automatic_0_mobile":0,"additional_copy_automatic_title_mobile":1,"additional_copy_automatic_caption_mobile":1,"justified_row_height":150,"description_position":"above","description":"<p>2023-09-17 Partiumi kir\u00e1ndul\u00e1s<\/p>\n","random":"0","sort_order":"0","sorting_direction":"ASC","image_sizes_random":[],"isotope":1,"lightbox_enabled":1,"gallery_link_enabled":1,"lightbox_theme":"base_dark","lightbox_image_size":"default","title_display":"float","lightbox_title_caption":"title","arrows":1,"arrows_position":"inside","toolbar":1,"toolbar_title":0,"toolbar_position":"top","loop":1,"lightbox_open_close_effect":"fade","effect":"fade","supersize":0,"thumbnails_toggle":0,"thumbnails_hide":0,"image_counter":0,"thumbnails":1,"thumbnails_width":75,"thumbnails_height":50,"thumbnails_position":"bottom","thumbnails_custom_size":0,"mobile":1,"mobile_width":320,"mobile_height":240,"mobile_lightbox":1,"mobile_gallery_link_enabled":0,"mobile_arrows":1,"mobile_toolbar":1,"mobile_thumbnails":1,"mobile_touchwipe_close":0,"mobile_thumbnails_width":75,"mobile_thumbnails_height":50,"mobile_justified_row_height":80,"keyboard":true,"standalone_template":"","classes":["envira-default-gallery"],"rtl":0,"slug":"partium-2023","native_gallery_override":0,"pagination":0,"pagination_position":"above","pagination_images_per_page":0,"pagination_prev_next":"numbered_previous_next","pagination_prev_text":"","pagination_next_text":"","pagination_scroll":0,"pagination_ajax_load":0,"pagination_button_text":"","pagination_lightbox_display_all_images":0,"mobile_pagination_images_per_page":0,"mobile_pagination_prev_next":"numbered_previous_next","slideshow":0,"autoplay":0,"slideshow_hover":0,"ss_speed":0,"tags":0,"tags_filter":false,"tags_position":"above","tags_all_enabled":0,"tags_all":"","tags_sorting":"","tags_manual_sorting":false,"tags_display":"","tags_scroll":0,"tags_mobile":0,"tags_count":0,"watermarking":0,"watermarking_image_id":0,"watermarking_position":"top-left","watermarking_margin":0,"layout":"automatic","title":"Partium 2023"}},"_links":{"self":[{"href":"https:\/\/szekacs.lutheran.hu\/iskola\/wp-json\/wp\/v2\/envira-gallery\/29257","targetHints":{"allow":["GET"]}}],"collection":[{"href":"https:\/\/szekacs.lutheran.hu\/iskola\/wp-json\/wp\/v2\/envira-gallery"}],"about":[{"href":"https:\/\/szekacs.lutheran.hu\/iskola\/wp-json\/wp\/v2\/types\/envira"}],"author":[{"embeddable":true,"href":"https:\/\/szekacs.lutheran.hu\/iskola\/wp-json\/wp\/v2\/users\/1"}],"wp:attachment":[{"href":"https:\/\/szekacs.lutheran.hu\/iskola\/wp-json\/wp\/v2\/media?parent=29257"}],"curies":[{"name":"wp","href":"https:\/\/api.w.org\/{rel}","templated":true}]}}