{"id":28616,"date":"2023-05-26T10:41:51","date_gmt":"2023-05-26T10:41:51","guid":{"rendered":"https:\/\/szekacs.lutheran.hu\/iskola\/?post_type=envira&#038;p=28616"},"modified":"2023-05-26T10:41:51","modified_gmt":"2023-05-26T10:41:51","slug":"idegen-nyelvi-szavaloverseny-2023","status":"publish","type":"envira","link":"https:\/\/szekacs.lutheran.hu\/iskola\/galeriak\/idegen-nyelvi-szavaloverseny-2023\/","title":{"rendered":"Idegen nyelvi szaval\u00f3verseny 2023"},"author":1,"featured_media":0,"template":"","class_list":["post-28616","envira","type-envira","status-publish","hentry"],"yoast_head":"<!-- This site is optimized with the Yoast SEO plugin v26.2 - https:\/\/yoast.com\/wordpress\/plugins\/seo\/ -->\n<title>Idegen nyelvi szaval\u00f3verseny 2023 - Sz\u00e9k\u00e1cs J\u00f3zsef Evang\u00e9likus \u00d3voda, \u00c1ltal\u00e1nos Iskola \u00e9s Gimn\u00e1zium<\/title>\n<meta name=\"robots\" content=\"index, follow, max-snippet:-1, max-image-preview:large, max-video-preview:-1\" \/>\n<link rel=\"canonical\" href=\"https:\/\/szekacs.lutheran.hu\/iskola\/galeriak\/idegen-nyelvi-szavaloverseny-2023\/\" \/>\n<meta property=\"og:locale\" content=\"hu_HU\" \/>\n<meta property=\"og:type\" content=\"article\" \/>\n<meta property=\"og:title\" content=\"Idegen nyelvi szaval\u00f3verseny 2023 - Sz\u00e9k\u00e1cs J\u00f3zsef Evang\u00e9likus \u00d3voda, \u00c1ltal\u00e1nos Iskola \u00e9s Gimn\u00e1zium\" \/>\n<meta property=\"og:url\" content=\"https:\/\/szekacs.lutheran.hu\/iskola\/galeriak\/idegen-nyelvi-szavaloverseny-2023\/\" \/>\n<meta property=\"og:site_name\" content=\"Sz\u00e9k\u00e1cs J\u00f3zsef Evang\u00e9likus \u00d3voda, \u00c1ltal\u00e1nos Iskola \u00e9s Gimn\u00e1zium\" \/>\n<meta name=\"twitter:card\" content=\"summary_large_image\" \/>\n<script type=\"application\/ld+json\" class=\"yoast-schema-graph\">{\"@context\":\"https:\/\/schema.org\",\"@graph\":[{\"@type\":\"WebPage\",\"@id\":\"https:\/\/szekacs.lutheran.hu\/iskola\/galeriak\/idegen-nyelvi-szavaloverseny-2023\/\",\"url\":\"https:\/\/szekacs.lutheran.hu\/iskola\/galeriak\/idegen-nyelvi-szavaloverseny-2023\/\",\"name\":\"Idegen nyelvi szaval\u00f3verseny 2023 - Sz\u00e9k\u00e1cs J\u00f3zsef Evang\u00e9likus \u00d3voda, \u00c1ltal\u00e1nos Iskola \u00e9s Gimn\u00e1zium\",\"isPartOf\":{\"@id\":\"https:\/\/szekacs.lutheran.hu\/iskola\/#website\"},\"datePublished\":\"2023-05-26T10:41:51+00:00\",\"breadcrumb\":{\"@id\":\"https:\/\/szekacs.lutheran.hu\/iskola\/galeriak\/idegen-nyelvi-szavaloverseny-2023\/#breadcrumb\"},\"inLanguage\":\"hu\",\"potentialAction\":[{\"@type\":\"ReadAction\",\"target\":[\"https:\/\/szekacs.lutheran.hu\/iskola\/galeriak\/idegen-nyelvi-szavaloverseny-2023\/\"]}]},{\"@type\":\"BreadcrumbList\",\"@id\":\"https:\/\/szekacs.lutheran.hu\/iskola\/galeriak\/idegen-nyelvi-szavaloverseny-2023\/#breadcrumb\",\"itemListElement\":[{\"@type\":\"ListItem\",\"position\":1,\"name\":\"Home\",\"item\":\"https:\/\/szekacs.lutheran.hu\/iskola\/\"},{\"@type\":\"ListItem\",\"position\":2,\"name\":\"Idegen nyelvi szaval\u00f3verseny 2023\"}]},{\"@type\":\"WebSite\",\"@id\":\"https:\/\/szekacs.lutheran.hu\/iskola\/#website\",\"url\":\"https:\/\/szekacs.lutheran.hu\/iskola\/\",\"name\":\"Sz\u00e9k\u00e1cs J\u00f3zsef Evang\u00e9likus \u00d3voda, \u00c1ltal\u00e1nos Iskola \u00e9s Gimn\u00e1zium\",\"description\":\"\",\"potentialAction\":[{\"@type\":\"SearchAction\",\"target\":{\"@type\":\"EntryPoint\",\"urlTemplate\":\"https:\/\/szekacs.lutheran.hu\/iskola\/?s={search_term_string}\"},\"query-input\":{\"@type\":\"PropertyValueSpecification\",\"valueRequired\":true,\"valueName\":\"search_term_string\"}}],\"inLanguage\":\"hu\"}]}<\/script>\n<!-- \/ Yoast SEO plugin. -->","yoast_head_json":{"title":"Idegen nyelvi szaval\u00f3verseny 2023 - Sz\u00e9k\u00e1cs J\u00f3zsef Evang\u00e9likus \u00d3voda, \u00c1ltal\u00e1nos Iskola \u00e9s Gimn\u00e1zium","robots":{"index":"index","follow":"follow","max-snippet":"max-snippet:-1","max-image-preview":"max-image-preview:large","max-video-preview":"max-video-preview:-1"},"canonical":"https:\/\/szekacs.lutheran.hu\/iskola\/galeriak\/idegen-nyelvi-szavaloverseny-2023\/","og_locale":"hu_HU","og_type":"article","og_title":"Idegen nyelvi szaval\u00f3verseny 2023 - Sz\u00e9k\u00e1cs J\u00f3zsef Evang\u00e9likus \u00d3voda, \u00c1ltal\u00e1nos Iskola \u00e9s Gimn\u00e1zium","og_url":"https:\/\/szekacs.lutheran.hu\/iskola\/galeriak\/idegen-nyelvi-szavaloverseny-2023\/","og_site_name":"Sz\u00e9k\u00e1cs J\u00f3zsef Evang\u00e9likus \u00d3voda, \u00c1ltal\u00e1nos Iskola \u00e9s Gimn\u00e1zium","twitter_card":"summary_large_image","schema":{"@context":"https:\/\/schema.org","@graph":[{"@type":"WebPage","@id":"https:\/\/szekacs.lutheran.hu\/iskola\/galeriak\/idegen-nyelvi-szavaloverseny-2023\/","url":"https:\/\/szekacs.lutheran.hu\/iskola\/galeriak\/idegen-nyelvi-szavaloverseny-2023\/","name":"Idegen nyelvi szaval\u00f3verseny 2023 - Sz\u00e9k\u00e1cs J\u00f3zsef Evang\u00e9likus \u00d3voda, \u00c1ltal\u00e1nos Iskola \u00e9s Gimn\u00e1zium","isPartOf":{"@id":"https:\/\/szekacs.lutheran.hu\/iskola\/#website"},"datePublished":"2023-05-26T10:41:51+00:00","breadcrumb":{"@id":"https:\/\/szekacs.lutheran.hu\/iskola\/galeriak\/idegen-nyelvi-szavaloverseny-2023\/#breadcrumb"},"inLanguage":"hu","potentialAction":[{"@type":"ReadAction","target":["https:\/\/szekacs.lutheran.hu\/iskola\/galeriak\/idegen-nyelvi-szavaloverseny-2023\/"]}]},{"@type":"BreadcrumbList","@id":"https:\/\/szekacs.lutheran.hu\/iskola\/galeriak\/idegen-nyelvi-szavaloverseny-2023\/#breadcrumb","itemListElement":[{"@type":"ListItem","position":1,"name":"Home","item":"https:\/\/szekacs.lutheran.hu\/iskola\/"},{"@type":"ListItem","position":2,"name":"Idegen nyelvi szaval\u00f3verseny 2023"}]},{"@type":"WebSite","@id":"https:\/\/szekacs.lutheran.hu\/iskola\/#website","url":"https:\/\/szekacs.lutheran.hu\/iskola\/","name":"Sz\u00e9k\u00e1cs J\u00f3zsef Evang\u00e9likus \u00d3voda, \u00c1ltal\u00e1nos Iskola \u00e9s Gimn\u00e1zium","description":"","potentialAction":[{"@type":"SearchAction","target":{"@type":"EntryPoint","urlTemplate":"https:\/\/szekacs.lutheran.hu\/iskola\/?s={search_term_string}"},"query-input":{"@type":"PropertyValueSpecification","valueRequired":true,"valueName":"search_term_string"}}],"inLanguage":"hu"}]}},"gallery_data":{"id":28616,"gallery":[{"status":"active","src":"https:\/\/szekacs.lutheran.hu\/iskola\/wp-content\/uploads\/2023\/05\/347424320_176964991675280_5850284841391992440_n-860x573.jpg","title":"347424320_176964991675280_5850284841391992440_n","link":"https:\/\/szekacs.lutheran.hu\/iskola\/wp-content\/uploads\/2023\/05\/347424320_176964991675280_5850284841391992440_n.jpg","alt":"","caption":"","thumb":"","tags":[],"id":28617,"height":573,"width":860},{"status":"active","src":"https:\/\/szekacs.lutheran.hu\/iskola\/wp-content\/uploads\/2023\/05\/347239184_777114667195600_7942684001521919070_n-860x573.jpg","title":"347239184_777114667195600_7942684001521919070_n","link":"https:\/\/szekacs.lutheran.hu\/iskola\/wp-content\/uploads\/2023\/05\/347239184_777114667195600_7942684001521919070_n.jpg","alt":"","caption":"","thumb":"","tags":[],"id":28618,"height":573,"width":860},{"status":"active","src":"https:\/\/szekacs.lutheran.hu\/iskola\/wp-content\/uploads\/2023\/05\/347231277_173788782313167_1593299383795795953_n-860x573.jpg","title":"347231277_173788782313167_1593299383795795953_n","link":"https:\/\/szekacs.lutheran.hu\/iskola\/wp-content\/uploads\/2023\/05\/347231277_173788782313167_1593299383795795953_n.jpg","alt":"","caption":"","thumb":"","tags":[],"id":28619,"height":573,"width":860},{"status":"active","src":"https:\/\/szekacs.lutheran.hu\/iskola\/wp-content\/uploads\/2023\/05\/347285026_178813595136198_7203030466503467297_n-860x573.jpg","title":"347285026_178813595136198_7203030466503467297_n","link":"https:\/\/szekacs.lutheran.hu\/iskola\/wp-content\/uploads\/2023\/05\/347285026_178813595136198_7203030466503467297_n.jpg","alt":"","caption":"","thumb":"","tags":[],"id":28620,"height":573,"width":860},{"status":"active","src":"https:\/\/szekacs.lutheran.hu\/iskola\/wp-content\/uploads\/2023\/05\/347238640_3352976441631997_5360608811549764227_n-860x573.jpg","title":"347238640_3352976441631997_5360608811549764227_n","link":"https:\/\/szekacs.lutheran.hu\/iskola\/wp-content\/uploads\/2023\/05\/347238640_3352976441631997_5360608811549764227_n.jpg","alt":"","caption":"","thumb":"","tags":[],"id":28621,"height":573,"width":860},{"status":"active","src":"https:\/\/szekacs.lutheran.hu\/iskola\/wp-content\/uploads\/2023\/05\/347285576_245279774756885_1286996883998553874_n-860x573.jpg","title":"347285576_245279774756885_1286996883998553874_n","link":"https:\/\/szekacs.lutheran.hu\/iskola\/wp-content\/uploads\/2023\/05\/347285576_245279774756885_1286996883998553874_n.jpg","alt":"","caption":"","thumb":"","tags":[],"id":28622,"height":573,"width":860},{"status":"active","src":"https:\/\/szekacs.lutheran.hu\/iskola\/wp-content\/uploads\/2023\/05\/347447321_981416729952110_3694313006235878918_n-860x573.jpg","title":"347447321_981416729952110_3694313006235878918_n","link":"https:\/\/szekacs.lutheran.hu\/iskola\/wp-content\/uploads\/2023\/05\/347447321_981416729952110_3694313006235878918_n.jpg","alt":"","caption":"","thumb":"","tags":[],"id":28623,"height":573,"width":860},{"status":"active","src":"https:\/\/szekacs.lutheran.hu\/iskola\/wp-content\/uploads\/2023\/05\/347277642_200791126211115_1790988287622943825_n-860x573.jpg","title":"347277642_200791126211115_1790988287622943825_n","link":"https:\/\/szekacs.lutheran.hu\/iskola\/wp-content\/uploads\/2023\/05\/347277642_200791126211115_1790988287622943825_n.jpg","alt":"","caption":"","thumb":"","tags":[],"id":28624,"height":573,"width":860},{"status":"active","src":"https:\/\/szekacs.lutheran.hu\/iskola\/wp-content\/uploads\/2023\/05\/347231440_264771419395296_3987024806934103848_n-860x573.jpg","title":"347231440_264771419395296_3987024806934103848_n","link":"https:\/\/szekacs.lutheran.hu\/iskola\/wp-content\/uploads\/2023\/05\/347231440_264771419395296_3987024806934103848_n.jpg","alt":"","caption":"","thumb":"","tags":[],"id":28625,"height":573,"width":860},{"status":"active","src":"https:\/\/szekacs.lutheran.hu\/iskola\/wp-content\/uploads\/2023\/05\/347402185_622753993217812_851577169650224948_n-860x573.jpg","title":"347402185_622753993217812_851577169650224948_n","link":"https:\/\/szekacs.lutheran.hu\/iskola\/wp-content\/uploads\/2023\/05\/347402185_622753993217812_851577169650224948_n.jpg","alt":"","caption":"","thumb":"","tags":[],"id":28626,"height":573,"width":860},{"status":"active","src":"https:\/\/szekacs.lutheran.hu\/iskola\/wp-content\/uploads\/2023\/05\/347261281_1370919813487918_5960646391380636560_n-860x573.jpg","title":"347261281_1370919813487918_5960646391380636560_n","link":"https:\/\/szekacs.lutheran.hu\/iskola\/wp-content\/uploads\/2023\/05\/347261281_1370919813487918_5960646391380636560_n.jpg","alt":"","caption":"","thumb":"","tags":[],"id":28627,"height":573,"width":860},{"status":"active","src":"https:\/\/szekacs.lutheran.hu\/iskola\/wp-content\/uploads\/2023\/05\/347238066_705522541378215_5557504176768204925_n-860x573.jpg","title":"347238066_705522541378215_5557504176768204925_n","link":"https:\/\/szekacs.lutheran.hu\/iskola\/wp-content\/uploads\/2023\/05\/347238066_705522541378215_5557504176768204925_n.jpg","alt":"","caption":"","thumb":"","tags":[],"id":28628,"height":573,"width":860},{"status":"active","src":"https:\/\/szekacs.lutheran.hu\/iskola\/wp-content\/uploads\/2023\/05\/347244971_817307949812705_2770004113895451428_n-860x573.jpg","title":"347244971_817307949812705_2770004113895451428_n","link":"https:\/\/szekacs.lutheran.hu\/iskola\/wp-content\/uploads\/2023\/05\/347244971_817307949812705_2770004113895451428_n.jpg","alt":"","caption":"","thumb":"","tags":[],"id":28629,"height":573,"width":860},{"status":"active","src":"https:\/\/szekacs.lutheran.hu\/iskola\/wp-content\/uploads\/2023\/05\/347441739_169177709410366_4404860497485029947_n-860x573.jpg","title":"347441739_169177709410366_4404860497485029947_n","link":"https:\/\/szekacs.lutheran.hu\/iskola\/wp-content\/uploads\/2023\/05\/347441739_169177709410366_4404860497485029947_n.jpg","alt":"","caption":"","thumb":"","tags":[],"id":28630,"height":573,"width":860},{"status":"active","src":"https:\/\/szekacs.lutheran.hu\/iskola\/wp-content\/uploads\/2023\/05\/347259883_208747945316589_1836013339047359812_n-860x573.jpg","title":"347259883_208747945316589_1836013339047359812_n","link":"https:\/\/szekacs.lutheran.hu\/iskola\/wp-content\/uploads\/2023\/05\/347259883_208747945316589_1836013339047359812_n.jpg","alt":"","caption":"","thumb":"","tags":[],"id":28631,"height":573,"width":860},{"status":"active","src":"https:\/\/szekacs.lutheran.hu\/iskola\/wp-content\/uploads\/2023\/05\/347244576_235680665820469_8766457217856703370_n-860x573.jpg","title":"347244576_235680665820469_8766457217856703370_n","link":"https:\/\/szekacs.lutheran.hu\/iskola\/wp-content\/uploads\/2023\/05\/347244576_235680665820469_8766457217856703370_n.jpg","alt":"","caption":"","thumb":"","tags":[],"id":28632,"height":573,"width":860},{"status":"active","src":"https:\/\/szekacs.lutheran.hu\/iskola\/wp-content\/uploads\/2023\/05\/347427350_953987949249241_930434439158335657_n-860x573.jpg","title":"347427350_953987949249241_930434439158335657_n","link":"https:\/\/szekacs.lutheran.hu\/iskola\/wp-content\/uploads\/2023\/05\/347427350_953987949249241_930434439158335657_n.jpg","alt":"","caption":"","thumb":"","tags":[],"id":28633,"height":573,"width":860},{"status":"active","src":"https:\/\/szekacs.lutheran.hu\/iskola\/wp-content\/uploads\/2023\/05\/347246178_625950692501256_3455965486757006798_n-860x573.jpg","title":"347246178_625950692501256_3455965486757006798_n","link":"https:\/\/szekacs.lutheran.hu\/iskola\/wp-content\/uploads\/2023\/05\/347246178_625950692501256_3455965486757006798_n.jpg","alt":"","caption":"","thumb":"","tags":[],"id":28634,"height":573,"width":860},{"status":"active","src":"https:\/\/szekacs.lutheran.hu\/iskola\/wp-content\/uploads\/2023\/05\/347439351_270599642035616_5458654278516322744_n-860x573.jpg","title":"347439351_270599642035616_5458654278516322744_n","link":"https:\/\/szekacs.lutheran.hu\/iskola\/wp-content\/uploads\/2023\/05\/347439351_270599642035616_5458654278516322744_n.jpg","alt":"","caption":"","thumb":"","tags":[],"id":28635,"height":573,"width":860},{"status":"active","src":"https:\/\/szekacs.lutheran.hu\/iskola\/wp-content\/uploads\/2023\/05\/347140603_783635853227311_7513789152534077954_n-860x573.jpg","title":"347140603_783635853227311_7513789152534077954_n","link":"https:\/\/szekacs.lutheran.hu\/iskola\/wp-content\/uploads\/2023\/05\/347140603_783635853227311_7513789152534077954_n.jpg","alt":"","caption":"","thumb":"","tags":[],"id":28636,"height":573,"width":860},{"status":"active","src":"https:\/\/szekacs.lutheran.hu\/iskola\/wp-content\/uploads\/2023\/05\/347264138_3545296375747068_4040347263963624352_n-860x573.jpg","title":"347264138_3545296375747068_4040347263963624352_n","link":"https:\/\/szekacs.lutheran.hu\/iskola\/wp-content\/uploads\/2023\/05\/347264138_3545296375747068_4040347263963624352_n.jpg","alt":"","caption":"","thumb":"","tags":[],"id":28637,"height":573,"width":860},{"status":"active","src":"https:\/\/szekacs.lutheran.hu\/iskola\/wp-content\/uploads\/2023\/05\/347379849_267613455671635_7972677557256096053_n-860x573.jpg","title":"347379849_267613455671635_7972677557256096053_n","link":"https:\/\/szekacs.lutheran.hu\/iskola\/wp-content\/uploads\/2023\/05\/347379849_267613455671635_7972677557256096053_n.jpg","alt":"","caption":"","thumb":"","tags":[],"id":28638,"height":573,"width":860},{"status":"active","src":"https:\/\/szekacs.lutheran.hu\/iskola\/wp-content\/uploads\/2023\/05\/347234862_6131522183623433_4427399340941599999_n-860x573.jpg","title":"347234862_6131522183623433_4427399340941599999_n","link":"https:\/\/szekacs.lutheran.hu\/iskola\/wp-content\/uploads\/2023\/05\/347234862_6131522183623433_4427399340941599999_n.jpg","alt":"","caption":"","thumb":"","tags":[],"id":28639,"height":573,"width":860},{"status":"active","src":"https:\/\/szekacs.lutheran.hu\/iskola\/wp-content\/uploads\/2023\/05\/347227162_588839716681356_8545689604240045775_n-860x573.jpg","title":"347227162_588839716681356_8545689604240045775_n","link":"https:\/\/szekacs.lutheran.hu\/iskola\/wp-content\/uploads\/2023\/05\/347227162_588839716681356_8545689604240045775_n.jpg","alt":"","caption":"","thumb":"","tags":[],"id":28640,"height":573,"width":860}],"config":{"type":"default","columns":"0","gallery_theme":"base","justified_margins":1,"justified_last_row":"nojustify","lazy_loading":1,"lazy_loading_delay":500,"gutter":10,"margin":10,"image_size":"default","crop_width":640,"crop_height":480,"crop":0,"crop_position":"c","additional_copy_0":0,"additional_copy_title":0,"additional_copy_caption":0,"additional_copy_0_mobile":0,"additional_copy_title_mobile":0,"additional_copy_caption_mobile":0,"additional_copy_automatic_0":0,"additional_copy_automatic_title":1,"additional_copy_automatic_caption":1,"additional_copy_automatic_0_mobile":0,"additional_copy_automatic_title_mobile":1,"additional_copy_automatic_caption_mobile":1,"justified_row_height":150,"description_position":"above","description":"<p>2023-05-19 Idegen nyelvi szaval\u00f3verseny Pet\u0151fi 200<\/p>\n","random":"0","sort_order":"0","sorting_direction":"ASC","image_sizes_random":[],"isotope":1,"lightbox_enabled":1,"gallery_link_enabled":1,"lightbox_theme":"base_dark","lightbox_image_size":"default","title_display":"float","lightbox_title_caption":"title","arrows":1,"arrows_position":"inside","toolbar":1,"toolbar_title":0,"toolbar_position":"top","loop":1,"lightbox_open_close_effect":"fade","effect":"fade","supersize":0,"thumbnails_toggle":0,"thumbnails_hide":0,"image_counter":0,"thumbnails":1,"thumbnails_width":75,"thumbnails_height":50,"thumbnails_position":"bottom","thumbnails_custom_size":0,"mobile":1,"mobile_width":320,"mobile_height":240,"mobile_lightbox":1,"mobile_gallery_link_enabled":0,"mobile_arrows":1,"mobile_toolbar":1,"mobile_thumbnails":1,"mobile_touchwipe_close":0,"mobile_thumbnails_width":75,"mobile_thumbnails_height":50,"mobile_justified_row_height":80,"keyboard":true,"standalone_template":"","classes":["envira-default-gallery"],"rtl":0,"slug":"idegen-nyelvi-szavaloverseny-2023","native_gallery_override":0,"pagination":0,"pagination_position":"above","pagination_images_per_page":0,"pagination_prev_next":"numbered_previous_next","pagination_prev_text":"","pagination_next_text":"","pagination_scroll":0,"pagination_ajax_load":0,"pagination_button_text":"","pagination_lightbox_display_all_images":0,"mobile_pagination_images_per_page":0,"mobile_pagination_prev_next":"numbered_previous_next","slideshow":0,"autoplay":0,"slideshow_hover":0,"ss_speed":0,"tags":0,"tags_filter":false,"tags_position":"above","tags_all_enabled":0,"tags_all":"","tags_sorting":"","tags_manual_sorting":false,"tags_display":"","tags_scroll":0,"tags_mobile":0,"tags_count":0,"watermarking":0,"watermarking_image_id":0,"watermarking_position":"top-left","watermarking_margin":0,"layout":"automatic","title":"Idegen nyelvi szaval\u00f3verseny 2023"}},"_links":{"self":[{"href":"https:\/\/szekacs.lutheran.hu\/iskola\/wp-json\/wp\/v2\/envira-gallery\/28616","targetHints":{"allow":["GET"]}}],"collection":[{"href":"https:\/\/szekacs.lutheran.hu\/iskola\/wp-json\/wp\/v2\/envira-gallery"}],"about":[{"href":"https:\/\/szekacs.lutheran.hu\/iskola\/wp-json\/wp\/v2\/types\/envira"}],"author":[{"embeddable":true,"href":"https:\/\/szekacs.lutheran.hu\/iskola\/wp-json\/wp\/v2\/users\/1"}],"wp:attachment":[{"href":"https:\/\/szekacs.lutheran.hu\/iskola\/wp-json\/wp\/v2\/media?parent=28616"}],"curies":[{"name":"wp","href":"https:\/\/api.w.org\/{rel}","templated":true}]}}