{"id":26141,"date":"2022-03-21T08:33:05","date_gmt":"2022-03-21T08:33:05","guid":{"rendered":"https:\/\/szekacs.lutheran.hu\/iskola\/?post_type=envira&#038;p=26141"},"modified":"2022-03-25T10:42:27","modified_gmt":"2022-03-25T10:42:27","slug":"marczius-15","status":"publish","type":"envira","link":"https:\/\/szekacs.lutheran.hu\/iskola\/galeriak\/marczius-15\/","title":{"rendered":"Marczius 15."},"author":1,"featured_media":0,"template":"","class_list":["post-26141","envira","type-envira","status-publish","hentry"],"yoast_head":"<!-- This site is optimized with the Yoast SEO plugin v26.2 - https:\/\/yoast.com\/wordpress\/plugins\/seo\/ -->\n<title>Marczius 15. - Sz\u00e9k\u00e1cs J\u00f3zsef Evang\u00e9likus \u00d3voda, \u00c1ltal\u00e1nos Iskola \u00e9s Gimn\u00e1zium<\/title>\n<meta name=\"robots\" content=\"index, follow, max-snippet:-1, max-image-preview:large, max-video-preview:-1\" \/>\n<link rel=\"canonical\" href=\"https:\/\/szekacs.lutheran.hu\/iskola\/galeriak\/marczius-15\/\" \/>\n<meta property=\"og:locale\" content=\"hu_HU\" \/>\n<meta property=\"og:type\" content=\"article\" \/>\n<meta property=\"og:title\" content=\"Marczius 15. - Sz\u00e9k\u00e1cs J\u00f3zsef Evang\u00e9likus \u00d3voda, \u00c1ltal\u00e1nos Iskola \u00e9s Gimn\u00e1zium\" \/>\n<meta property=\"og:url\" content=\"https:\/\/szekacs.lutheran.hu\/iskola\/galeriak\/marczius-15\/\" \/>\n<meta property=\"og:site_name\" content=\"Sz\u00e9k\u00e1cs J\u00f3zsef Evang\u00e9likus \u00d3voda, \u00c1ltal\u00e1nos Iskola \u00e9s Gimn\u00e1zium\" \/>\n<meta property=\"article:modified_time\" content=\"2022-03-25T10:42:27+00:00\" \/>\n<meta name=\"twitter:card\" content=\"summary_large_image\" \/>\n<script type=\"application\/ld+json\" class=\"yoast-schema-graph\">{\"@context\":\"https:\/\/schema.org\",\"@graph\":[{\"@type\":\"WebPage\",\"@id\":\"https:\/\/szekacs.lutheran.hu\/iskola\/galeriak\/marczius-15\/\",\"url\":\"https:\/\/szekacs.lutheran.hu\/iskola\/galeriak\/marczius-15\/\",\"name\":\"Marczius 15. - Sz\u00e9k\u00e1cs J\u00f3zsef Evang\u00e9likus \u00d3voda, \u00c1ltal\u00e1nos Iskola \u00e9s Gimn\u00e1zium\",\"isPartOf\":{\"@id\":\"https:\/\/szekacs.lutheran.hu\/iskola\/#website\"},\"datePublished\":\"2022-03-21T08:33:05+00:00\",\"dateModified\":\"2022-03-25T10:42:27+00:00\",\"breadcrumb\":{\"@id\":\"https:\/\/szekacs.lutheran.hu\/iskola\/galeriak\/marczius-15\/#breadcrumb\"},\"inLanguage\":\"hu\",\"potentialAction\":[{\"@type\":\"ReadAction\",\"target\":[\"https:\/\/szekacs.lutheran.hu\/iskola\/galeriak\/marczius-15\/\"]}]},{\"@type\":\"BreadcrumbList\",\"@id\":\"https:\/\/szekacs.lutheran.hu\/iskola\/galeriak\/marczius-15\/#breadcrumb\",\"itemListElement\":[{\"@type\":\"ListItem\",\"position\":1,\"name\":\"Home\",\"item\":\"https:\/\/szekacs.lutheran.hu\/iskola\/\"},{\"@type\":\"ListItem\",\"position\":2,\"name\":\"Marczius 15.\"}]},{\"@type\":\"WebSite\",\"@id\":\"https:\/\/szekacs.lutheran.hu\/iskola\/#website\",\"url\":\"https:\/\/szekacs.lutheran.hu\/iskola\/\",\"name\":\"Sz\u00e9k\u00e1cs J\u00f3zsef Evang\u00e9likus \u00d3voda, \u00c1ltal\u00e1nos Iskola \u00e9s Gimn\u00e1zium\",\"description\":\"\",\"potentialAction\":[{\"@type\":\"SearchAction\",\"target\":{\"@type\":\"EntryPoint\",\"urlTemplate\":\"https:\/\/szekacs.lutheran.hu\/iskola\/?s={search_term_string}\"},\"query-input\":{\"@type\":\"PropertyValueSpecification\",\"valueRequired\":true,\"valueName\":\"search_term_string\"}}],\"inLanguage\":\"hu\"}]}<\/script>\n<!-- \/ Yoast SEO plugin. -->","yoast_head_json":{"title":"Marczius 15. - Sz\u00e9k\u00e1cs J\u00f3zsef Evang\u00e9likus \u00d3voda, \u00c1ltal\u00e1nos Iskola \u00e9s Gimn\u00e1zium","robots":{"index":"index","follow":"follow","max-snippet":"max-snippet:-1","max-image-preview":"max-image-preview:large","max-video-preview":"max-video-preview:-1"},"canonical":"https:\/\/szekacs.lutheran.hu\/iskola\/galeriak\/marczius-15\/","og_locale":"hu_HU","og_type":"article","og_title":"Marczius 15. - Sz\u00e9k\u00e1cs J\u00f3zsef Evang\u00e9likus \u00d3voda, \u00c1ltal\u00e1nos Iskola \u00e9s Gimn\u00e1zium","og_url":"https:\/\/szekacs.lutheran.hu\/iskola\/galeriak\/marczius-15\/","og_site_name":"Sz\u00e9k\u00e1cs J\u00f3zsef Evang\u00e9likus \u00d3voda, \u00c1ltal\u00e1nos Iskola \u00e9s Gimn\u00e1zium","article_modified_time":"2022-03-25T10:42:27+00:00","twitter_card":"summary_large_image","schema":{"@context":"https:\/\/schema.org","@graph":[{"@type":"WebPage","@id":"https:\/\/szekacs.lutheran.hu\/iskola\/galeriak\/marczius-15\/","url":"https:\/\/szekacs.lutheran.hu\/iskola\/galeriak\/marczius-15\/","name":"Marczius 15. - Sz\u00e9k\u00e1cs J\u00f3zsef Evang\u00e9likus \u00d3voda, \u00c1ltal\u00e1nos Iskola \u00e9s Gimn\u00e1zium","isPartOf":{"@id":"https:\/\/szekacs.lutheran.hu\/iskola\/#website"},"datePublished":"2022-03-21T08:33:05+00:00","dateModified":"2022-03-25T10:42:27+00:00","breadcrumb":{"@id":"https:\/\/szekacs.lutheran.hu\/iskola\/galeriak\/marczius-15\/#breadcrumb"},"inLanguage":"hu","potentialAction":[{"@type":"ReadAction","target":["https:\/\/szekacs.lutheran.hu\/iskola\/galeriak\/marczius-15\/"]}]},{"@type":"BreadcrumbList","@id":"https:\/\/szekacs.lutheran.hu\/iskola\/galeriak\/marczius-15\/#breadcrumb","itemListElement":[{"@type":"ListItem","position":1,"name":"Home","item":"https:\/\/szekacs.lutheran.hu\/iskola\/"},{"@type":"ListItem","position":2,"name":"Marczius 15."}]},{"@type":"WebSite","@id":"https:\/\/szekacs.lutheran.hu\/iskola\/#website","url":"https:\/\/szekacs.lutheran.hu\/iskola\/","name":"Sz\u00e9k\u00e1cs J\u00f3zsef Evang\u00e9likus \u00d3voda, \u00c1ltal\u00e1nos Iskola \u00e9s Gimn\u00e1zium","description":"","potentialAction":[{"@type":"SearchAction","target":{"@type":"EntryPoint","urlTemplate":"https:\/\/szekacs.lutheran.hu\/iskola\/?s={search_term_string}"},"query-input":{"@type":"PropertyValueSpecification","valueRequired":true,"valueName":"search_term_string"}}],"inLanguage":"hu"}]}},"gallery_data":{"id":26141,"gallery":[{"status":"active","src":"https:\/\/szekacs.lutheran.hu\/iskola\/wp-content\/uploads\/2022\/03\/20220316_093154-860x645.jpg","title":"20220316_093154","link":"https:\/\/szekacs.lutheran.hu\/iskola\/wp-content\/uploads\/2022\/03\/20220316_093154.jpg","alt":"","caption":"","thumb":"","tags":[],"id":26142,"height":645,"width":860},{"status":"active","src":"https:\/\/szekacs.lutheran.hu\/iskola\/wp-content\/uploads\/2022\/03\/20220316_093202-860x645.jpg","title":"20220316_093202","link":"https:\/\/szekacs.lutheran.hu\/iskola\/wp-content\/uploads\/2022\/03\/20220316_093202.jpg","alt":"","caption":"","thumb":"","tags":[],"id":26143,"height":645,"width":860},{"status":"active","src":"https:\/\/szekacs.lutheran.hu\/iskola\/wp-content\/uploads\/2022\/03\/20220316_093326-860x645.jpg","title":"20220316_093326","link":"https:\/\/szekacs.lutheran.hu\/iskola\/wp-content\/uploads\/2022\/03\/20220316_093326.jpg","alt":"","caption":"","thumb":"","tags":[],"id":26144,"height":645,"width":860},{"status":"active","src":"https:\/\/szekacs.lutheran.hu\/iskola\/wp-content\/uploads\/2022\/03\/20220316_093624-860x645.jpg","title":"20220316_093624","link":"https:\/\/szekacs.lutheran.hu\/iskola\/wp-content\/uploads\/2022\/03\/20220316_093624.jpg","alt":"","caption":"","thumb":"","tags":[],"id":26145,"height":645,"width":860},{"status":"active","src":"https:\/\/szekacs.lutheran.hu\/iskola\/wp-content\/uploads\/2022\/03\/IMG_20220316_093142-860x645.jpg","title":"btr","link":"https:\/\/szekacs.lutheran.hu\/iskola\/wp-content\/uploads\/2022\/03\/IMG_20220316_093142.jpg","alt":"","caption":"btr","thumb":"","tags":[],"id":26146,"height":645,"width":860},{"status":"active","src":"https:\/\/szekacs.lutheran.hu\/iskola\/wp-content\/uploads\/2022\/03\/IMG_20220316_093245-860x1147.jpg","title":"btr","link":"https:\/\/szekacs.lutheran.hu\/iskola\/wp-content\/uploads\/2022\/03\/IMG_20220316_093245.jpg","alt":"","caption":"btr","thumb":"","tags":[],"id":26149,"height":1147,"width":860},{"status":"active","src":"https:\/\/szekacs.lutheran.hu\/iskola\/wp-content\/uploads\/2022\/03\/IMG_20220316_093323-860x1147.jpg","title":"btr","link":"https:\/\/szekacs.lutheran.hu\/iskola\/wp-content\/uploads\/2022\/03\/IMG_20220316_093323.jpg","alt":"","caption":"btr","thumb":"","tags":[],"id":26150,"height":1147,"width":860},{"status":"active","src":"https:\/\/szekacs.lutheran.hu\/iskola\/wp-content\/uploads\/2022\/03\/IMG_20220316_093445-860x1147.jpg","title":"btr","link":"https:\/\/szekacs.lutheran.hu\/iskola\/wp-content\/uploads\/2022\/03\/IMG_20220316_093445.jpg","alt":"","caption":"btr","thumb":"","tags":[],"id":26152,"height":1147,"width":860},{"status":"active","src":"https:\/\/szekacs.lutheran.hu\/iskola\/wp-content\/uploads\/2022\/03\/IMG_20220316_093616-860x1147.jpg","title":"btr","link":"https:\/\/szekacs.lutheran.hu\/iskola\/wp-content\/uploads\/2022\/03\/IMG_20220316_093616.jpg","alt":"","caption":"btr","thumb":"","tags":[],"id":26153,"height":1147,"width":860},{"status":"active","src":"https:\/\/szekacs.lutheran.hu\/iskola\/wp-content\/uploads\/2022\/03\/IMG_20220316_093618-860x1147.jpg","title":"rbt","link":"https:\/\/szekacs.lutheran.hu\/iskola\/wp-content\/uploads\/2022\/03\/IMG_20220316_093618.jpg","alt":"","caption":"rbt","thumb":"","tags":[],"id":26154,"height":1147,"width":860},{"status":"active","src":"https:\/\/szekacs.lutheran.hu\/iskola\/wp-content\/uploads\/2022\/03\/IMG_20220316_093711-860x1147.jpg","title":"btr","link":"https:\/\/szekacs.lutheran.hu\/iskola\/wp-content\/uploads\/2022\/03\/IMG_20220316_093711.jpg","alt":"","caption":"btr","thumb":"","tags":[],"id":26155,"height":1147,"width":860},{"status":"active","src":"https:\/\/szekacs.lutheran.hu\/iskola\/wp-content\/uploads\/2022\/03\/IMG_20220316_094752-860x1147.jpg","title":"btr","link":"https:\/\/szekacs.lutheran.hu\/iskola\/wp-content\/uploads\/2022\/03\/IMG_20220316_094752.jpg","alt":"","caption":"btr","thumb":"","tags":[],"id":26156,"height":1147,"width":860},{"status":"active","src":"https:\/\/szekacs.lutheran.hu\/iskola\/wp-content\/uploads\/2022\/03\/IMG_20220316_094753-860x1147.jpg","title":"btr","link":"https:\/\/szekacs.lutheran.hu\/iskola\/wp-content\/uploads\/2022\/03\/IMG_20220316_094753.jpg","alt":"","caption":"btr","thumb":"","tags":[],"id":26157,"height":1147,"width":860},{"status":"active","src":"https:\/\/szekacs.lutheran.hu\/iskola\/wp-content\/uploads\/2022\/03\/IMG_20220316_094804-860x645.jpg","title":"btr","link":"https:\/\/szekacs.lutheran.hu\/iskola\/wp-content\/uploads\/2022\/03\/IMG_20220316_094804.jpg","alt":"","caption":"btr","thumb":"","tags":[],"id":26158,"height":645,"width":860},{"status":"active","src":"https:\/\/szekacs.lutheran.hu\/iskola\/wp-content\/uploads\/2022\/03\/IMG_20220316_094805-860x645.jpg","title":"btr","link":"https:\/\/szekacs.lutheran.hu\/iskola\/wp-content\/uploads\/2022\/03\/IMG_20220316_094805.jpg","alt":"","caption":"btr","thumb":"","tags":[],"id":26159,"height":645,"width":860}],"config":{"type":"default","columns":"0","gallery_theme":"base","justified_margins":1,"justified_last_row":"nojustify","lazy_loading":1,"lazy_loading_delay":500,"gutter":10,"margin":10,"image_size":"default","crop_width":640,"crop_height":480,"crop":0,"crop_position":"c","additional_copy_0":0,"additional_copy_title":0,"additional_copy_caption":0,"additional_copy_0_mobile":0,"additional_copy_title_mobile":0,"additional_copy_caption_mobile":0,"additional_copy_automatic_0":0,"additional_copy_automatic_title":1,"additional_copy_automatic_caption":1,"additional_copy_automatic_0_mobile":0,"additional_copy_automatic_title_mobile":1,"additional_copy_automatic_caption_mobile":1,"justified_row_height":150,"description_position":"above","description":"<p>2022-03-16 M\u00e1rczius 15-i \u00fcnneps\u00e9g<\/p>\n","random":"0","sort_order":"0","sorting_direction":"ASC","image_sizes_random":[],"isotope":1,"lightbox_enabled":1,"gallery_link_enabled":1,"lightbox_theme":"base_dark","lightbox_image_size":"default","title_display":"float","lightbox_title_caption":"title","arrows":1,"arrows_position":"inside","toolbar":1,"toolbar_title":0,"toolbar_position":"top","loop":1,"lightbox_open_close_effect":"fade","effect":"fade","supersize":0,"thumbnails_toggle":0,"thumbnails_hide":0,"image_counter":0,"thumbnails":1,"thumbnails_width":75,"thumbnails_height":50,"thumbnails_position":"bottom","thumbnails_custom_size":0,"mobile":1,"mobile_width":320,"mobile_height":240,"mobile_lightbox":1,"mobile_gallery_link_enabled":0,"mobile_arrows":1,"mobile_toolbar":1,"mobile_thumbnails":1,"mobile_touchwipe_close":0,"mobile_thumbnails_width":75,"mobile_thumbnails_height":50,"mobile_justified_row_height":80,"keyboard":true,"standalone_template":"","classes":["envira-default-gallery"],"rtl":0,"slug":"marczius-15","native_gallery_override":0,"pagination":0,"pagination_position":"above","pagination_images_per_page":0,"pagination_prev_next":"numbered_previous_next","pagination_prev_text":"","pagination_next_text":"","pagination_scroll":0,"pagination_ajax_load":0,"pagination_button_text":"","pagination_lightbox_display_all_images":0,"mobile_pagination_images_per_page":0,"mobile_pagination_prev_next":"numbered_previous_next","slideshow":0,"autoplay":0,"slideshow_hover":0,"ss_speed":0,"tags":0,"tags_filter":false,"tags_position":"above","tags_all_enabled":0,"tags_all":"","tags_sorting":"","tags_manual_sorting":false,"tags_display":"","tags_scroll":0,"tags_mobile":0,"tags_count":0,"watermarking":0,"watermarking_image_id":0,"watermarking_position":"top-left","watermarking_margin":0,"justified_gallery_theme":false,"layout":"automatic","title":"Marczius 15."}},"_links":{"self":[{"href":"https:\/\/szekacs.lutheran.hu\/iskola\/wp-json\/wp\/v2\/envira-gallery\/26141","targetHints":{"allow":["GET"]}}],"collection":[{"href":"https:\/\/szekacs.lutheran.hu\/iskola\/wp-json\/wp\/v2\/envira-gallery"}],"about":[{"href":"https:\/\/szekacs.lutheran.hu\/iskola\/wp-json\/wp\/v2\/types\/envira"}],"author":[{"embeddable":true,"href":"https:\/\/szekacs.lutheran.hu\/iskola\/wp-json\/wp\/v2\/users\/1"}],"wp:attachment":[{"href":"https:\/\/szekacs.lutheran.hu\/iskola\/wp-json\/wp\/v2\/media?parent=26141"}],"curies":[{"name":"wp","href":"https:\/\/api.w.org\/{rel}","templated":true}]}}