{"id":23444,"date":"2021-04-22T13:12:13","date_gmt":"2021-04-22T13:12:13","guid":{"rendered":"https:\/\/szekacs.lutheran.hu\/iskola\/?post_type=envira&#038;p=23444"},"modified":"2021-04-22T13:12:13","modified_gmt":"2021-04-22T13:12:13","slug":"21-04-22-fold-napja","status":"publish","type":"envira","link":"https:\/\/szekacs.lutheran.hu\/iskola\/galeriak\/21-04-22-fold-napja\/","title":{"rendered":"21-04-22 F\u00f6ld napja"},"author":1,"featured_media":0,"template":"","class_list":["post-23444","envira","type-envira","status-publish","hentry"],"yoast_head":"<!-- This site is optimized with the Yoast SEO plugin v26.2 - https:\/\/yoast.com\/wordpress\/plugins\/seo\/ -->\n<title>21-04-22 F\u00f6ld napja - Sz\u00e9k\u00e1cs J\u00f3zsef Evang\u00e9likus \u00d3voda, \u00c1ltal\u00e1nos Iskola \u00e9s Gimn\u00e1zium<\/title>\n<meta name=\"robots\" content=\"index, follow, max-snippet:-1, max-image-preview:large, max-video-preview:-1\" \/>\n<link rel=\"canonical\" href=\"https:\/\/szekacs.lutheran.hu\/iskola\/galeriak\/21-04-22-fold-napja\/\" \/>\n<meta property=\"og:locale\" content=\"hu_HU\" \/>\n<meta property=\"og:type\" content=\"article\" \/>\n<meta property=\"og:title\" content=\"21-04-22 F\u00f6ld napja - Sz\u00e9k\u00e1cs J\u00f3zsef Evang\u00e9likus \u00d3voda, \u00c1ltal\u00e1nos Iskola \u00e9s Gimn\u00e1zium\" \/>\n<meta property=\"og:url\" content=\"https:\/\/szekacs.lutheran.hu\/iskola\/galeriak\/21-04-22-fold-napja\/\" \/>\n<meta property=\"og:site_name\" content=\"Sz\u00e9k\u00e1cs J\u00f3zsef Evang\u00e9likus \u00d3voda, \u00c1ltal\u00e1nos Iskola \u00e9s Gimn\u00e1zium\" \/>\n<meta name=\"twitter:card\" content=\"summary_large_image\" \/>\n<script type=\"application\/ld+json\" class=\"yoast-schema-graph\">{\"@context\":\"https:\/\/schema.org\",\"@graph\":[{\"@type\":\"WebPage\",\"@id\":\"https:\/\/szekacs.lutheran.hu\/iskola\/galeriak\/21-04-22-fold-napja\/\",\"url\":\"https:\/\/szekacs.lutheran.hu\/iskola\/galeriak\/21-04-22-fold-napja\/\",\"name\":\"21-04-22 F\u00f6ld napja - Sz\u00e9k\u00e1cs J\u00f3zsef Evang\u00e9likus \u00d3voda, \u00c1ltal\u00e1nos Iskola \u00e9s Gimn\u00e1zium\",\"isPartOf\":{\"@id\":\"https:\/\/szekacs.lutheran.hu\/iskola\/#website\"},\"datePublished\":\"2021-04-22T13:12:13+00:00\",\"breadcrumb\":{\"@id\":\"https:\/\/szekacs.lutheran.hu\/iskola\/galeriak\/21-04-22-fold-napja\/#breadcrumb\"},\"inLanguage\":\"hu\",\"potentialAction\":[{\"@type\":\"ReadAction\",\"target\":[\"https:\/\/szekacs.lutheran.hu\/iskola\/galeriak\/21-04-22-fold-napja\/\"]}]},{\"@type\":\"BreadcrumbList\",\"@id\":\"https:\/\/szekacs.lutheran.hu\/iskola\/galeriak\/21-04-22-fold-napja\/#breadcrumb\",\"itemListElement\":[{\"@type\":\"ListItem\",\"position\":1,\"name\":\"Home\",\"item\":\"https:\/\/szekacs.lutheran.hu\/iskola\/\"},{\"@type\":\"ListItem\",\"position\":2,\"name\":\"21-04-22 F\u00f6ld napja\"}]},{\"@type\":\"WebSite\",\"@id\":\"https:\/\/szekacs.lutheran.hu\/iskola\/#website\",\"url\":\"https:\/\/szekacs.lutheran.hu\/iskola\/\",\"name\":\"Sz\u00e9k\u00e1cs J\u00f3zsef Evang\u00e9likus \u00d3voda, \u00c1ltal\u00e1nos Iskola \u00e9s Gimn\u00e1zium\",\"description\":\"\",\"potentialAction\":[{\"@type\":\"SearchAction\",\"target\":{\"@type\":\"EntryPoint\",\"urlTemplate\":\"https:\/\/szekacs.lutheran.hu\/iskola\/?s={search_term_string}\"},\"query-input\":{\"@type\":\"PropertyValueSpecification\",\"valueRequired\":true,\"valueName\":\"search_term_string\"}}],\"inLanguage\":\"hu\"}]}<\/script>\n<!-- \/ Yoast SEO plugin. -->","yoast_head_json":{"title":"21-04-22 F\u00f6ld napja - Sz\u00e9k\u00e1cs J\u00f3zsef Evang\u00e9likus \u00d3voda, \u00c1ltal\u00e1nos Iskola \u00e9s Gimn\u00e1zium","robots":{"index":"index","follow":"follow","max-snippet":"max-snippet:-1","max-image-preview":"max-image-preview:large","max-video-preview":"max-video-preview:-1"},"canonical":"https:\/\/szekacs.lutheran.hu\/iskola\/galeriak\/21-04-22-fold-napja\/","og_locale":"hu_HU","og_type":"article","og_title":"21-04-22 F\u00f6ld napja - Sz\u00e9k\u00e1cs J\u00f3zsef Evang\u00e9likus \u00d3voda, \u00c1ltal\u00e1nos Iskola \u00e9s Gimn\u00e1zium","og_url":"https:\/\/szekacs.lutheran.hu\/iskola\/galeriak\/21-04-22-fold-napja\/","og_site_name":"Sz\u00e9k\u00e1cs J\u00f3zsef Evang\u00e9likus \u00d3voda, \u00c1ltal\u00e1nos Iskola \u00e9s Gimn\u00e1zium","twitter_card":"summary_large_image","schema":{"@context":"https:\/\/schema.org","@graph":[{"@type":"WebPage","@id":"https:\/\/szekacs.lutheran.hu\/iskola\/galeriak\/21-04-22-fold-napja\/","url":"https:\/\/szekacs.lutheran.hu\/iskola\/galeriak\/21-04-22-fold-napja\/","name":"21-04-22 F\u00f6ld napja - Sz\u00e9k\u00e1cs J\u00f3zsef Evang\u00e9likus \u00d3voda, \u00c1ltal\u00e1nos Iskola \u00e9s Gimn\u00e1zium","isPartOf":{"@id":"https:\/\/szekacs.lutheran.hu\/iskola\/#website"},"datePublished":"2021-04-22T13:12:13+00:00","breadcrumb":{"@id":"https:\/\/szekacs.lutheran.hu\/iskola\/galeriak\/21-04-22-fold-napja\/#breadcrumb"},"inLanguage":"hu","potentialAction":[{"@type":"ReadAction","target":["https:\/\/szekacs.lutheran.hu\/iskola\/galeriak\/21-04-22-fold-napja\/"]}]},{"@type":"BreadcrumbList","@id":"https:\/\/szekacs.lutheran.hu\/iskola\/galeriak\/21-04-22-fold-napja\/#breadcrumb","itemListElement":[{"@type":"ListItem","position":1,"name":"Home","item":"https:\/\/szekacs.lutheran.hu\/iskola\/"},{"@type":"ListItem","position":2,"name":"21-04-22 F\u00f6ld napja"}]},{"@type":"WebSite","@id":"https:\/\/szekacs.lutheran.hu\/iskola\/#website","url":"https:\/\/szekacs.lutheran.hu\/iskola\/","name":"Sz\u00e9k\u00e1cs J\u00f3zsef Evang\u00e9likus \u00d3voda, \u00c1ltal\u00e1nos Iskola \u00e9s Gimn\u00e1zium","description":"","potentialAction":[{"@type":"SearchAction","target":{"@type":"EntryPoint","urlTemplate":"https:\/\/szekacs.lutheran.hu\/iskola\/?s={search_term_string}"},"query-input":{"@type":"PropertyValueSpecification","valueRequired":true,"valueName":"search_term_string"}}],"inLanguage":"hu"}]}},"gallery_data":{"id":23444,"gallery":[{"status":"active","src":"https:\/\/szekacs.lutheran.hu\/iskola\/wp-content\/uploads\/2021\/04\/IMG_9466-860x573.jpg","title":"IMG_9466","link":"https:\/\/szekacs.lutheran.hu\/iskola\/wp-content\/uploads\/2021\/04\/IMG_9466.jpg","alt":"","caption":"","thumb":"","tags":[],"id":23446,"height":573,"width":860},{"status":"active","src":"https:\/\/szekacs.lutheran.hu\/iskola\/wp-content\/uploads\/2021\/04\/IMG_9468-860x573.jpg","title":"IMG_9468","link":"https:\/\/szekacs.lutheran.hu\/iskola\/wp-content\/uploads\/2021\/04\/IMG_9468.jpg","alt":"","caption":"","thumb":"","tags":[],"id":23447,"height":573,"width":860},{"status":"active","src":"https:\/\/szekacs.lutheran.hu\/iskola\/wp-content\/uploads\/2021\/04\/IMG_9472-860x573.jpg","title":"IMG_9472","link":"https:\/\/szekacs.lutheran.hu\/iskola\/wp-content\/uploads\/2021\/04\/IMG_9472.jpg","alt":"","caption":"","thumb":"","tags":[],"id":23448,"height":573,"width":860},{"status":"active","src":"https:\/\/szekacs.lutheran.hu\/iskola\/wp-content\/uploads\/2021\/04\/IMG_9473-860x573.jpg","title":"IMG_9473","link":"https:\/\/szekacs.lutheran.hu\/iskola\/wp-content\/uploads\/2021\/04\/IMG_9473.jpg","alt":"","caption":"","thumb":"","tags":[],"id":23449,"height":573,"width":860},{"status":"active","src":"https:\/\/szekacs.lutheran.hu\/iskola\/wp-content\/uploads\/2021\/04\/IMG_9474-860x573.jpg","title":"IMG_9474","link":"https:\/\/szekacs.lutheran.hu\/iskola\/wp-content\/uploads\/2021\/04\/IMG_9474.jpg","alt":"","caption":"","thumb":"","tags":[],"id":23450,"height":573,"width":860},{"status":"active","src":"https:\/\/szekacs.lutheran.hu\/iskola\/wp-content\/uploads\/2021\/04\/IMG_9475-860x573.jpg","title":"IMG_9475","link":"https:\/\/szekacs.lutheran.hu\/iskola\/wp-content\/uploads\/2021\/04\/IMG_9475.jpg","alt":"","caption":"","thumb":"","tags":[],"id":23451,"height":573,"width":860},{"status":"active","src":"https:\/\/szekacs.lutheran.hu\/iskola\/wp-content\/uploads\/2021\/04\/IMG_9476-860x573.jpg","title":"IMG_9476","link":"https:\/\/szekacs.lutheran.hu\/iskola\/wp-content\/uploads\/2021\/04\/IMG_9476.jpg","alt":"","caption":"","thumb":"","tags":[],"id":23452,"height":573,"width":860},{"status":"active","src":"https:\/\/szekacs.lutheran.hu\/iskola\/wp-content\/uploads\/2021\/04\/IMG_9477-860x573.jpg","title":"IMG_9477","link":"https:\/\/szekacs.lutheran.hu\/iskola\/wp-content\/uploads\/2021\/04\/IMG_9477.jpg","alt":"","caption":"","thumb":"","tags":[],"id":23453,"height":573,"width":860},{"status":"active","src":"https:\/\/szekacs.lutheran.hu\/iskola\/wp-content\/uploads\/2021\/04\/IMG_9478-860x573.jpg","title":"IMG_9478","link":"https:\/\/szekacs.lutheran.hu\/iskola\/wp-content\/uploads\/2021\/04\/IMG_9478.jpg","alt":"","caption":"","thumb":"","tags":[],"id":23454,"height":573,"width":860},{"status":"active","src":"https:\/\/szekacs.lutheran.hu\/iskola\/wp-content\/uploads\/2021\/04\/IMG_9479-860x573.jpg","title":"IMG_9479","link":"https:\/\/szekacs.lutheran.hu\/iskola\/wp-content\/uploads\/2021\/04\/IMG_9479.jpg","alt":"","caption":"","thumb":"","tags":[],"id":23455,"height":573,"width":860},{"status":"active","src":"https:\/\/szekacs.lutheran.hu\/iskola\/wp-content\/uploads\/2021\/04\/IMG_9480-860x573.jpg","title":"IMG_9480","link":"https:\/\/szekacs.lutheran.hu\/iskola\/wp-content\/uploads\/2021\/04\/IMG_9480.jpg","alt":"","caption":"","thumb":"","tags":[],"id":23456,"height":573,"width":860},{"status":"active","src":"https:\/\/szekacs.lutheran.hu\/iskola\/wp-content\/uploads\/2021\/04\/IMG_9481-860x573.jpg","title":"IMG_9481","link":"https:\/\/szekacs.lutheran.hu\/iskola\/wp-content\/uploads\/2021\/04\/IMG_9481.jpg","alt":"","caption":"","thumb":"","tags":[],"id":23457,"height":573,"width":860},{"status":"active","src":"https:\/\/szekacs.lutheran.hu\/iskola\/wp-content\/uploads\/2021\/04\/IMG_9490-860x573.jpg","title":"IMG_9490","link":"https:\/\/szekacs.lutheran.hu\/iskola\/wp-content\/uploads\/2021\/04\/IMG_9490.jpg","alt":"","caption":"","thumb":"","tags":[],"id":23458,"height":573,"width":860},{"status":"active","src":"https:\/\/szekacs.lutheran.hu\/iskola\/wp-content\/uploads\/2021\/04\/IMG_9493-860x573.jpg","title":"IMG_9493","link":"https:\/\/szekacs.lutheran.hu\/iskola\/wp-content\/uploads\/2021\/04\/IMG_9493.jpg","alt":"","caption":"","thumb":"","tags":[],"id":23459,"height":573,"width":860},{"status":"active","src":"https:\/\/szekacs.lutheran.hu\/iskola\/wp-content\/uploads\/2021\/04\/IMG_9497-860x573.jpg","title":"IMG_9497","link":"https:\/\/szekacs.lutheran.hu\/iskola\/wp-content\/uploads\/2021\/04\/IMG_9497.jpg","alt":"","caption":"","thumb":"","tags":[],"id":23460,"height":573,"width":860},{"status":"active","src":"https:\/\/szekacs.lutheran.hu\/iskola\/wp-content\/uploads\/2021\/04\/IMG_9498-860x573.jpg","title":"IMG_9498","link":"https:\/\/szekacs.lutheran.hu\/iskola\/wp-content\/uploads\/2021\/04\/IMG_9498.jpg","alt":"","caption":"","thumb":"","tags":[],"id":23461,"height":573,"width":860},{"status":"active","src":"https:\/\/szekacs.lutheran.hu\/iskola\/wp-content\/uploads\/2021\/04\/IMG_9525-860x573.jpg","title":"IMG_9525","link":"https:\/\/szekacs.lutheran.hu\/iskola\/wp-content\/uploads\/2021\/04\/IMG_9525.jpg","alt":"","caption":"","thumb":"","tags":[],"id":23462,"height":573,"width":860},{"status":"active","src":"https:\/\/szekacs.lutheran.hu\/iskola\/wp-content\/uploads\/2021\/04\/IMG_9526-860x573.jpg","title":"IMG_9526","link":"https:\/\/szekacs.lutheran.hu\/iskola\/wp-content\/uploads\/2021\/04\/IMG_9526.jpg","alt":"","caption":"","thumb":"","tags":[],"id":23463,"height":573,"width":860},{"status":"active","src":"https:\/\/szekacs.lutheran.hu\/iskola\/wp-content\/uploads\/2021\/04\/IMG_9527-860x573.jpg","title":"IMG_9527","link":"https:\/\/szekacs.lutheran.hu\/iskola\/wp-content\/uploads\/2021\/04\/IMG_9527.jpg","alt":"","caption":"","thumb":"","tags":[],"id":23464,"height":573,"width":860},{"status":"active","src":"https:\/\/szekacs.lutheran.hu\/iskola\/wp-content\/uploads\/2021\/04\/IMG_9528-860x573.jpg","title":"IMG_9528","link":"https:\/\/szekacs.lutheran.hu\/iskola\/wp-content\/uploads\/2021\/04\/IMG_9528.jpg","alt":"","caption":"","thumb":"","tags":[],"id":23465,"height":573,"width":860},{"status":"active","src":"https:\/\/szekacs.lutheran.hu\/iskola\/wp-content\/uploads\/2021\/04\/IMG_9568-860x573.jpg","title":"IMG_9568","link":"https:\/\/szekacs.lutheran.hu\/iskola\/wp-content\/uploads\/2021\/04\/IMG_9568.jpg","alt":"","caption":"","thumb":"","tags":[],"id":23466,"height":573,"width":860},{"status":"active","src":"https:\/\/szekacs.lutheran.hu\/iskola\/wp-content\/uploads\/2021\/04\/IMG_9569-860x573.jpg","title":"IMG_9569","link":"https:\/\/szekacs.lutheran.hu\/iskola\/wp-content\/uploads\/2021\/04\/IMG_9569.jpg","alt":"","caption":"","thumb":"","tags":[],"id":23467,"height":573,"width":860},{"status":"active","src":"https:\/\/szekacs.lutheran.hu\/iskola\/wp-content\/uploads\/2021\/04\/IMG_9570-860x573.jpg","title":"IMG_9570","link":"https:\/\/szekacs.lutheran.hu\/iskola\/wp-content\/uploads\/2021\/04\/IMG_9570.jpg","alt":"","caption":"","thumb":"","tags":[],"id":23468,"height":573,"width":860},{"status":"active","src":"https:\/\/szekacs.lutheran.hu\/iskola\/wp-content\/uploads\/2021\/04\/IMG_9571-860x573.jpg","title":"IMG_9571","link":"https:\/\/szekacs.lutheran.hu\/iskola\/wp-content\/uploads\/2021\/04\/IMG_9571.jpg","alt":"","caption":"","thumb":"","tags":[],"id":23469,"height":573,"width":860},{"status":"active","src":"https:\/\/szekacs.lutheran.hu\/iskola\/wp-content\/uploads\/2021\/04\/IMG_9572-860x573.jpg","title":"IMG_9572","link":"https:\/\/szekacs.lutheran.hu\/iskola\/wp-content\/uploads\/2021\/04\/IMG_9572.jpg","alt":"","caption":"","thumb":"","tags":[],"id":23470,"height":573,"width":860},{"status":"active","src":"https:\/\/szekacs.lutheran.hu\/iskola\/wp-content\/uploads\/2021\/04\/IMG_9573-860x573.jpg","title":"IMG_9573","link":"https:\/\/szekacs.lutheran.hu\/iskola\/wp-content\/uploads\/2021\/04\/IMG_9573.jpg","alt":"","caption":"","thumb":"","tags":[],"id":23471,"height":573,"width":860},{"status":"active","src":"https:\/\/szekacs.lutheran.hu\/iskola\/wp-content\/uploads\/2021\/04\/IMG_9574-860x573.jpg","title":"IMG_9574","link":"https:\/\/szekacs.lutheran.hu\/iskola\/wp-content\/uploads\/2021\/04\/IMG_9574.jpg","alt":"","caption":"","thumb":"","tags":[],"id":23472,"height":573,"width":860},{"status":"active","src":"https:\/\/szekacs.lutheran.hu\/iskola\/wp-content\/uploads\/2021\/04\/IMG_9575-860x573.jpg","title":"IMG_9575","link":"https:\/\/szekacs.lutheran.hu\/iskola\/wp-content\/uploads\/2021\/04\/IMG_9575.jpg","alt":"","caption":"","thumb":"","tags":[],"id":23473,"height":573,"width":860},{"status":"active","src":"https:\/\/szekacs.lutheran.hu\/iskola\/wp-content\/uploads\/2021\/04\/IMG_9576-860x573.jpg","title":"IMG_9576","link":"https:\/\/szekacs.lutheran.hu\/iskola\/wp-content\/uploads\/2021\/04\/IMG_9576.jpg","alt":"","caption":"","thumb":"","tags":[],"id":23474,"height":573,"width":860}],"config":{"type":"default","columns":"0","gallery_theme":"base","justified_margins":1,"justified_last_row":"nojustify","lazy_loading":1,"lazy_loading_delay":500,"gutter":10,"margin":10,"image_size":"default","crop_width":640,"crop_height":480,"crop":0,"crop_position":"c","additional_copy_0":0,"additional_copy_title":0,"additional_copy_caption":0,"additional_copy_0_mobile":0,"additional_copy_title_mobile":0,"additional_copy_caption_mobile":0,"additional_copy_automatic_0":0,"additional_copy_automatic_title":1,"additional_copy_automatic_caption":1,"additional_copy_automatic_0_mobile":0,"additional_copy_automatic_title_mobile":1,"additional_copy_automatic_caption_mobile":1,"justified_row_height":150,"description_position":"above","description":"<p>21-04-22 F\u00f6ld napja<\/p>\n","random":"0","sort_order":"0","sorting_direction":"ASC","image_sizes_random":[],"isotope":1,"lightbox_enabled":1,"gallery_link_enabled":1,"lightbox_theme":"base_dark","lightbox_image_size":"default","title_display":"float","lightbox_title_caption":"title","arrows":1,"arrows_position":"inside","toolbar":1,"toolbar_title":0,"toolbar_position":"top","loop":1,"lightbox_open_close_effect":"fade","effect":"fade","supersize":0,"thumbnails_toggle":0,"thumbnails_hide":0,"image_counter":0,"thumbnails":1,"thumbnails_width":75,"thumbnails_height":50,"thumbnails_position":"bottom","thumbnails_custom_size":0,"mobile":1,"mobile_width":320,"mobile_height":240,"mobile_lightbox":1,"mobile_gallery_link_enabled":0,"mobile_arrows":1,"mobile_toolbar":1,"mobile_thumbnails":1,"mobile_touchwipe_close":0,"mobile_thumbnails_width":75,"mobile_thumbnails_height":50,"mobile_justified_row_height":80,"keyboard":true,"standalone_template":"","classes":["envira-default-gallery"],"rtl":0,"slug":"21-04-22-fold-napja","native_gallery_override":0,"pagination":0,"pagination_position":"above","pagination_images_per_page":0,"pagination_prev_next":"numbered_previous_next","pagination_prev_text":"","pagination_next_text":"","pagination_scroll":0,"pagination_ajax_load":0,"pagination_button_text":"","pagination_lightbox_display_all_images":0,"mobile_pagination_images_per_page":0,"mobile_pagination_prev_next":"numbered_previous_next","slideshow":0,"autoplay":0,"slideshow_hover":0,"ss_speed":0,"tags":0,"tags_filter":false,"tags_position":"above","tags_all_enabled":0,"tags_all":"","tags_sorting":"","tags_manual_sorting":false,"tags_display":"","tags_scroll":0,"tags_mobile":0,"tags_count":0,"watermarking":0,"watermarking_image_id":0,"watermarking_position":"top-left","watermarking_margin":0,"layout":"automatic","title":"21-04-22 F\u00f6ld napja"}},"_links":{"self":[{"href":"https:\/\/szekacs.lutheran.hu\/iskola\/wp-json\/wp\/v2\/envira-gallery\/23444","targetHints":{"allow":["GET"]}}],"collection":[{"href":"https:\/\/szekacs.lutheran.hu\/iskola\/wp-json\/wp\/v2\/envira-gallery"}],"about":[{"href":"https:\/\/szekacs.lutheran.hu\/iskola\/wp-json\/wp\/v2\/types\/envira"}],"author":[{"embeddable":true,"href":"https:\/\/szekacs.lutheran.hu\/iskola\/wp-json\/wp\/v2\/users\/1"}],"wp:attachment":[{"href":"https:\/\/szekacs.lutheran.hu\/iskola\/wp-json\/wp\/v2\/media?parent=23444"}],"curies":[{"name":"wp","href":"https:\/\/api.w.org\/{rel}","templated":true}]}}