{"version":"1.0","provider_name":"Sz\u00e9k\u00e1cs J\u00f3zsef Evang\u00e9likus \u00d3voda, \u00c1ltal\u00e1nos Iskola \u00e9s Gimn\u00e1zium","provider_url":"https:\/\/szekacs.lutheran.hu\/iskola","author_name":"admin","author_url":"https:\/\/szekacs.lutheran.hu\/iskola\/author\/admin\/","title":"Hat\u00e1rtalanul - Erd\u00e9ly - Sz\u00e9k\u00e1cs J\u00f3zsef Evang\u00e9likus \u00d3voda, \u00c1ltal\u00e1nos Iskola \u00e9s Gimn\u00e1zium","type":"rich","width":600,"height":338,"html":"<blockquote class=\"wp-embedded-content\" data-secret=\"vXkj9sXZ6B\"><a href=\"https:\/\/szekacs.lutheran.hu\/iskola\/hatartalanul-erdely\/\">Hat\u00e1rtalanul &#8211; Erd\u00e9ly<\/a><\/blockquote><iframe sandbox=\"allow-scripts\" security=\"restricted\" src=\"https:\/\/szekacs.lutheran.hu\/iskola\/hatartalanul-erdely\/embed\/#?secret=vXkj9sXZ6B\" width=\"600\" height=\"338\" title=\"&#8220;Hat\u00e1rtalanul &#8211; Erd\u00e9ly&#8221; &#8212; Sz\u00e9k\u00e1cs J\u00f3zsef Evang\u00e9likus \u00d3voda, \u00c1ltal\u00e1nos Iskola \u00e9s Gimn\u00e1zium\" data-secret=\"vXkj9sXZ6B\" frameborder=\"0\" marginwidth=\"0\" marginheight=\"0\" scrolling=\"no\" class=\"wp-embedded-content\"><\/iframe><script type=\"text\/javascript\">\n\/* <![CDATA[ *\/\n\/*! This file is auto-generated *\/\n!function(d,l){\"use strict\";l.querySelector&&d.addEventListener&&\"undefined\"!=typeof URL&&(d.wp=d.wp||{},d.wp.receiveEmbedMessage||(d.wp.receiveEmbedMessage=function(e){var t=e.data;if((t||t.secret||t.message||t.value)&&!\/[^a-zA-Z0-9]\/.test(t.secret)){for(var s,r,n,a=l.querySelectorAll('iframe[data-secret=\"'+t.secret+'\"]'),o=l.querySelectorAll('blockquote[data-secret=\"'+t.secret+'\"]'),c=new RegExp(\"^https?:$\",\"i\"),i=0;i<o.length;i++)o[i].style.display=\"none\";for(i=0;i<a.length;i++)s=a[i],e.source===s.contentWindow&&(s.removeAttribute(\"style\"),\"height\"===t.message?(1e3<(r=parseInt(t.value,10))?r=1e3:~~r<200&&(r=200),s.height=r):\"link\"===t.message&&(r=new URL(s.getAttribute(\"src\")),n=new URL(t.value),c.test(n.protocol))&&n.host===r.host&&l.activeElement===s&&(d.top.location.href=t.value))}},d.addEventListener(\"message\",d.wp.receiveEmbedMessage,!1),l.addEventListener(\"DOMContentLoaded\",function(){for(var e,t,s=l.querySelectorAll(\"iframe.wp-embedded-content\"),r=0;r<s.length;r++)(t=(e=s[r]).getAttribute(\"data-secret\"))||(t=Math.random().toString(36).substring(2,12),e.src+=\"#?secret=\"+t,e.setAttribute(\"data-secret\",t)),e.contentWindow.postMessage({message:\"ready\",secret:t},\"*\")},!1)))}(window,document);\n\/* ]]> *\/\n<\/script>\n","thumbnail_url":"https:\/\/szekacs.lutheran.hu\/iskola\/wp-content\/uploads\/2019\/12\/20190527_hatartalanul_kirandulas_099.jpg","thumbnail_width":800,"thumbnail_height":533,"description":"A Hat\u00e1rtalanul! p\u00e1ly\u00e1zat keret\u00e9ben az Orosh\u00e1zi Sz\u00e9k\u00e1cs J\u00f3zsef Evang\u00e9likus \u00d3voda, \u00c1ltal\u00e1nos Iskola \u00e9s Gimn\u00e1zium 53 tanul\u00f3ja vett r\u00e9szt m\u00e1jus v\u00e9g\u00e9n \u00f6tnapos erd\u00e9lyi kir\u00e1ndul\u00e1son. Az \u00fat sor\u00e1n t\u00f6rt\u00e9nelmi nagyjaink eml\u00e9khelyei el\u0151tt eml\u00e9kezt\u00fcnk, \u00e9s t\u00far\u00e1ztunk csod\u00e1latos term\u00e9szeti t\u00e1jakon."}